{"id":5510,"date":"2025-07-12T08:51:21","date_gmt":"2025-07-12T11:51:21","guid":{"rendered":"https:\/\/ebp.org.br\/sul\/?page_id=5510"},"modified":"2025-07-20T07:58:38","modified_gmt":"2025-07-20T10:58:38","slug":"6a-jornada-da-ebp-secao-sul-cade-o-gozo-o-que-diz-a-epoca-e-a-clinica-envio-de-trabalhos","status":"publish","type":"page","link":"https:\/\/ebp.org.br\/sul\/eventos\/jornadas\/6a-jornada-da-ebp-secao-sul-cade-o-gozo-o-que-diz-a-epoca-e-a-clinica\/6a-jornada-da-ebp-secao-sul-cade-o-gozo-o-que-diz-a-epoca-e-a-clinica-envio-de-trabalhos\/","title":{"rendered":"6\u00aa Jornada da EBP \u2013 Se\u00e7\u00e3o Sul &#8211; Cad\u00ea o gozo? O que diz a \u00e9poca e a cl\u00ednica &#8211; Envio de trabalhos"},"content":{"rendered":"<section class=\"wpb-content-wrapper\">[vc_row][vc_column][vc_single_image image=&#8221;5398&#8243;][\/vc_column][\/vc_row][vc_row][vc_column][vc_column_text]\n<p><strong>Orienta\u00e7\u00f5es para a escrita de trabalhos<\/strong><\/p>\n<p>Textos a serem enviados para aprecia\u00e7\u00e3o da Comiss\u00e3o Epist\u00eamica ser\u00e3o recebidos at\u00e9 21\/09\/25.<\/p>\n<p>Na VI Jornada da EBP-Se\u00e7\u00e3o Sul, que acontecer\u00e1 nos dias 24 e 25 de outubro de 2025, haver\u00e1 um espa\u00e7o para a apresenta\u00e7\u00e3o de trabalhos. Ser\u00e3o textos com fragmentos cl\u00ednicos, sustentados epistemicamente na Orienta\u00e7\u00e3o Lacaniana, que conversem com um dos eixos destacados abaixo.<\/p>\n<p>Eixos tem\u00e1ticos:<\/p>\n<ul>\n<li>O gozo e a \u00e9poca<\/li>\n<li>O gozo desde o in\u00edcio das an\u00e1lises<\/li>\n<li>Vicissitudes do gozo nas an\u00e1lises que duram<\/li>\n<\/ul>\n<p>Formata\u00e7\u00e3o dos textos:<\/p>\n<p>Os textos devem estar no formato de arquivo Word, escritos em fonte Times New Roman 12, com espa\u00e7amento de 1,5. Ser\u00e3o aceitos textos com no m\u00e1ximo 6000 caracteres, com espa\u00e7o, contando com as refer\u00eancias. Estas precisam estar como nota de rodap\u00e9.<\/p>\n<p>Antes do t\u00edtulo do texto, \u00e9 importante inserir o nome completo do autor, o eixo para o qual est\u00e1 endere\u00e7ado, o e-mail e o n\u00famero do WhatsApp. Se for um trabalho elaborado a partir de trabalho de cartel, fulgurante ou n\u00e3o, inserir esta informa\u00e7\u00e3o numa nota de rodap\u00e9.<\/p>\n<p>Informa\u00e7\u00f5es para o envio dos textos:<\/p>\n<ul>\n<li>Os interessados em encaminhar trabalho precisam estar inscritos na VI Jornada da EBP-Se\u00e7\u00e3o Sul.<\/li>\n<li>Os textos precisam ser enviados at\u00e9 dia 21\/09\/25, para o seguinte e-mail: jornadaebpsul@gmail.com<\/li>\n<li>No assunto do e-mail dever\u00e1 ser inserido: trabalho para a VI Jornada da EBP-Se\u00e7\u00e3o Sul.<\/li>\n<li>Os autores receber\u00e3o a confirma\u00e7\u00e3o do e-mail at\u00e9 dia 25\/09\/25.<\/li>\n<\/ul>\n<p><em><span style=\"font-size: 13px;\">Comiss\u00e3o Epist\u00eamica da VI Jornada da EBP-Se\u00e7\u00e3o Sul<\/span><\/em><\/p>\n[\/vc_column_text][\/vc_column][\/vc_row]\n<\/section>","protected":false},"excerpt":{"rendered":"<p>[vc_row][vc_column][vc_single_image image=&#8221;5398&#8243;][\/vc_column][\/vc_row][vc_row][vc_column][vc_column_text] Orienta\u00e7\u00f5es para a escrita de trabalhos Textos a serem enviados para aprecia\u00e7\u00e3o da Comiss\u00e3o Epist\u00eamica ser\u00e3o recebidos at\u00e9 21\/09\/25. Na VI Jornada da EBP-Se\u00e7\u00e3o Sul, que acontecer\u00e1 nos dias 24 e 25 de outubro de 2025, haver\u00e1 um espa\u00e7o para a apresenta\u00e7\u00e3o de trabalhos. Ser\u00e3o textos com fragmentos cl\u00ednicos, sustentados epistemicamente na Orienta\u00e7\u00e3o&hellip;<\/p>\n","protected":false},"author":1,"featured_media":0,"parent":5395,"menu_order":0,"comment_status":"closed","ping_status":"closed","template":"","meta":{"footnotes":""},"class_list":["post-5510","page","type-page","status-publish","hentry","entry","no-media"],"_links":{"self":[{"href":"https:\/\/ebp.org.br\/sul\/wp-json\/wp\/v2\/pages\/5510","targetHints":{"allow":["GET"]}}],"collection":[{"href":"https:\/\/ebp.org.br\/sul\/wp-json\/wp\/v2\/pages"}],"about":[{"href":"https:\/\/ebp.org.br\/sul\/wp-json\/wp\/v2\/types\/page"}],"author":[{"embeddable":true,"href":"https:\/\/ebp.org.br\/sul\/wp-json\/wp\/v2\/users\/1"}],"replies":[{"embeddable":true,"href":"https:\/\/ebp.org.br\/sul\/wp-json\/wp\/v2\/comments?post=5510"}],"version-history":[{"count":2,"href":"https:\/\/ebp.org.br\/sul\/wp-json\/wp\/v2\/pages\/5510\/revisions"}],"predecessor-version":[{"id":5536,"href":"https:\/\/ebp.org.br\/sul\/wp-json\/wp\/v2\/pages\/5510\/revisions\/5536"}],"up":[{"embeddable":true,"href":"https:\/\/ebp.org.br\/sul\/wp-json\/wp\/v2\/pages\/5395"}],"wp:attachment":[{"href":"https:\/\/ebp.org.br\/sul\/wp-json\/wp\/v2\/media?parent=5510"}],"curies":[{"name":"wp","href":"https:\/\/api.w.org\/{rel}","templated":true}]}}