{"id":3821,"date":"2022-10-28T17:22:29","date_gmt":"2022-10-28T20:22:29","guid":{"rendered":"https:\/\/ebp.org.br\/sul\/?page_id=3821"},"modified":"2023-09-26T15:00:15","modified_gmt":"2023-09-26T18:00:15","slug":"boletim-modos-de-usar-03","status":"publish","type":"page","link":"https:\/\/ebp.org.br\/sul\/biblioteca\/publicacoes\/boletim-modos-de-usar\/boletim-modos-de-usar-03\/","title":{"rendered":"Boletim Modos de Usar #03"},"content":{"rendered":"<section class=\"wpb-content-wrapper\">[vc_row][vc_column][vc_single_image image=&#8221;4308&#8243; alignment=&#8221;center&#8221;][vc_column_text]\n<h6 style=\"text-align: center;\">N. 03 &#8211; Novembro 2022<\/h6>\n[\/vc_column_text][\/vc_column][\/vc_row][vc_row][vc_column width=&#8221;1\/4&#8243;][vc_single_image image=&#8221;4404&#8243;][\/vc_column][vc_column width=&#8221;3\/4&#8243;][vc_column_text]\n<h3>EDITORIAL<\/h3>\n<h6>Por Teresa Pavone &#8211; Diretora de Biblioteca da EBP-Se\u00e7\u00e3o Sul<\/h6>\n<p>Apesar dos tempos que correm especialmente no Brasil, a EBP- Se\u00e7\u00e3o Sul continua atrav\u00e9s de seus membros e participantes fortalecendo suas bases na mais estrita rela\u00e7\u00e3o com a causa anal\u00edtica seguindo em seu trabalho fundado no desejo de saber, e participando dos avan\u00e7os de nossa orienta\u00e7\u00e3o lacaniana. Prova disso \u00e9 a amostra e os coment\u00e1rios de alguns dos trabalhos que seguem nesse boletim, das atividades do primeiro semestre&#8230;[\/vc_column_text][vc_btn title=&#8221;Leia+&#8221; size=&#8221;xs&#8221; link=&#8221;url:https%3A%2F%2Febp.org.br%2Fsul%2Feditorial-boletim-modos-de-usar-03%2F|title:EDITORIAL%20Boletim%20Modos%20de%20Usar%20%2301&#8243;][\/vc_column][\/vc_row][vc_row][vc_column][vc_separator][\/vc_column][\/vc_row][vc_row][vc_column width=&#8221;1\/4&#8243;][vc_single_image image=&#8221;4405&#8243;][\/vc_column][vc_column width=&#8221;3\/4&#8243;][vc_column_text]\n<h3>A nova geografia da EBP e suas consequ\u00eancias: \u00a0Se\u00e7\u00e3o Sul<\/h3>\n<h6>Por Louise Lhullier<\/h6>\n<p>No dia 14 de junho deste ano estive conversando com os colegas da Se\u00e7\u00e3o Leste-Oeste da EBP sobre a experi\u00eancia da nova geografia no \u00e2mbito da Se\u00e7\u00e3o Sul e algo do que j\u00e1 me havia sido poss\u00edvel extrair da\u00ed. O convite que me fizeram me levou a organizar uma s\u00e9rie de ideias sobre esse tema, que colocarei de maneira breve nesta nota para o nosso boletim. Espero que outras vozes possam se manifestar sobre o tema, neste espa\u00e7o&#8230;[\/vc_column_text][vc_btn title=&#8221;Leia+&#8221; size=&#8221;xs&#8221; link=&#8221;url:https%3A%2F%2Febp.org.br%2Fsul%2Fa-nova-geografia-da-ebp-e-suas-consequencias-secao-sul%2F|title:EDITORIAL%20Boletim%20Modos%20de%20Usar%20%2301&#8243;][\/vc_column][\/vc_row][vc_row][vc_column][vc_separator][\/vc_column][\/vc_row][vc_row][vc_column width=&#8221;1\/4&#8243;][vc_single_image image=&#8221;4412&#8243;][\/vc_column][vc_column width=&#8221;3\/4&#8243;][vc_column_text]\n<h3>S.O.L &#8211; H\u00e1 que distinguir ensino e ensinar<\/h3>\n<h6><em>Por\u00a0<\/em>Nohem\u00ed Brown (presidente), Fl\u00e1via C\u00eara (secret\u00e1ria), Cleudes Slongo, Leonardo Scofield, Marcia Stival O. e Maria Teresa Wendhausen.<\/h6>\n<p>Relan\u00e7amos o Semin\u00e1rio de Orienta\u00e7\u00e3o Lacaniana. SOL, como carinhosamente o colocamos. \u00c9 um significante da EBP, que visa manter discuss\u00f5es sobre pontos atuais no Campo Freudiano. O vivo das discuss\u00f5es, a partir do que de certa forma nos toca em cada lugar. O Conselho deliberativo da Se\u00e7\u00e3o Sul tem como uma de suas responsabilidades este semin\u00e1rio. Se pretendemos algo com o SOL \u00e9 que tenha o valor de um feixe de luz. &#8230;[\/vc_column_text][vc_btn title=&#8221;Leia+&#8221; size=&#8221;xs&#8221; link=&#8221;url:https%3A%2F%2Febp.org.br%2Fsul%2Fs-o-l-ha-que-distinguir-ensino-e-ensinar%2F|title:EDITORIAL%20Boletim%20Modos%20de%20Usar%20%2301&#8243;][\/vc_column][\/vc_row][vc_row][vc_column][vc_separator][\/vc_column][\/vc_row][vc_row][vc_column width=&#8221;1\/4&#8243;][vc_single_image image=&#8221;4413&#8243;][\/vc_column][vc_column width=&#8221;3\/4&#8243;][vc_column_text]\n<h3>Atividades da Diretoria de Cart\u00e9is e Interc\u00e2mbio. 1\u00ba semestre 2022<\/h3>\n<p>O objetivo de pesquisa que esta Diretoria se deu ao assumir est\u00e1 centrado na fun\u00e7\u00e3o do Mais-Um. Inicialmente, tratou-se de aprofundar nessa fun\u00e7\u00e3o no trabalho do dispositivo Cartel. Com o decorrer do trabalho foi se recolocando a quest\u00e3o em termos da rela\u00e7\u00e3o da fun\u00e7\u00e3o Mais-Um com a Escola.[\/vc_column_text][vc_btn title=&#8221;Leia+&#8221; size=&#8221;xs&#8221; link=&#8221;url:https%3A%2F%2Febp.org.br%2Fsul%2Fatividades-da-diretoria-de-carteis-e-intercambio-1o-semestre-2022%2F|title:EDITORIAL%20Boletim%20Modos%20de%20Usar%20%2301&#8243;][\/vc_column][\/vc_row][vc_row][vc_column][vc_separator][\/vc_column][\/vc_row][vc_row][vc_column width=&#8221;1\/4&#8243;][vc_single_image image=&#8221;4408&#8243;][\/vc_column][vc_column width=&#8221;3\/4&#8243;][vc_column_text]\n<h3>O analista e a autoriza\u00e7\u00e3o do feminino<\/h3>\n<h6><em>Por\u00a0<\/em>Nancy Greca de Oliveira Carneiro<br \/>\nMembro da EBP \/ AMP Se\u00e7\u00e3o Sul<\/h6>\n<p>Na Atividade da Noite da Biblioteca da Se\u00e7\u00e3o Sul, realizada no dia 20 de abril deste ano, recebemos Graciela Bessa, Membro da EBP \/ AMP MG e atual Diretora de Biblioteca da EBP, para conversarmos em torno de \u201cO analista e a posi\u00e7\u00e3o feminina\u201d. Graciela Bessa tem um extenso e minucioso trabalho sobre o feminino em Lacan, sob a \u00f3tica da l\u00f3gica e, em particula&#8230;[\/vc_column_text][vc_btn title=&#8221;Leia+&#8221; size=&#8221;xs&#8221; link=&#8221;url:https%3A%2F%2Febp.org.br%2Fsul%2Fo-analista-e-a-autorizacao-do-feminino%2F|title:EDITORIAL%20Boletim%20Modos%20de%20Usar%20%2301&#8243;][\/vc_column][\/vc_row][vc_row][vc_column][vc_separator][\/vc_column][\/vc_row][vc_row][vc_column width=&#8221;1\/4&#8243;][vc_single_image image=&#8221;4409&#8243;][\/vc_column][vc_column width=&#8221;3\/4&#8243;][vc_column_text]\n<h3>O passe e a autofic\u00e7\u00e3o<\/h3>\n<h6><em>Por Gustavo Ramos da Silva<\/em><\/h6>\n<p>J\u00e9sus Santiago (AME EBP\/AMP) participou, no dia 22 de junho, da Noite de Biblioteca da Se\u00e7\u00e3o Sul da Escola Brasileira de Psican\u00e1lise. Na ocasi\u00e3o denominou sua fala de \u201cA escrita real no passe n\u00e3o \u00e9 autofic\u00e7\u00e3o\u201d e nela faz um longo percurso em torno do passe e da leitura feita por Jacques-Alain Miller no seu \u00faltimo livro\u00a0<em>Comment finissent les analyses<\/em>.[\/vc_column_text][vc_btn title=&#8221;Leia+&#8221; size=&#8221;xs&#8221; link=&#8221;url:https%3A%2F%2Febp.org.br%2Fsul%2Fo-passe-e-a-autoficcao%2F|title:EDITORIAL%20Boletim%20Modos%20de%20Usar%20%2301&#8243;][\/vc_column][\/vc_row][vc_row][vc_column][vc_separator][\/vc_column][\/vc_row][vc_row][vc_column][vc_column_text]<strong>Marinela Goulart<\/strong>\u00a0\u00e9 uma artista pl\u00e1stica catarinense, residente em Florian\u00f3polis. Ela \u00e9 escultora e pintora, \u00a0tem um grande n\u00famero de obras retratando o corpo humano e perfis de mulheres, em muitas exposi\u00e7\u00f5es sens\u00edveis que retratam o feminino o vazio e o amor. Assim como as exposi\u00e7\u00f5es batizadas de \u201c<em>Corpo Temporaneidade\u201d\u00a0<\/em>e\u00a0<em>\u201cTranspareSeres\u201d.<\/em><br \/>\n\u201cS\u00e3o corpos borrados, moldados e transformados. No plano individual e real, tais representa\u00e7\u00f5es se d\u00e3o atrav\u00e9s do vidro fundindo-se ao ferro, imprimindo fragilidade, transpar\u00eancias, brilhos, nuances e reflexos. O vidro atua como uma pele que atravessa o corpo e exp\u00f5e o sens\u00edvel. A escultura sofre a alta temperatura do forno e se transforma como homem na passagem da vida, afirma Marinela.\u201d sobre a exposi\u00e7\u00e3o\u00a0<em>CorpoTemporaneidade.<\/em><br \/>\nMariela realiza esculturas em m\u00e1rmore, ferro, a\u00e7o inox e alum\u00ednio de grande porte; al\u00e9m de pinturas, e da cria\u00e7\u00e3o de objetos escult\u00f3ricos em arame de alum\u00ednio e outros materiais.[\/vc_column_text][\/vc_column][\/vc_row][vc_row][vc_column][vc_separator][\/vc_column][\/vc_row][vc_row css=&#8221;.vc_custom_1629889707604{background-color: #777777 !important;}&#8221;][vc_column][vc_single_image image=&#8221;4307&#8243; alignment=&#8221;center&#8221;][vc_column_text]\n<h6 style=\"text-align: center;\"><em><strong>Modos de Usar<\/strong><\/em><strong>\u00a0&#8211;\u00a0<\/strong><strong>Boletim Eletr\u00f4nico da EBP Se\u00e7\u00e3o Sul<\/strong><br \/>\n<strong><br \/>\n<\/strong><strong>Comiss\u00e3o de Edi\u00e7\u00e3o<\/strong>: Equipe da Biblioteca da EBP-Se\u00e7\u00e3o Sul, de refer\u00eancias bibliogr\u00e1ficas<br \/>\ne do Boletim: <strong>Licene Garcia, Gustavo Ramos e Teresa Pavone<\/strong>.<br \/>\n<strong><br \/>\nDesign e Editora\u00e7\u00e3o<\/strong>: Bruno Senna.<\/h6>\n[\/vc_column_text][\/vc_column][\/vc_row]\n<\/section>","protected":false},"excerpt":{"rendered":"<p>[vc_row][vc_column][vc_single_image image=&#8221;4308&#8243; alignment=&#8221;center&#8221;][vc_column_text] N. 03 &#8211; Novembro 2022 [\/vc_column_text][\/vc_column][\/vc_row][vc_row][vc_column width=&#8221;1\/4&#8243;][vc_single_image image=&#8221;4404&#8243;][\/vc_column][vc_column width=&#8221;3\/4&#8243;][vc_column_text] EDITORIAL Por Teresa Pavone &#8211; Diretora de Biblioteca da EBP-Se\u00e7\u00e3o Sul Apesar dos tempos que correm especialmente no Brasil, a EBP- Se\u00e7\u00e3o Sul continua atrav\u00e9s de seus membros e participantes fortalecendo suas bases na mais estrita rela\u00e7\u00e3o com a causa anal\u00edtica seguindo em&hellip;<\/p>\n","protected":false},"author":1,"featured_media":0,"parent":3243,"menu_order":0,"comment_status":"closed","ping_status":"closed","template":"","meta":{"footnotes":""},"class_list":["post-3821","page","type-page","status-publish","hentry","entry","no-media"],"_links":{"self":[{"href":"https:\/\/ebp.org.br\/sul\/wp-json\/wp\/v2\/pages\/3821","targetHints":{"allow":["GET"]}}],"collection":[{"href":"https:\/\/ebp.org.br\/sul\/wp-json\/wp\/v2\/pages"}],"about":[{"href":"https:\/\/ebp.org.br\/sul\/wp-json\/wp\/v2\/types\/page"}],"author":[{"embeddable":true,"href":"https:\/\/ebp.org.br\/sul\/wp-json\/wp\/v2\/users\/1"}],"replies":[{"embeddable":true,"href":"https:\/\/ebp.org.br\/sul\/wp-json\/wp\/v2\/comments?post=3821"}],"version-history":[{"count":2,"href":"https:\/\/ebp.org.br\/sul\/wp-json\/wp\/v2\/pages\/3821\/revisions"}],"predecessor-version":[{"id":4576,"href":"https:\/\/ebp.org.br\/sul\/wp-json\/wp\/v2\/pages\/3821\/revisions\/4576"}],"up":[{"embeddable":true,"href":"https:\/\/ebp.org.br\/sul\/wp-json\/wp\/v2\/pages\/3243"}],"wp:attachment":[{"href":"https:\/\/ebp.org.br\/sul\/wp-json\/wp\/v2\/media?parent=3821"}],"curies":[{"name":"wp","href":"https:\/\/api.w.org\/{rel}","templated":true}]}}