{"id":2701,"date":"2020-07-22T11:13:54","date_gmt":"2020-07-22T14:13:54","guid":{"rendered":"http:\/\/ebp.org.br\/sc\/?page_id=2701"},"modified":"2020-07-22T11:13:54","modified_gmt":"2020-07-22T14:13:54","slug":"modos-de-usar-i-jornada-da-ebp-secao-sul","status":"publish","type":"page","link":"https:\/\/ebp.org.br\/sul\/eventos\/jornadas\/1a-jornada-da-secao-sul-o-feminino-e-os-litorais-do-indizivel\/modos-de-usar-i-jornada-da-ebp-secao-sul\/","title":{"rendered":"Modos de Usar &#8211; I Jornada da EBP &#8211; Se\u00e7\u00e3o Sul"},"content":{"rendered":"<h3><span style=\"color: #993300;\">I Jornada da Se\u00e7\u00e3o SUL \u201cO feminino e os litorais do indiz\u00edvel\u201d<\/span><\/h3>\n<p><strong>MODOS DE USAR<\/strong><\/p>\n<p>Ser\u00e1 a I Jornada que inaugura uma s\u00e9rie, mas n\u00e3o toda fora de s\u00e9rie, posto que seguir\u00e1 do m\u00faltiplo do trabalho de Orienta\u00e7\u00e3o Lacaniana em nossos estados, separados por uma fronteira mas n\u00e3o sem a presen\u00e7a de um litoral tomada em um desejo, um desejo que advem sob a forma de desejo antes de advir sob a forma de sujeito de direito.<\/p>\n<p>A Jornada ser\u00e1 reduzida mas paradoxalmente estendida a quem a ela endere\u00e7ar seus textos e contribui\u00e7\u00f5es, nos Modos de Usar.<\/p>\n<p>Modos de usar \u00e9 o nome que surge enquanto pens\u00e1vamos nas formas de dar corpo ao nosso tema e \u00e0 nossa Jornada, in\u00e9dita tanto em sua forma on-line, quanto na nova geografia da EBP.<\/p>\n<p>Ser\u00e1 um espa\u00e7o aberto em que as letras, imagens, textos e tra\u00e7os ressoem em uma composi\u00e7\u00e3o polif\u00f4nica. \u00c9 um modo de usarmos a internet, um modo de usarmos a Jornada, e um modo de estarmos juntos. Aqui voc\u00eas poder\u00e3o enviar imagens, poemas, pequenos escritos que fa\u00e7am ressoar o tema de nossa Jornada.<\/p>\n<p>E tamb\u00e9m na forma de textos, receberemos contribui\u00e7\u00f5es orientadas pelos eixos de trabalho e pelas refer\u00eancias bibliogr\u00e1ficas j\u00e1 dispon\u00edveis no site da Se\u00e7\u00e3o Sul: <a href=\"https:\/\/jornadasecaosul.wordpress.com\/\">https:\/\/jornadasecaosul.wordpress.com\/<\/a>.<br \/>\nPedimos que no assunto do e-mail conste: Nome e sobrenome do autor + Eixo e sejam endere\u00e7ados aos seguintes e-mails: jornadasecaosul@gmail.com e ebpsul@gmail.com<\/p>\n<p>E ainda mais \u2026 num outro modo de usar essas contribui\u00e7\u00f5es, elas estar\u00e3o presentes em uma Atividade Preparat\u00f3ria em que estas contribui\u00e7\u00f5es poder\u00e3o ser apresentadas para uma Conversa\u00e7\u00e3o em nossa comunidade.<\/p>\n<p>A aposta \u00e9 que esse corpo m\u00faltiplo d\u00ea vida para a Jornada, paradoxalmente, reduzida e estendida.<\/p>\n","protected":false},"excerpt":{"rendered":"<p>I Jornada da Se\u00e7\u00e3o SUL \u201cO feminino e os litorais do indiz\u00edvel\u201d MODOS DE USAR Ser\u00e1 a I Jornada que inaugura uma s\u00e9rie, mas n\u00e3o toda fora de s\u00e9rie, posto que seguir\u00e1 do m\u00faltiplo do trabalho de Orienta\u00e7\u00e3o Lacaniana em nossos estados, separados por uma fronteira mas n\u00e3o sem a presen\u00e7a de um litoral tomada&hellip;<\/p>\n","protected":false},"author":1,"featured_media":0,"parent":2690,"menu_order":0,"comment_status":"closed","ping_status":"closed","template":"","meta":{"footnotes":""},"class_list":["post-2701","page","type-page","status-publish","hentry","entry","no-media"],"_links":{"self":[{"href":"https:\/\/ebp.org.br\/sul\/wp-json\/wp\/v2\/pages\/2701","targetHints":{"allow":["GET"]}}],"collection":[{"href":"https:\/\/ebp.org.br\/sul\/wp-json\/wp\/v2\/pages"}],"about":[{"href":"https:\/\/ebp.org.br\/sul\/wp-json\/wp\/v2\/types\/page"}],"author":[{"embeddable":true,"href":"https:\/\/ebp.org.br\/sul\/wp-json\/wp\/v2\/users\/1"}],"replies":[{"embeddable":true,"href":"https:\/\/ebp.org.br\/sul\/wp-json\/wp\/v2\/comments?post=2701"}],"version-history":[{"count":0,"href":"https:\/\/ebp.org.br\/sul\/wp-json\/wp\/v2\/pages\/2701\/revisions"}],"up":[{"embeddable":true,"href":"https:\/\/ebp.org.br\/sul\/wp-json\/wp\/v2\/pages\/2690"}],"wp:attachment":[{"href":"https:\/\/ebp.org.br\/sul\/wp-json\/wp\/v2\/media?parent=2701"}],"curies":[{"name":"wp","href":"https:\/\/api.w.org\/{rel}","templated":true}]}}