{"id":6991,"date":"2023-04-19T16:42:40","date_gmt":"2023-04-19T19:42:40","guid":{"rendered":"https:\/\/ebp.org.br\/sp\/?page_id=6991"},"modified":"2024-04-18T11:30:09","modified_gmt":"2024-04-18T14:30:09","slug":"diretoria-bienio-2023-2025","status":"publish","type":"page","link":"https:\/\/ebp.org.br\/sp\/sobre\/diretoria-bienio-2023-2025\/","title":{"rendered":"Diretoria bi\u00eanio 2023-2025"},"content":{"rendered":"<section class=\"wpb-content-wrapper\">[vc_row][vc_column][vc_column_text]\n<h3><em><span style=\"color: #993300;\"><strong>Proposta de trabalho da Diretoria da EBP-SP \u2013 Bi\u00eanio 2023-2025<\/strong><\/span><\/em><\/h3>\n<p>Nossa proposi\u00e7\u00e3o epist\u00eamica e cl\u00ednica para o bi\u00eanio 2023-2025 versar\u00e1 sobre o <strong><em>Estatuto do objeto a na cl\u00ednica hoje<\/em><\/strong>. O objeto <em>a<\/em> \u00e9 um resto, \u201co que sobra da incid\u00eancia da linguagem e da cultura sobre as dimens\u00f5es da satisfa\u00e7\u00e3o, da natureza e dos corpos\u201d<a href=\"#_edn1\" name=\"_ednref1\">[i]<\/a>. \u00c9 \u201co que resta de irredut\u00edvel na opera\u00e7\u00e3o total do advento do sujeito no lugar do Outro, e \u00e9 a partir da\u00ed que ele assume sua fun\u00e7\u00e3o (&#8230;). \u00c9 a sobra da opera\u00e7\u00e3o subjetiva\u201d<a href=\"#_edn2\" name=\"_ednref2\">[ii]<\/a>, diz-nos Lacan no Semin\u00e1rio 10.<\/p>\n<p>Miller nos diz que objeto <em>a <\/em>\u201c\u00e9 esse peda\u00e7o (&#8230;) uma parte de si mesmo que \u00e9 presa na m\u00e1quina (formal), ficando para sempre irrecuper\u00e1vel\u201d<a href=\"#_edn3\" name=\"_ednref3\">[iii]<\/a>. Freud o chamou de \u201cobjeto perdido\u201d, \u201cobjeto da puls\u00e3o\u201d e \u201cobjeto real da libido\u201d; Melanie Klein abordou o tema pela via do \u201cseio mau\u201d e \u201cseio bom\u201d; Winnicott o chamou de \u201cobjeto transicional\u201d. \u201cOperar a partir e com esse objeto na cl\u00ednica oferecem ao analista uma orienta\u00e7\u00e3o, cuja aus\u00eancia, sobretudo antes de Lacan, fez com que a psican\u00e1lise muitas vezes se visse confundida com outros procedimentos psicoterap\u00eauticos ou mesmo com iniciativas meramente pedag\u00f3gicas de interven\u00e7\u00e3o sobre o mal-estar na cultura\u201d<a href=\"#_edn4\" name=\"_ednref4\">[iv]<\/a>.<\/p>\n<p>Optamos pela escolha de um tema de trabalho que foi apontado pelo pr\u00f3prio Lacan, na aula de 9 de abril de 1974 do Semin\u00e1rio 21: <em>Les non-dupes errent<\/em>, como sua inven\u00e7\u00e3o<a href=\"#_edn5\" name=\"_ednref5\"><em><strong>[v]<\/strong><\/em><\/a> mais original.<\/p>\n<p>Nesta li\u00e7\u00e3o, Lacan nos mostra como o objeto <em>a<\/em> perpassa os diferentes momentos do seu ensino, como no Grafo do desejo e no matema do Fantasma fundamental, no Esquema L, na maquinaria discursiva, nas F\u00f3rmulas qu\u00e2nticas da sexua\u00e7\u00e3o e, posteriormente, na Cl\u00ednica borromeana: \u201co objeto <em>a, <\/em>\u00e9 l\u00e1 que isso se enoda\u201d<a href=\"#_edn6\" name=\"_ednref6\">[vi]<\/a>, diz-nos Lacan. No esteio dos objetos freudianos, Lacan acrescenta a voz, o olhar e o nada. Ainda na referida li\u00e7\u00e3o do Semin\u00e1rio 21, Lacan diz: \u201cH\u00e1 no objeto <em>a<\/em> uma face que \u00e9 t\u00e3o real quanto resulte poss\u00edvel, s\u00f3 pelo fato de que se escreve. Vejam o que estou tentando fazer: tento situar o escrito (&#8230;) como essa borda do real, situ\u00e1-lo sobre essa borda\u201d<a href=\"#_edn7\" name=\"_ednref7\">[vii]<\/a>.<\/p>\n<p>Revisitar a episteme e os usos da inven\u00e7\u00e3o lacaniana do objeto <em>a<\/em> visa, em nossa concep\u00e7\u00e3o, levar \u00e0s \u00faltimas consequ\u00eancias o que o ensino de Lacan subsidia para o exerc\u00edcio da psican\u00e1lise em nossos dias, tanto no que diz respeito \u00e0 cl\u00ednica propriamente dita quanto ao que concerne \u00e0 forma\u00e7\u00e3o e ao desejo do psicanalista. \u201cPois n\u00e3o h\u00e1 nada mais no mundo al\u00e9m de um objeto <em>a<\/em> (&#8230;). Para fazer semblante dele \u00e9 preciso talento\u201d<a href=\"#_edn8\" name=\"_ednref8\">[viii]<\/a>, conta-nos Lacan, em \u201cA terceira\u201d.<\/p>\n<p>O tema de trabalho \u201cTodo mundo \u00e9 louco\u201d, proposto pela Associa\u00e7\u00e3o Mundial de Psican\u00e1lise para o Congresso Mundial de 2024, nos coloca diante de nossa pr\u00e1tica e nos convoca \u00e0 pergunta sobre o que fazemos com o ensino de Lacan. Qual o lugar do objeto se tomamos como paradigma a cl\u00ednica borromeana e a refer\u00eancia \u201cTodo mundo \u00e9 louco\u201d? A ang\u00fastia, que como Lacan nos mostrou, n\u00e3o \u00e9 sem o objeto, afeta os seres falantes nas diferentes estruturas cl\u00ednicas e \u00e9 cada vez mais incidente na civiliza\u00e7\u00e3o; como nos orientarmos por esse indicador cl\u00ednico fundamental em nossos tempos? Como incide a \u201cl\u00f3gica encarnada dos objetos <em>a<\/em>\u201d<a href=\"#_edn9\" name=\"_ednref9\">[ix]<\/a> nos chamados sintomas contempor\u00e2neos, sendo a toxicomania, os amores fluidos e as quest\u00f5es trans exemplos paradigm\u00e1ticos? Como podemos ler os modos compulsivos de aquisi\u00e7\u00e3o e ac\u00famulo dos objetos na cultura do <em>streaming<\/em>, marcada pelo imperativo do tudo ver, tudo ler, tudo ouvir, tudo consumir?\u00a0 Quais as implica\u00e7\u00f5es das mudan\u00e7as evidenciadas no objeto <em>agalma<\/em> &#8211; suposi\u00e7\u00e3o de saber dirigida ao analista e ao inconsciente? E a fun\u00e7\u00e3o de objeto-causa, como fazemos uso dela nos diferentes momentos de uma an\u00e1lise? E os objetos da sublima\u00e7\u00e3o em nossa cultura, \u201caqueles que podem vir no lugar do objeto perdido\u201d<a href=\"#_edn10\" name=\"_ednref10\">[x]<\/a>? Estas s\u00e3o algumas perguntas com as quais nossa diretoria tem se ocupado e que pretendemos dar consequ\u00eancias ao longo desse bi\u00eanio.<\/p>\n<p>Nossa programa\u00e7\u00e3o n\u00e3o se centrar\u00e1 em um \u00fanico Semin\u00e1rio de Lacan. Ela ser\u00e1 desenvolvida percorrendo diversos momentos de seu ensino, onde escolheremos textos de refer\u00eancia que sirvam de estofo para as discuss\u00f5es em nossas reuni\u00f5es das quartas-feiras. A programa\u00e7\u00e3o alternar\u00e1 discuss\u00f5es que ora privilegiar\u00e3o a cl\u00ednica, ora a episteme e em outros momentos a pol\u00edtica lacaniana do sintoma em suas conex\u00f5es com a civiliza\u00e7\u00e3o e os demais discursos.<\/p>\n<p>Ampliaremos o convite ao maior n\u00famero poss\u00edvel dos membros da nossa Escola, o que certamente aponta para uma aposta na pluralidade da enuncia\u00e7\u00e3o e na singularidade do estilo de cada um em nosso meio. Para tanto, enfatizamos o que Jacques-Alain Miller recentemente exp\u00f4s na \u201cConversa\u00e7\u00e3o entre Buenos Aires e Paris em torno de Lacan Hispano\u201d a respeito do trabalho em nossa comunidade: \u201cLonge de se contentar em repetir as teorias e f\u00f3rmulas de Lacan, (devemos encontrar) uma inspira\u00e7\u00e3o para coloc\u00e1-las a trabalho\u201d<a href=\"#_edn11\" name=\"_ednref11\">[xi]<\/a>. E recomenda: \u201cN\u00e3o ousemos avaliar pelos crit\u00e9rios de nossa \u00e9poca o que Lacan formulou nos anos 1950\u201d<a href=\"#_edn12\" name=\"_ednref12\">[xii]<\/a>. Tomemos isso como uma orienta\u00e7\u00e3o! Isso certamente nos convoca a reavivar, rejuvenescer discursivamente e fazer avan\u00e7ar o Ensino de Lacan para manter em nossa \u00e9poca a corajosa via de enfrentar o real, sem depor as armas, pois disto depende a maneira como faremos existir a psican\u00e1lise no mundo. Dito isto, convidaremos nossa comunidade para uma enuncia\u00e7\u00e3o que inclua o \u201choje\u201d da cl\u00ednica na teoria, revigorando-a.<\/p>\n<p>Para subsidiar as discuss\u00f5es e atividades envolvendo a continuidade l\u00f3gica da entre a cl\u00ednica estruturalista e a cl\u00ednica borromeana, realizaremos a aquisi\u00e7\u00e3o de materiais que ajudar\u00e3o na cria\u00e7\u00e3o de uma <strong>Oficina<\/strong> <strong>de topologia<\/strong>, a ser lan\u00e7ado no <em>Bloomsday<\/em> deste ano, no dia 16\/06. Com isso, pretendemos realizar, periodicamente, discuss\u00f5es e reuni\u00f5es em torno do tema, bem como fornecer um espa\u00e7o para que os encontros de carteis possam acontecer nas depend\u00eancias da Se\u00e7\u00e3o S\u00e3o Paulo.<\/p>\n<p>As <strong>XII Jornadas<\/strong> ser\u00e3o dedicadas ao tema do \u201cR.I.S.o\u201d e acontecer\u00e3o nos dias 27 e 28 de outubro deste ano. A Coordena\u00e7\u00e3o Geral fica a cargo de Gustavo Menezes, a coordena\u00e7\u00e3o da Comiss\u00e3o de Orienta\u00e7\u00e3o sob a responsabilidade de R\u00f4mulo Ferreira da Silva e o nosso convidado internacional ser\u00e1 Gustavo Stiglitz. O lan\u00e7amento das Jornadas, ocasi\u00e3o na qual apresentaremos o argumento, eixos tem\u00e1ticos e as demais informa\u00e7\u00f5es, ocorrer\u00e1 no dia 19 de abril.<\/p>\n<p>Agradecemos \u00e0queles que se dispuserem a seguir conosco neste plano de estudo e trabalho, bem como as equipes de trabalho que integram nossas diretorias. Trata-se, verdadeiramente, de um trabalho feito por muitos.<\/p>\n<p>Em nome da diretoria que se inicia, convido voc\u00eas a estarem presentes conosco aqui na sede da Se\u00e7\u00e3o S\u00e3o Paulo, e a cederem a voz, tomando a palavra.<\/p>\n<p style=\"text-align: right;\">Niraldo de Oliveira Santos<br \/>\nDiretor Geral da EBP-SP 2023-2025<\/p>\n<hr \/>\n<h6><a href=\"#_ednref1\" name=\"_edn1\">[i]<\/a> S\u00e9rgio LAIA. \u201cQuatro registros do objeto <em>a<\/em>: um roteiro de trabalho\u201d. <em>Correio<\/em> \u2013 Revista da Escola Brasileira de Psican\u00e1lise, n\u00ba 58, s\/d, p. 23.<\/h6>\n<h6><a href=\"#_ednref2\" name=\"_edn2\">[ii]<\/a> Jacques LACAN. J. <em>O semin\u00e1rio, livro 10: a ang\u00fastia<\/em>. Rio de Janeiro: Jorge Zahar Ed., 2005, p. 179.<\/h6>\n<h6><a href=\"#_ednref3\" name=\"_edn3\">[iii]<\/a> Jacques-Alain MILLER. \u201cAMP 2008 \u2013 Os objetos <em>a<\/em> na experi\u00eancia psicanal\u00edtica\u201d. <em>Op\u00e7\u00e3o Lacaniana<\/em>, n\u00ba 46, outubro de 2006, p. 31.<\/h6>\n<h6><a href=\"#_ednref4\" name=\"_edn4\">[iv]<\/a> <em>Ibid<\/em>., p. 25.<\/h6>\n<h6><a href=\"#_ednref5\" name=\"_edn5\">[v]<\/a> J. LACAN. <em>Les non-dupes errent<\/em>. Li\u00e7\u00e3o de 09 de abril de 1974 (in\u00e9dito).<\/h6>\n<h6><a href=\"#_ednref6\" name=\"_edn6\">[vi]<\/a> <em>Ibid.<\/em><\/h6>\n<h6><a href=\"#_ednref7\" name=\"_edn7\">[vii]<\/a> <em>Ibid.<\/em><\/h6>\n<h6><a href=\"#_ednref8\" name=\"_edn8\">[viii]<\/a> J. LACAN. <em>A terceira<\/em>. Rio de Janeiro: Jorge Zahar Ed., 2022, p. 49.<\/h6>\n<h6><a href=\"#_ednref9\" name=\"_edn9\">[ix]<\/a> J.-A. MILLER. \u201cAMP 2008 \u2013 Os objetos a na experi\u00eancia psicanal\u00edtica\u201d. Op. cit., p. 32.<\/h6>\n<h6><a href=\"#_ednref10\" name=\"_edn10\">[x]<\/a> <em>Ibid<\/em>., p. 34.<\/h6>\n<p><a href=\"#_ednref11\" name=\"_edn11\">[xi]<\/a> Miller, J-A. <em>Conversa\u00e7\u00e3o entre Buenos Aires e Paris em torno de Lacan Hispano. <\/em>In: Revista Op\u00e7\u00e3o Lacaniana, n. 85, p. 29.<\/p>\n<p><a href=\"#_ednref12\" name=\"_edn12\">[xii]<\/a> Idem, p. 35.[\/vc_column_text][\/vc_column][\/vc_row][vc_row][vc_column][vc_separator color=&#8221;juicy_pink&#8221; border_width=&#8221;2&#8243;][\/vc_column][\/vc_row][vc_row][vc_column][vc_column_text]\n<h3><em><span style=\"color: #993300;\"><strong>Proposta de trabalho da Diretoria de Cart\u00e9is e Interc\u00e2mbio (Bi\u00eanio 2023-2025)<\/strong><\/span><\/em><\/h3>\n<p>\u00c9 com grande satisfa\u00e7\u00e3o e alegria que apresentamos as atividades pensadas pela Diretoria de cart\u00e9is e interc\u00e2mbio da EBP-SP!<\/p>\n<p>Tais atividades se dar\u00e3o por meio do trabalho em cartel, o que se mostrou ser fundamental para o bom andamento dos trabalhos e incentivo aos cart\u00e9is nas diretorias anteriores da EBP-SP, notadamente a \u00faltima.<\/p>\n<p>Depois de termos enfrentado os anos pand\u00eamicos, agora \u00e9 hora de voltarmos ao corpo presente. O trabalho de cart\u00e9is bem soube fazer com a quest\u00e3o do <em>online<\/em> e pudemos assistir um aumento significativo destes trabalhos nestes \u00faltimos anos. Com isso, al\u00e9m do \u2018corpo presente\u2019, nos serviremos do \u2018corpo virtual\u2019 para a continuidade das atividades que iremos propor a partir de agora.<\/p>\n<p>Lacan enfatiza o cartel como o \u00f3rg\u00e3o de base da Escola e podemos dizer que, enquanto analistas-praticantes, contando com a transfer\u00eancia de trabalho, somos cartelizantes, sempre, no percurso da forma\u00e7\u00e3o anal\u00edtica na Escola de Lacan.<\/p>\n<p>O cartel \u00e9 um la\u00e7o especial de trabalho que se apresenta de maneira l\u00f3gica e pr\u00f3pria, reproduzindo, como uma c\u00e9lula m\u00ednima, o trabalho coletivo na Escola, como um \u201cgn\u00f4mon\u201d, para nos servir de uma refer\u00eancia proposta por Lu\u00eds Francisco da EBP-Sul, numa das atividades de cart\u00e9is da EBP-SP em 2022. H\u00e1 sempre o destaque deste dispositivo como \u201cporta de entrada\u201d para a Escola mas, como sabemos, ele tamb\u00e9m funciona em nossos trabalhos cotidianos e \u00e9 um dispositivo de verifica\u00e7\u00e3o\/nomea\u00e7\u00e3o do Analista de Escola, ao final de uma experi\u00eancia anal\u00edtica. Talvez possamos tomar esta \u201cporta de entrada\u201d como uma certa ironia, pois o cartel est\u00e1 presente do in\u00edcio ao fim do trabalho na Escola. Por\u00e9m, longe de uma perspectiva desenvolvimentista, digamos, este dispositivo de trabalho alimenta o <em>saber <\/em>da Escola e tamb\u00e9m seu <em>fazer <\/em>e, paradoxalmente, \u00e9 o lugar para o questionamento cont\u00ednuo, tomando como princ\u00edpio a pergunta que subjaz no cora\u00e7\u00e3o de nossa institui\u00e7\u00e3o acerca do que \u00e9 um analista. Assim, \u201cNenhum progresso \u00e9 esperado sen\u00e3o o de uma exposi\u00e7\u00e3o peri\u00f3dica, a c\u00e9u aberto, dos resultados assim como das crises de trabalho\u201d, como nos diz Lacan em \u201cD\u00b4\u00c9colage\u201d<a href=\"#_ftn1\" name=\"_ftnref1\">[1]<\/a>.<\/p>\n<p>Diversas atividades propostas continuar\u00e3o na boa dire\u00e7\u00e3o j\u00e1 empreendida anteriormente, onde teremos o \u201cFazer cartel\u201d, que congrega o \u201cProcura-se cartel\u201d e \u201cManh\u00e3 de cart\u00e9is\u201d da gest\u00e3o anterior, onde os participantes da Comiss\u00e3o ser\u00e3o convidados a apresentar um trabalho, seu \u201cgr\u00e3o de sal\u201d, atrav\u00e9s de uma quest\u00e3o norteadora sobre sua participa\u00e7\u00e3o no \u00e2mbito deste trabalho, al\u00e9m do incentivo a forma\u00e7\u00e3o de novos cart\u00e9is. Tamb\u00e9m continuaremos com o acompanhamento dos cart\u00e9is declarados, o aux\u00edlio \u00e0queles que se aproximam deste dispositivo e da Escola, al\u00e9m de outras atividades tem\u00e1ticas espec\u00edficas dos cart\u00e9is. Teremos, ainda, como sempre fizemos, os cart\u00e9is dirigidos para as Jornadas da Se\u00e7\u00e3o SP, para os eventos do Campo freudiano, e, por fim, o momento privilegiado para recolher os produtos dos cartelizantes em nossa Jornada de cart\u00e9is que voltar\u00e1 a ocorrer no primeiro semestre de 2024, em Abril, logo ap\u00f3s o Congresso da AMP, distinguindo-se das Jornadas da Se\u00e7\u00e3o e de outras atividades do Campo Freudiano que costumam ocorrer no final do ano. A quest\u00e3o do interc\u00e2mbio tamb\u00e9m ter\u00e1 seu lugar, seja em parceria com a Diretoria de Biblioteca ou mesmo como momento espec\u00edfico desta diretoria.<\/p>\n<p>Para a composi\u00e7\u00e3o da Comiss\u00e3o, consideramos algumas regi\u00f5es do Estado de S\u00e3o Paulo, onde pretendemos incentivar as atividades voltadas aos cart\u00e9is, fortalecendo os la\u00e7os transferenciais com a EBP-SP. Neste sentido, os participantes desta Comiss\u00e3o promover\u00e3o atividades em suas cidades, o \u201cFazer cartel\u201d, e poder\u00e3o expor suas quest\u00f5es sobre o trabalho com cart\u00e9is na Escola, com quest\u00f5es te\u00f3ricas, pol\u00edticas e cl\u00ednicas. Al\u00e9m disso, poder\u00e3o promover o la\u00e7o entre as cidades, acolhendo e esclarecendo os interessados quanto \u00e0 forma\u00e7\u00e3o de cart\u00e9is e outras atividades fora da capital.<\/p>\n<p>Al\u00e9m destas quest\u00f5es mais gerais sobre a pol\u00edtica do trabalho com cart\u00e9is nesta diretoria, detalho as atividades apresentadas, visando velar o funcionamento dos cart\u00e9is no \u00e2mbito da EBP-SP:<\/p>\n<ul>\n<li><u>Fazer cartel:<\/u> ser\u00e1 realizado semestralmente com o intuito de reunir interessados em formar cart\u00e9is, sendo uma atividade essencial tamb\u00e9m para se ter um contato mais direto com quem se aproxima da Escola, tendo como perspectiva o \u201cdentro e o fora\u201d, a fun\u00e7\u00e3o dobradi\u00e7a do cartel e teremos os participantes da Comiss\u00e3o apresentando suas quest\u00f5es ao p\u00fablico ao mesmo tempo em que facilitaremos o \u201cfazer cartel\u201d junto ao p\u00fablico participante;<\/li>\n<li><u>Atualiza\u00e7\u00e3o do cat\u00e1logo e acompanhamento estat\u00edstico<\/u>: continuaremos com o trabalho de recenseamento dos cart\u00e9is declarados \u00e0 EBP-SP, sendo os cart\u00e9is declarados enviados diretamente para \u00e0 Diretoria de cart\u00e9is da EBP, por\u00e9m, quando um cartel \u00e9 dissolvido, a fun\u00e7\u00e3o \u00e9 da diretoria da se\u00e7\u00e3o, que avisar\u00e1 ao respons\u00e1vel do cat\u00e1logo. Al\u00e9m desse acompanhamento, faremos regularmente um balan\u00e7o do n\u00famero de cart\u00e9is inscritos, seus temas, bem como o n\u00famero de membros participantes. Tal trabalho visa subsidiar o quanto a comunidade da Escola tem se dedicado aos cart\u00e9is ao longo do tempo;<\/li>\n<li><u>Acompanhamento dos cart\u00e9is em andamento nas cidades<\/u>: os membros da Comiss\u00e3o auxiliar\u00e3o no acompanhamento dos diversos cart\u00e9is formados, al\u00e9m de servirem como interlocutores para aqueles que desejam se aproximar dos trabalhos da Se\u00e7\u00e3o e, ainda, promover\u00e3o atividades como o \u201cFazer cartel\u201d em suas respectivas cidades;<\/li>\n<li><u>Atividades sobre o tema do cartel nas Noites da Se\u00e7\u00e3o<\/u>: pretendemos incentivar as atividades pontuais para discutir com a comunidade da Se\u00e7\u00e3o SP as quest\u00f5es relativas ao cartel (a pol\u00edtica, o cartel, a garantia, o passe, a fun\u00e7\u00e3o do mais-um, etc), numa das quartas feiras j\u00e1 consagradas ao trabalho da EBP-SP, como a noite de cart\u00e9is, prevista para ocorrer em 20\/09\/2023;<\/li>\n<li><u>Cart\u00e9is \u201cfulgurantes<\/u>\u201d: tamb\u00e9m pretendemos sustentar esta atividade, como estrat\u00e9gia direcionada a algum evento, como as Jornadas da EBP-SP que se anunciam. Esta atividade consiste na escolha de um texto relacionado a um tema escolhido que, ap\u00f3s uma breve apresenta\u00e7\u00e3o sobre o que \u00e9 o cartel e sobre o tema, s\u00e3o formados cart\u00e9is \u201crel\u00e2mpagos\u201d, que se dissolvem no mesmo dia, a fim de trabalhar o texto e fomentar trabalhos;<\/li>\n<li><u>Atividades de interc\u00e2mbios:<\/u> A Comiss\u00e3o ser\u00e1 instigada tamb\u00e9m a proceder uma investiga\u00e7\u00e3o em torno do tema interc\u00e2mbios, bem como propor e realizar<\/li>\n<li><u>Jornada de Cart\u00e9is da EBP-SP em 2024:<\/u> Ainda sob os efeitos da Jornada Nacional de Cart\u00e9is da EBP, ocorrida em mar\u00e7o de 2023, com expressivo n\u00famero de trabalhos, pretendemos dar destaque a este espa\u00e7o, que \u00e9 o ponto alto do trabalho com cart\u00e9is na Se\u00e7\u00e3o, o \u201cc\u00e9u aberto\u201d, onde recolhemos o produto pr\u00f3prio dos cartelizantes e pretendemos realiz\u00e1-la em Abril de 2024, num momento mais prop\u00edcio ao testemunho dos trabalhos realizados durante o ano da gest\u00e3o que se inicia;<\/li>\n<li><u>Jornada da EBP-SP:<\/u> Como j\u00e1 \u00e9 usual, o trabalho da Diretoria de cart\u00e9is \u00e9 fundamental na organiza\u00e7\u00e3o e execu\u00e7\u00e3o das Jornadas da Se\u00e7\u00e3o e esta diretoria, com o apoio da Comiss\u00e3o, pretende viabilizar a montagem de cart\u00e9is em torno do tema de nossas Jornadas em 2023, uma vez que tais jornadas s\u00e3o o ponto alto das transfer\u00eancias de trabalho ao redor da Se\u00e7\u00e3o, enla\u00e7ando tamb\u00e9m a comunidade mais ampla que orbita ao redor dela;<\/li>\n<li><u>Outros eventos do Campo Freudiano:<\/u> Tamb\u00e9m estaremos envolvidos no est\u00edmulo e apoio para os trabalhos com cart\u00e9is nas demais atividades do Campo freudiano, pois o cartel \u00e9 um importante instrumento de fortalecimento da transfer\u00eancia de trabalho da comunidade de analistas e n\u00e3o analistas na Escola;<\/li>\n<li><u>Publica\u00e7\u00f5es:<\/u> Como dito anteriormente, consideramos a publica\u00e7\u00e3o em torno do trabalho em cart\u00e9is, assim como o que \u00e9 produzido a partir de interc\u00e2mbios, como fun\u00e7\u00e3o prof\u00edcua da diretoria, uma vez que a fun\u00e7\u00e3o do escrito contribui para o bra\u00e7o epist\u00eamico da forma\u00e7\u00e3o do Com a proposta de publicar o produto dos cartelizantes ligados \u00e0 Se\u00e7\u00e3o SP, destacamos o espa\u00e7o da Carta de S\u00e3o Paulo, a cargo da Diretoria da EBP-SP, al\u00e9m dos boletins das Jornadas da Se\u00e7\u00e3o. Com isso queremos destacar, ainda mais, a import\u00e2ncia que vem tendo as produ\u00e7\u00f5es escritas dos cart\u00e9is, o que anima e convoca esta Comiss\u00e3o a se ocupar tamb\u00e9m deste importante testemunho, que dura e pode <em>escrever <\/em>sobre os diversos pontos produzidos numa experi\u00eancia singular de trabalho. Ao trabalho!<\/li>\n<\/ul>\n<hr \/>\n<p><strong>Eduardo Cesar Benedicto<\/strong> &#8211; Diretor de Cart\u00e9is e Interc\u00e2mbio EBP-SP 2023-2025<\/p>\n<p>Comiss\u00e3o de Cart\u00e9is e Interc\u00e2mbio EBP-SP 2023-25:<\/p>\n<ul>\n<li>Ana Paula Borges<\/li>\n<li>Cassia Gon\u00e7alves Gindro<\/li>\n<li>D\u00e9bora Garcia<\/li>\n<li>Eduardo Camargo Bueno<\/li>\n<li>Emmanuel Nunes de Mello<\/li>\n<li>F\u00e1bio Luis Saad<\/li>\n<li>Fl\u00e1via dos Santos Corpas<\/li>\n<li>Gabriela Pontes Rodrigues<\/li>\n<li>Jana\u00edna de Paula Costa Ver\u00edssimo<\/li>\n<li>Maria de Lourdes Mattos<\/li>\n<li>Patr\u00edcia Ferranti Bichara<\/li>\n<li>Vagner Augusto Takahashi Arakawa<\/li>\n<\/ul>\n<p>E-mail para contato:\u00a0<a href=\"mailto:cartelebpsp@gmail.com\">cartelebpsp@gmail.com<\/a><\/p>\n<hr \/>\n<h6><a href=\"#_ftnref1\" name=\"_ftn1\">[1]<\/a> Jacques Lacan. \u00ab\u00a0D&#8217;\u00e9colage\u00a0\u00bb. In: <em>Manual de carteis<\/em>. Belo Horizonte: EBP-MG, Livraria e Editora Scriptum, 2010, p.13. Tradu\u00e7\u00e3o Alessandra Thomaz Rocha, revis\u00e3o Yolanda Villela.<\/h6>\n[\/vc_column_text][\/vc_column][\/vc_row][vc_row][vc_column][vc_separator color=&#8221;juicy_pink&#8221; border_width=&#8221;2&#8243;][\/vc_column][\/vc_row][vc_row][vc_column][vc_column_text]\n<h3><em><span style=\"color: #993300;\"><strong>Proposta de trabalho da Diretoria de Biblioteca (Bi\u00eanio 2023-2025)<\/strong><\/span><\/em><\/h3>\n<p>Na ocasi\u00e3o da abertura do primeiro Ateli\u00ea Lacan na R\u00fassia (2010), Jacques-Alain Miller inicia sua fala dizendo: \u201cUma biblioteca \u00e9 um templo do significante. Ali, o significante existe de uma forma material, vis\u00edvel [&#8230;]. Uma biblioteca n\u00e3o \u00e9 a mesma coisa que um armaz\u00e9m de livros. Em uma biblioteca um espa\u00e7o \u00e9 liberado para que nossos corpos venham, ainda vivos, nossos corpos falantes, que \u00e9 outro modo do significante do que o significante escrito\u201d<a href=\"#_ftn1\" name=\"_ftnref1\">[1]<\/a>.<\/p>\n<p>Em meados de 2019, a Diretoria Geral do bi\u00eanio 2019-2021 alugou um novo espa\u00e7o para a sede da Se\u00e7\u00e3o SP, contando com um ambiente integrado e acolhedor para sua biblioteca. Contudo, devido \u00e0 eclos\u00e3o da pandemia, esse espa\u00e7o foi muito pouco ou quase nada frequentado. Hoje, o momento \u00e9 favor\u00e1vel para a retomada dos encontros presenciais, bem como para a apropria\u00e7\u00e3o e circula\u00e7\u00e3o desse espa\u00e7o, moradia de nosso acervo de livros, revistas e conte\u00fados digitais. Por ser um lugar de consulta, leituras, estudos e reuni\u00f5es, a biblioteca se constitui como um lugar oportuno para a realiza\u00e7\u00e3o das pesquisas de cada um, sobretudo quando o interesse maior repousa sobre a descoberta freudiana, o ensino de Lacan e a Orienta\u00e7\u00e3o lacaniana.<\/p>\n<p>Em sua apresenta\u00e7\u00e3o da Federa\u00e7\u00e3o Internacional das Bibliotecas de Orienta\u00e7\u00e3o lacaniana &#8211; FIBOL -, Judith Miller sublinha que uma biblioteca, \u201cassim como uma Escola, n\u00e3o abre suas portas somente para especialistas: ela acolhe tanto os analistas quanto os n\u00e3o analistas\u201d<a href=\"#_ftn2\" name=\"_ftnref2\">[2]<\/a>. Aproveito, portanto, a ocasi\u00e3o, para anunciar formalmente que as portas da Biblioteca da Se\u00e7\u00e3o SP est\u00e3o abertas para todos aqueles se sentem tocados pela descoberta freudiana, analistas e n\u00e3o analistas. E com o prop\u00f3sito de facilitar e auxiliar a consulta de nosso acervo, estabeleceu-se junto ao Bibliotec\u00e1rio Felipe Salles Silva um hor\u00e1rio de atendimento para essa consulta local: ter\u00e7as-feiras das 13h \u00e0s 17h.<\/p>\n<p>Seguindo a orienta\u00e7\u00e3o pol\u00edtica da FIBOL, a Biblioteca da Se\u00e7\u00e3o SP tem o dever de assegurar e preservar a atualiza\u00e7\u00e3o do estudo da psican\u00e1lise por meio da \u201ccircula\u00e7\u00e3o das publica\u00e7\u00f5es internacionais do Campo freudiano e da AMP\u201d<a href=\"#_ftn3\" name=\"_ftnref3\">[3]<\/a>. Pretende-se, desse modo, que a atualiza\u00e7\u00e3o constante de nosso acervo siga o curso j\u00e1 existente tanto do interc\u00e2mbio entre as bibliotecas da EBP, quanto da aquisi\u00e7\u00e3o de novos t\u00edtulos, preferencialmente, das publica\u00e7\u00f5es recentes do Campo freudiano e das novas tradu\u00e7\u00f5es da obra de Freud, sem, no entanto, que a Biblioteca se torne um ac\u00famulo inf\u00e9rtil de literatura anal\u00edtica.<\/p>\n<p>No que concerne a agenda da Diretoria de Biblioteca, daremos continuidade ao trabalho que j\u00e1 vem sendo empreendido pelas gest\u00f5es anteriores, mantendo suas duas principais atividades. S\u00e3o elas:<\/p>\n<p><strong>&#8211; Noite da Biblioteca<\/strong>, atividade que tem o compromisso de manter a transmiss\u00e3o da psican\u00e1lise seja por meio de um debate ou conversa\u00e7\u00e3o em torno do lan\u00e7amento de um livro de autores do Campo freudiano, seja pela \u201cinterlocu\u00e7\u00e3o com disciplinas conexas\u201d<a href=\"#_ftn4\" name=\"_ftnref4\">[4]<\/a>, tais como literatura, arte, cinema, teatro. Neste primeiro ano de 2023, a Noite da Biblioteca acontecer\u00e1 na quarta-feira, 30\/08\/2023, com tema ainda a ser definido juntamente com a Comiss\u00e3o da Diretoria de Biblioteca e com a Diretoria Geral.<\/p>\n<p>&#8211; <strong>Leituras da Biblioteca<\/strong> que ter\u00e1 in\u00edcio no m\u00eas de junho de 2023, sexta-feira, ainda com data de in\u00edcio e hor\u00e1rio a serem definidos. A frequ\u00eancia ser\u00e1 mensal e o n\u00famero de encontros ainda est\u00e1 em aberto. A fim de manter o estudo e uma investiga\u00e7\u00e3o em paralelo com o tema de trabalho epist\u00eamico da Diretoria Geral da Se\u00e7\u00e3o SP, \u201cO estatuto do objeto <em>a<\/em> na cl\u00ednica hoje\u201d, a comiss\u00e3o da Diretoria de Biblioteca optou pela escolha do texto freudiano \u201cUma introdu\u00e7\u00e3o ao narcisismo\u201d. Trata-se, por um lado, de localizar a no\u00e7\u00e3o de objeto em Freud a partir de seu desenvolvimento sobre a libido do corpo deslocada para o objeto e, por outro lado, de extrair suas consequ\u00eancias para a atualidade da pr\u00e1tica psicanal\u00edtica.<\/p>\n<p>Como uma biblioteca \u00e9 tamb\u00e9m um lugar de conserva\u00e7\u00e3o, daremos in\u00edcio \u00e0 documenta\u00e7\u00e3o e ao arquivamento de relat\u00f3rios e outros documentos das diretorias precedentes; tamb\u00e9m daremos um destino para as grava\u00e7\u00f5es das atividades online. A finalidade \u00e9 que esses registros n\u00e3o se tornem arquivos mortos, mas, pelo contr\u00e1rio, adquiram um valor hist\u00f3rico e se tornem um patrim\u00f4nio da Escola.<\/p>\n<p>A edi\u00e7\u00e3o da Revista Carta de S\u00e3o Paulo ficar\u00e1 sob minha responsabilidade e ter\u00e1 a participa\u00e7\u00e3o das colegas Cristiana Gallo, Eliana Machado Figueiredo e Val\u00e9ria Ferranti como integrantes do Conselho Editorial e Angelina Harari como consultora.<\/p>\n<hr \/>\n<p><strong>Camila Popadiuk<\/strong> &#8211; Diretora de Biblioteca EBP-SP 2023-2025<\/p>\n<p>Comiss\u00e3o de Biblioteca EBP-SP 2023-2025:<\/p>\n<ul>\n<li>Camila Col\u00e1s<\/li>\n<li>Cynthia Gindro<\/li>\n<li>Eduardo Vallejos<\/li>\n<li>Eliana Machado Figueiredo<\/li>\n<li>Elida Biasoli<\/li>\n<li>Felipe Bier<\/li>\n<li>Felipe Salles Silva (Bibliotec\u00e1rio)<\/li>\n<li>Jovita Carneiro de Lima<\/li>\n<li>Maria Veridiana Paes de Barros<\/li>\n<li>Paula C. V. Caio de Carvalho<\/li>\n<li>Siglia Le\u00e3o<\/li>\n<li>Silvana Sbravati<\/li>\n<\/ul>\n<p>Email para contato:\u00a0<a href=\"mailto:ebpsaopaulo@gmail.com\">ebpsaopaulo@gmail.com<\/a><\/p>\n<hr \/>\n<h6><a href=\"#_ftnref1\" name=\"_ftn1\">[1]<\/a> \u00ab\u00a0L\u00b4exp\u00e9rience d\u00b4une analyse\u00a0\u00bb. Dispon\u00edvel em\u00a0: <a href=\"https:\/\/www.youtube.com\/watch?v=JB9V3KT0Xhs\">L&#8217;exp\u00e9rience d&#8217;une analyse. Jacques-Alain Miller. 30-09-2010. &#8211; YouTube<\/a><\/h6>\n<h6><a href=\"#_ftnref2\" name=\"_ftn2\">[2]<\/a> <a href=\"https:\/\/www.wapol.org\/pt\/campo_freudiano\/Template.asp?Archivo=Federation-internationale-des-Bibliotheques.html\">Asociaci\u00f3n Mundial de Psicoan\u00e1lisis (wapol.org)<\/a><\/h6>\n<h6><a href=\"#_ftnref3\" name=\"_ftn3\">[3]<\/a> <em>Ibid.<\/em><\/h6>\n<h6><a href=\"#_ftnref4\" name=\"_ftn4\">[4]<\/a> <em>Ibid.<\/em><\/h6>\n[\/vc_column_text][\/vc_column][\/vc_row]\n<\/section>","protected":false},"excerpt":{"rendered":"<p>[vc_row][vc_column][vc_column_text] Proposta de trabalho da Diretoria da EBP-SP \u2013 Bi\u00eanio 2023-2025 Nossa proposi\u00e7\u00e3o epist\u00eamica e cl\u00ednica para o bi\u00eanio 2023-2025 versar\u00e1 sobre o Estatuto do objeto a na cl\u00ednica hoje. O objeto a \u00e9 um resto, \u201co que sobra da incid\u00eancia da linguagem e da cultura sobre as dimens\u00f5es da satisfa\u00e7\u00e3o, da natureza e dos&hellip;<\/p>\n","protected":false},"author":1,"featured_media":0,"parent":1178,"menu_order":0,"comment_status":"closed","ping_status":"closed","template":"","meta":{"footnotes":""},"class_list":["post-6991","page","type-page","status-publish","hentry","entry","no-media"],"aioseo_notices":[],"_links":{"self":[{"href":"https:\/\/ebp.org.br\/sp\/wp-json\/wp\/v2\/pages\/6991","targetHints":{"allow":["GET"]}}],"collection":[{"href":"https:\/\/ebp.org.br\/sp\/wp-json\/wp\/v2\/pages"}],"about":[{"href":"https:\/\/ebp.org.br\/sp\/wp-json\/wp\/v2\/types\/page"}],"author":[{"embeddable":true,"href":"https:\/\/ebp.org.br\/sp\/wp-json\/wp\/v2\/users\/1"}],"replies":[{"embeddable":true,"href":"https:\/\/ebp.org.br\/sp\/wp-json\/wp\/v2\/comments?post=6991"}],"version-history":[{"count":2,"href":"https:\/\/ebp.org.br\/sp\/wp-json\/wp\/v2\/pages\/6991\/revisions"}],"predecessor-version":[{"id":9474,"href":"https:\/\/ebp.org.br\/sp\/wp-json\/wp\/v2\/pages\/6991\/revisions\/9474"}],"up":[{"embeddable":true,"href":"https:\/\/ebp.org.br\/sp\/wp-json\/wp\/v2\/pages\/1178"}],"wp:attachment":[{"href":"https:\/\/ebp.org.br\/sp\/wp-json\/wp\/v2\/media?parent=6991"}],"curies":[{"name":"wp","href":"https:\/\/api.w.org\/{rel}","templated":true}]}}