{"id":5678,"date":"2021-06-28T18:59:59","date_gmt":"2021-06-28T21:59:59","guid":{"rendered":"https:\/\/ebp.org.br\/sp\/?page_id=5678"},"modified":"2021-06-28T18:59:59","modified_gmt":"2021-06-28T21:59:59","slug":"bibliografia-x-jornadas","status":"publish","type":"page","link":"https:\/\/ebp.org.br\/sp\/jornadas\/x-jornadas-psicanalise-em-ato\/bibliografia-x-jornadas\/","title":{"rendered":"Bibliografia &#8211; X Jornadas"},"content":{"rendered":"<section class=\"wpb-content-wrapper\">[vc_row][vc_column][vc_single_image image=&#8221;5670&#8243; img_size=&#8221;full&#8221; alignment=&#8221;center&#8221; onclick=&#8221;custom_link&#8221; link=&#8221;https:\/\/ebp.org.br\/sp\/jornadas\/x-jornadas-psicanalise-em-ato\/argumento-x-jornadas\/&#8221;][\/vc_column][\/vc_row][vc_row][vc_column][eikra-vc-text-title style=&#8221;style2&#8243; title=&#8221;Bibliografia&#8221;][\/eikra-vc-text-title][vc_column_text]\n<figure id=\"attachment_5688\" aria-describedby=\"caption-attachment-5688\" style=\"width: 300px\" class=\"wp-caption alignnone\"><img loading=\"lazy\" decoding=\"async\" class=\"size-medium wp-image-5688\" src=\"https:\/\/ebp.org.br\/sp\/wp-content\/uploads\/2021\/06\/imagem_x_jornada_bibliografia-300x300.png\" alt=\"Imagem: Instagram @dustyatticrarebooks\" width=\"300\" height=\"300\" \/><figcaption id=\"caption-attachment-5688\" class=\"wp-caption-text\">Imagem: Instagram @dustyatticrarebooks<\/figcaption><\/figure>\n<h3><span style=\"color: #993300;\"><strong>Eixo 1 &#8211; Declina\u00e7\u00f5es cl\u00ednicas do ato<\/strong><\/span><\/h3>\n<p>Brodsky, G. \u201c<em>Short Story: os princ\u00edpios do ato anal\u00edtico\u201d<\/em>. Rio de Janeiro: Contracapa, 2004. Cap\u00edtulos 1 e 2.<\/p>\n<p>Lacan, J. \u201cDa rede dos significantes\u201d. In: <em>O Semin\u00e1rio, livro 11: os quatro conceitos fundamentais da psican\u00e1lise<\/em>. Rio de Janeiro: Zahar, 1985, p.45-54.<\/p>\n<p>Lacan, J. (1968-1969). \u201cParadoxos do ato psicanal\u00edtico\u201d. In: <em>O Semin\u00e1rio, livro 16: de um Outro ao outro<\/em>. Rio de Janeiro: Jorge Zahar Ed., 2008, p. 329-342.<\/p>\n<p>Lacan, J. (2005 [1962-1963]). \u201cPassagem ao ato e <em>acting out<\/em>\u201d. In: O Semin\u00e1rio, livro 10: a ang\u00fastia. Rio de Janeiro: Zahar, p.128-145.<\/p>\n<p>Lacan, J. (1958\/1998). \u201cA dire\u00e7\u00e3o do tratamento e os princ\u00edpios de seu poder\u201d. In: <em>Escritos<\/em>. Rio de Janeiro: Zahar.<\/p>\n<p>Laurent, \u00c9. <em>Vers\u00f5es da cl\u00ednica psicanal\u00edtica<\/em>. Rio de Janeiro: Jorge Zahar Ed., 1995.<\/p>\n<p>Laurent, \u00c9. (2007). \u201cPrinc\u00edpios diretores do ato psicanal\u00edtico\u201d. In: A sociedade do sintoma: a psican\u00e1lise, hoje. Rio de Janeiro: Contra Capa, p.215-220.<\/p>\n<p>Miller, J-A. \u201cJacques Lacan: Observa\u00e7\u00f5es sobre seu conceito de passagem ao ato\u201d. Op\u00e7\u00e3o Lacaniana Online, n. 13, ano 5, mar\u00e7o de 2014.<\/p>\n<hr \/>\n<h3><span style=\"color: #993300;\"><strong>Eixo 2 &#8211; Ato anal\u00edtico e tempo<\/strong><\/span><\/h3>\n<p>Lacan, J. (1945). \u201cO tempo l\u00f3gico e a asser\u00e7\u00e3o de certeza antecipada\u201d. In: <em>Escritos<\/em>. Rio de Janeiro: Jorge Zahar Ed., 1998, p. 197-213.<\/p>\n<p>Lacan, J. \u201cFun\u00e7\u00e3o e campo da fala e da linguagem em psican\u00e1lise\u201d (1953). In: Escritos. Rio de Janeiro: Zahar, 1998.<\/p>\n<p>Mandil, R. \u201cTempo e ato anal\u00edtico\u201d. In: <em>Ornicar?<\/em> Digital, n\u00ba 157. Dispon\u00edvel em:\u00a0<a href=\"https:\/\/goo.gl\/0VrTQ2\">https:\/\/goo.gl\/0VrTQ2<\/a><\/p>\n<p>Miller, J-A. \u201cLos usos del lapso\u201d (1999-2000). Buenos Aires: Paid\u00f3s, 2004.<\/p>\n<p>Miller, J-A. \u201cA er\u00f3tica do tempo\u201d. Escola Brasileira de Psican\u00e1lise: Rio de Janeiro, 2000.<\/p>\n<p>Norges, J. L. <em>Cinco vis\u00f5es pessoais<\/em>. Bras\u00edlia, Editora Universidade de Bras\u00edlia, 1985. Cap\u00edtulo O tempo, pp. 41 &#8211; 49.<\/p>\n<p>\u201cClich\u00eas da Psican\u00e1lise \u2013 3\u00ba encontro \u2013 Tempo l\u00f3gico (ICP \u2013 RIO)\u201d<\/p>\n<p>Abertura: Cristina Duba \/ Apresenta\u00e7\u00e3o: Romildo do R\u00eago Barros<\/p>\n<p><a href=\"https:\/\/www.icprj.com.br\/cliches-da-psicanalise-3-encontro-tempo-logico\/\">https:\/\/www.icprj.com.br\/cliches-da-psicanalise-3-encontro-tempo-logico\/<\/a><\/p>\n<p>Goulart, L. (EBP-Se\u00e7\u00e3o SC\/AMP) \u2013 \u201cTempo, desejo e ato\u201d. <a href=\"http:\/\/revistaarteira.com.br\/index.php\/tempo\">http:\/\/revistaarteira.com.br\/index.php\/tempo<\/a><\/p>\n<hr \/>\n<h3><span style=\"color: #993300;\"><strong>Eixo 3 &#8211; Ato anal\u00edtico e civiliza\u00e7\u00e3o<\/strong><\/span><\/h3>\n<p>Freud, S. (1930). \u201cO Mal Estar na Civiliza\u00e7\u00e3o\u201d. <em>Obras Completas. <\/em>Vol. XXI. Rio de Janeiro: Imago ed, 2020.<\/p>\n<p>Lacan, J. (1970). \u201cRadiofonia\u201d. In: <em>Outros Escritos<\/em>. Rio de Janeiro: Jorge Zahar Ed., 2003.<\/p>\n<p>Lacan, J. \u201cA terceira\u201d. <em>Op\u00e7\u00e3o Lacaniana<\/em> &#8211; <em>Revista Brasileira Internacional de Psican\u00e1lise. <\/em>N. 62. Edi\u00e7\u00f5es Eolia, 2011, p. 18.<\/p>\n<p>Lacan, J. \u201cTelevis\u00e3o\u201d. In: <em>Outros Escritos<\/em>. Rio de Janeiro: Jorge Zahar Ed., 2003, p. 508-543.<\/p>\n<p>Lacan, J. (1969-70\/1992). <em>O Semin\u00e1rio, livro 17: o avesso da psican\u00e1lise<\/em>. Rio de Janeiro: Jorge Zahar.<\/p>\n<p>Miller, J-A. \u201cPonto de Basta\u201d. <em>Op\u00e7\u00e3o Lacaniana<\/em> n. 79, julho de 2018.<\/p>\n<p>Miller, J-A. (2005). \u201cUma fantasia\u201d. In: <em>Op\u00e7\u00e3o Lacaniana<\/em>, n\u00ba 42, fevereiro de 2005, p. 7-18.<\/p>\n<p>Miller, J-A. (2000). \u201cEl banquete de los analistas\u201d. Buenos Aires: Paid\u00f3s, 2010.<\/p>\n<hr \/>\n<h3><span style=\"color: #993300;\"><strong>Eixo 4 &#8211; Ato anal\u00edtico e pol\u00edtica do sintoma<\/strong><\/span><\/h3>\n<p>Lacan, J. (1975). \u201cConfer\u00eancia de Genebra sobre o sintoma\u201d. Op\u00e7\u00e3o Lacaniana. S\u00e3o Paulo, n. 23; 1998, p. 6-16.<\/p>\n<p>Lacan, J. (1975\/2007). \u201cJoyce, o sinthoma\u201d. In: <em>O Semin\u00e1rio, livro 23: o sinthoma<\/em>. Rio de Janeiro: Jorge Zahar.<\/p>\n<p>Laurent, \u00c9. \u201cA interpreta\u00e7\u00e3o: da verdade ao acontecimento\u201d. <em>Curinga<\/em> \u2013 Revista da Se\u00e7\u00e3o Minas, n\u00ba 50, jul\/dez de 2020.<\/p>\n<p>Laurent, \u00c9. \u201cO avesso da biopol\u00edtica. Uma escrita para o gozo\u201d. Rio de Janeiro: Contra Capa Ed., 2006. Cap\u00edtulos: \u201cO que faz sintoma para um corpo\u201d (p. 43-64) e \u201cO gozo do corpo sustenta o sintoma\u201d (p. 65-80).<\/p>\n<p>Laurent, \u00c9. \u201cO que est\u00e1 em jogo na \u00e9poca do <em>Sinthoma\u201d<\/em>. Revista Correio, n\u00ba 83. S\u00e3o Paulo: Escola Brasileira de Psican\u00e1lise, abril de 2020.<\/p>\n<p>Miller, J-A. \u201cIntui\u00e7\u00f5es milanesas \u2013 I e II. In: <em>Op\u00e7\u00e3o Lacaniana online<\/em>. Ano 2. N\u00famero 5. Julho de 2011.<\/p>\n<p>Miller, J-A. (2011). \u201cLer um sintoma\u201d. Op\u00e7\u00e3o Lacaniana. S\u00e3o Paulo, n. 70; 2015, p. 13-22.<\/p>\n<p>Miller, J-A. \u201cSemin\u00e1rio sobre os caminhos da forma\u00e7\u00e3o dos sintomas\u201d. <em>Op\u00e7\u00e3o Lacaniana<\/em> &#8211; <em>Revista Brasileira Internacional de Psican\u00e1lise<\/em>, n\u00ba 60, setembro de 2011.<\/p>\n<hr \/>\n<h3><span style=\"color: #993300;\"><strong>Eixo 5 &#8211; A passagem de psicanalisante a psicanalista<\/strong><\/span><\/h3>\n<p>Lacan, J. (1964). \u201cAto de Funda\u00e7\u00e3o\u201d.\u00a0In:\u00a0<em>Outros Escritos<\/em>. Rio de Janeiro: Jorge Zahar Ed., 2003.<\/p>\n<p>Lacan, J. (1968) \u201cProposi\u00e7\u00e3o de 9 de outubro de 1967 sobre o psicanalista da Escola\u201d.\u00a0In\u00a0<em>Outros Escritos<\/em>. Rio de Janeiro: Jorge Zahar Ed, 2003.<\/p>\n<p>Lacan, J. &#8220;Discurso na Escola Freudiana de Paris&#8221; (1970). In Outros Escritos. Rio de Janeiro: Jorge Zahar, Ed. 2003<\/p>\n<p>Lacan, J. \u201cNota Italiana\u201d. In Outros Escritos. Rio de Janeiro: Jorge Zahar, Ed. 2003.<\/p>\n<p>Lacan, J. (2003[1976]). \u201cPref\u00e1cio \u00e0 edi\u00e7\u00e3o inglesa do Semin\u00e1rio 11\u201d. In: <em>Outros Escritos<\/em>. Rio de Janeiro: Jorge Zahar Editor<\/p>\n<p>Lacan, J. (2003[1969]). \u201cO ato anal\u00edtico\u201d. In: <em>Outros Escritos<\/em>. Rio de Janeiro: Jorge Zahar Editor<\/p>\n<p>Laurent, \u00c9. \u201cO passe e os restos de identifica\u00e7\u00e3o\u201d. In: <em>Op\u00e7\u00e3o Lacaniana online<\/em>, 2012.<\/p>\n<p>Laurent, E. Pol\u00edtica do passe e a identifica\u00e7\u00e3o dessegregativa\u201d. In: <em>Op\u00e7\u00e3o Lacanian<\/em>a, n\u00ba 82, p 47.<\/p>\n<p>Miller, J-A. (2018). \u201cComo algu\u00e9m se torna psicanalista na orla do s\u00e9culo XXI\u201d. In: <em>Aposta no passe<\/em>. Rio de Janeiro: Contra Capa, p.81.<\/p>\n<p>Miller, J.A. \u201c\u00c9 Passe?\u201d. In: <em>Aposta no Passe<\/em>\u201d. Contra Capa Ed, 2018.<\/p>\n[\/vc_column_text][\/vc_column][\/vc_row]\n<\/section>","protected":false},"excerpt":{"rendered":"<p>[vc_row][vc_column][vc_single_image image=&#8221;5670&#8243; img_size=&#8221;full&#8221; alignment=&#8221;center&#8221; onclick=&#8221;custom_link&#8221; link=&#8221;https:\/\/ebp.org.br\/sp\/jornadas\/x-jornadas-psicanalise-em-ato\/argumento-x-jornadas\/&#8221;][\/vc_column][\/vc_row][vc_row][vc_column][eikra-vc-text-title style=&#8221;style2&#8243; title=&#8221;Bibliografia&#8221;][\/eikra-vc-text-title][vc_column_text] Eixo 1 &#8211; Declina\u00e7\u00f5es cl\u00ednicas do ato Brodsky, G. \u201cShort Story: os princ\u00edpios do ato anal\u00edtico\u201d. Rio de Janeiro: Contracapa, 2004. Cap\u00edtulos 1 e 2. Lacan, J. \u201cDa rede dos significantes\u201d. In: O Semin\u00e1rio, livro 11: os quatro conceitos fundamentais da psican\u00e1lise. Rio de Janeiro: Zahar, 1985,&hellip;<\/p>\n","protected":false},"author":1,"featured_media":0,"parent":5669,"menu_order":0,"comment_status":"closed","ping_status":"closed","template":"","meta":{"footnotes":""},"class_list":["post-5678","page","type-page","status-publish","hentry","entry","no-media"],"aioseo_notices":[],"_links":{"self":[{"href":"https:\/\/ebp.org.br\/sp\/wp-json\/wp\/v2\/pages\/5678","targetHints":{"allow":["GET"]}}],"collection":[{"href":"https:\/\/ebp.org.br\/sp\/wp-json\/wp\/v2\/pages"}],"about":[{"href":"https:\/\/ebp.org.br\/sp\/wp-json\/wp\/v2\/types\/page"}],"author":[{"embeddable":true,"href":"https:\/\/ebp.org.br\/sp\/wp-json\/wp\/v2\/users\/1"}],"replies":[{"embeddable":true,"href":"https:\/\/ebp.org.br\/sp\/wp-json\/wp\/v2\/comments?post=5678"}],"version-history":[{"count":0,"href":"https:\/\/ebp.org.br\/sp\/wp-json\/wp\/v2\/pages\/5678\/revisions"}],"up":[{"embeddable":true,"href":"https:\/\/ebp.org.br\/sp\/wp-json\/wp\/v2\/pages\/5669"}],"wp:attachment":[{"href":"https:\/\/ebp.org.br\/sp\/wp-json\/wp\/v2\/media?parent=5678"}],"curies":[{"name":"wp","href":"https:\/\/api.w.org\/{rel}","templated":true}]}}