{"id":4432,"date":"2020-07-27T17:57:16","date_gmt":"2020-07-27T20:57:16","guid":{"rendered":"http:\/\/ebp.org.br\/sp\/?page_id=4432"},"modified":"2020-07-27T17:57:16","modified_gmt":"2020-07-27T20:57:16","slug":"jornadas-fora-se-serie-comissoes","status":"publish","type":"page","link":"https:\/\/ebp.org.br\/sp\/jornadas\/jornadas-fora-se-serie-subversoes\/jornadas-fora-se-serie-comissoes\/","title":{"rendered":"Jornadas (Fora da s\u00e9rie) \u2013 Comiss\u00f5es"},"content":{"rendered":"<section class=\"wpb-content-wrapper\">[vc_row][vc_column][vc_single_image image=&#8221;4375&#8243; img_size=&#8221;large&#8221; alignment=&#8221;center&#8221; onclick=&#8221;custom_link&#8221; link=&#8221;http:\/\/ebp.org.br\/sp\/jornadas\/ix-jornadas\/apresentacao-ix-jornadas\/&#8221;][vc_column_text]\n<h3><span style=\"color: #3366ff;\"><strong>COMISS\u00d5ES<\/strong><\/span><\/h3>\n<p><strong><em>Comiss\u00e3o de Orienta\u00e7\u00e3o<\/em><\/strong><\/p>\n<figure id=\"attachment_4403\" aria-describedby=\"caption-attachment-4403\" style=\"width: 200px\" class=\"wp-caption alignright\"><img loading=\"lazy\" decoding=\"async\" class=\"size-full wp-image-4403\" src=\"http:\/\/ebp.org.br\/sp\/wp-content\/uploads\/2020\/07\/boletim-fora_de_serie_001_007.png\" alt=\"\" width=\"200\" height=\"200\" \/><figcaption id=\"caption-attachment-4403\" class=\"wp-caption-text\">Imagem: Instagram @claireluxtonfineart<\/figcaption><\/figure>\n<ul>\n<li>Coordena\u00e7\u00e3o: Paola Salinas<\/li>\n<li>Daniela C. B. Affonso<\/li>\n<li>Heloisa Prado Telles<\/li>\n<li>Niraldo dos Santos<\/li>\n<li>Val\u00e9ria Ferranti<\/li>\n<\/ul>\n<p><strong><em>Comiss\u00e3o de Secretaria e Tesouraria<\/em><\/strong><\/p>\n<ul>\n<li>Coordena\u00e7\u00e3o: Gustavo Oliveira Menezes e Rosangela C. Castro Turim<\/li>\n<li>Andressa Cont\u00f3 Luz<\/li>\n<li>Cynthia Gon\u00e7alves Gindro<\/li>\n<li>Diva Rubim Parentoni<\/li>\n<li>Emelice Pereira Prado Bagnola<\/li>\n<li>Jos\u00e9 Danilo Chiaratti Canesin<\/li>\n<li>Jos\u00e9 Wilson Ramos Braga Jr.<\/li>\n<li>Marcella Pereira de Oliveira<\/li>\n<li>Rubens Ant\u00f4nio Fogassi Berlitz<\/li>\n<\/ul>\n<p><strong><em>Comiss\u00e3o de Infraestrutura<\/em><\/strong><\/p>\n<ul>\n<li>Coordena\u00e7\u00e3o: Jovita Carneiro de Lima e Ros\u00e2ngela A dos Santos<\/li>\n<li>Ana Paula Cipresso Borges<\/li>\n<li>Aparecida Santa Clara Berlitz<\/li>\n<li>Camila Col\u00e1s Sabino de Freitas<\/li>\n<li>Fernanda Cristina Gomes de Carvalho<\/li>\n<li>Francisco Fialho Durante<\/li>\n<li>Lilian Beigelman<\/li>\n<li>Maria C\u00e9lia Reinaldo Kato<\/li>\n<li>Maria Veridiana S Paes de Barros<\/li>\n<\/ul>\n<p><strong><em>Comiss\u00e3o de Refer\u00eancias Bibliogr\u00e1ficas<\/em><\/strong><\/p>\n<ul>\n<li>Coordena\u00e7\u00e3o: Fabiola Ramon, Milena Vicari Crastelo e Raquel Diaz Degenszajn<\/li>\n<li>Camille Apolinario Gavioli<\/li>\n<li>Eduardo Camargo Bueno<\/li>\n<li>Eduardo Vallejos<\/li>\n<li>Gabriela Malvezzi<\/li>\n<li>Helo\u00edsa Teixeira<\/li>\n<li>Jo\u00e3o Lucas Zanchi<\/li>\n<li>Paula Caio de Carvalho<\/li>\n<li>Paula Catunda<\/li>\n<li>Perp\u00e9tua Medrado<\/li>\n<li>Sabrina Mariotto<\/li>\n<li>Silvia Jacobo<\/li>\n<\/ul>\n<p><strong><em>Comiss\u00e3o de Boletim e Divulga\u00e7\u00e3o<\/em><\/strong><\/p>\n<ul>\n<li>Coordena\u00e7\u00e3o: Alessandra Sartorello Pecego e Camila Popadiuk<\/li>\n<li>Andr\u00e9 Antunes<\/li>\n<li>Cristiana Gallo<\/li>\n<li>Eliana Machado Figueiredo<\/li>\n<li>Janaina Costa Ver\u00edssimo<\/li>\n<li>Jo\u00e3o Paulo Desconci<\/li>\n<li>Maria Marta Ferreira<\/li>\n<li>Marisa Nubile<\/li>\n<li>Mirmila Musse<\/li>\n<li>Paula Caio<\/li>\n<li>Siglia Le\u00e3o<\/li>\n<\/ul>\n<p><strong><em>V\u00eddeo<\/em><\/strong><\/p>\n<ul>\n<li>Gabriela Malvezzi<\/li>\n<\/ul>\n[\/vc_column_text][\/vc_column][\/vc_row]\n<\/section>","protected":false},"excerpt":{"rendered":"<p>[vc_row][vc_column][vc_single_image image=&#8221;4375&#8243; img_size=&#8221;large&#8221; alignment=&#8221;center&#8221; onclick=&#8221;custom_link&#8221; link=&#8221;http:\/\/ebp.org.br\/sp\/jornadas\/ix-jornadas\/apresentacao-ix-jornadas\/&#8221;][vc_column_text] COMISS\u00d5ES Comiss\u00e3o de Orienta\u00e7\u00e3o Coordena\u00e7\u00e3o: Paola Salinas Daniela C. B. Affonso Heloisa Prado Telles Niraldo dos Santos Val\u00e9ria Ferranti Comiss\u00e3o de Secretaria e Tesouraria Coordena\u00e7\u00e3o: Gustavo Oliveira Menezes e Rosangela C. Castro Turim Andressa Cont\u00f3 Luz Cynthia Gon\u00e7alves Gindro Diva Rubim Parentoni Emelice Pereira Prado Bagnola Jos\u00e9 Danilo Chiaratti&hellip;<\/p>\n","protected":false},"author":1,"featured_media":0,"parent":4377,"menu_order":0,"comment_status":"closed","ping_status":"closed","template":"","meta":{"footnotes":""},"class_list":["post-4432","page","type-page","status-publish","hentry","entry","no-media"],"aioseo_notices":[],"_links":{"self":[{"href":"https:\/\/ebp.org.br\/sp\/wp-json\/wp\/v2\/pages\/4432","targetHints":{"allow":["GET"]}}],"collection":[{"href":"https:\/\/ebp.org.br\/sp\/wp-json\/wp\/v2\/pages"}],"about":[{"href":"https:\/\/ebp.org.br\/sp\/wp-json\/wp\/v2\/types\/page"}],"author":[{"embeddable":true,"href":"https:\/\/ebp.org.br\/sp\/wp-json\/wp\/v2\/users\/1"}],"replies":[{"embeddable":true,"href":"https:\/\/ebp.org.br\/sp\/wp-json\/wp\/v2\/comments?post=4432"}],"version-history":[{"count":0,"href":"https:\/\/ebp.org.br\/sp\/wp-json\/wp\/v2\/pages\/4432\/revisions"}],"up":[{"embeddable":true,"href":"https:\/\/ebp.org.br\/sp\/wp-json\/wp\/v2\/pages\/4377"}],"wp:attachment":[{"href":"https:\/\/ebp.org.br\/sp\/wp-json\/wp\/v2\/media?parent=4432"}],"curies":[{"name":"wp","href":"https:\/\/api.w.org\/{rel}","templated":true}]}}