{"id":3810,"date":"2019-05-09T17:26:33","date_gmt":"2019-05-09T20:26:33","guid":{"rendered":"http:\/\/ebp.org.br\/sp\/?page_id=3810"},"modified":"2019-05-09T17:26:33","modified_gmt":"2019-05-09T20:26:33","slug":"perspectivas-do-tema-ix-jornadas","status":"publish","type":"page","link":"https:\/\/ebp.org.br\/sp\/jornadas\/ix-jornadas\/perspectivas-do-tema-ix-jornadas\/","title":{"rendered":"Perspectivas do tema &#8211; IX Jornadas"},"content":{"rendered":"<section class=\"wpb-content-wrapper\">[vc_row][vc_column][eikra-vc-text-title style=&#8221;style2&#8243; title=&#8221;Perspectivas do tema&#8221;]Por Heloisa Prado da Silva Telles (EBP\/AMP) pela Comiss\u00e3o de Orienta\u00e7\u00e3o[\/eikra-vc-text-title][vc_column_text]\n<div class=\"page\" title=\"Page 1\">\n<div class=\"layoutArea\">\n<div class=\"column\">\n<figure id=\"attachment_3816\" aria-describedby=\"caption-attachment-3816\" style=\"width: 200px\" class=\"wp-caption alignright\"><img loading=\"lazy\" decoding=\"async\" class=\"size-full wp-image-3816\" src=\"http:\/\/ebp.org.br\/sp\/wp-content\/uploads\/2019\/05\/boletim_tracos_001_002.png\" alt=\"\" width=\"200\" height=\"200\" \/><figcaption id=\"caption-attachment-3816\" class=\"wp-caption-text\">Instagram: @tomas_aamli_photo<\/figcaption><\/figure>\n<p><span style=\"color: #003366;\"><strong>\u201cQuem fala s\u00f3 tem a ver com a solid\u00e3o\u201d<\/strong><\/span><\/p>\n<p>Se Lacan<a href=\"#_ftn1\" name=\"_ftnref1\">[1]<\/a> situa a solid\u00e3o intrinsecamente referida ao <em>parl\u00eatre<\/em> \u00e9 para indicar, sobretudo, que \u201cquando algu\u00e9m se p\u00f5e a falar, n\u00e3o encontra somente o fato de que o Outro est\u00e1 ausente, que ele n\u00e3o responde, mas descobre tamb\u00e9m alguma coisa que \u00e9 efeito desta aus\u00eancia. Este efeito \u00e9 que o saber, o que \u00e9 poss\u00edvel saber de si, do mundo, do inconsciente, rompe-se. [&#8230;]\u201d<a href=\"#_ftn2\" name=\"_ftnref2\">[2]<\/a>, ou seja, trata-se de \u201csolid\u00e3o de ruptura de saber\u201d<a href=\"#_ftn3\" name=\"_ftnref3\">[3]<\/a>. Esta refer\u00eancia implica uma orienta\u00e7\u00e3o precisa: poder\u00edamos pensar que, com a psican\u00e1lise, tratar-se-ia de \u201cpromover a rela\u00e7\u00e3o, a troca, a comunica\u00e7\u00e3o\u201d<a href=\"#_ftn4\" name=\"_ftnref4\">[4]<\/a>. Ao contr\u00e1rio, a solid\u00e3o d\u00e1 acesso, justamente, ao que \u00e9 \u201cimposs\u00edvel de intercambiar, comunicar, o que n\u00e3o se pode falar\u201d, a isto que adv\u00e9m \u201cquando se \u00e9 confrontado n\u00e3o somente com a falta do Outro, com sua aus\u00eancia, mas com a falta que somos n\u00f3s mesmos em rela\u00e7\u00e3o a n\u00f3s\u201d<a href=\"#_ftn5\" name=\"_ftnref5\">[5]<\/a>.<\/p>\n<p><span style=\"color: #003366;\"><strong>Solid\u00f5es e estruturas cl\u00ednicas<\/strong><\/span><\/p>\n<p>A experi\u00eancia da solid\u00e3o somente pode existir referida ao Outro da palavra e da linguagem, uma vez que est\u00e1 articulada a uma presen\u00e7a ou uma aus\u00eancia do Outro simb\u00f3lico. Nela, portanto, \u00e9 a separa\u00e7\u00e3o do Outro que est\u00e1 em causa e n\u00e3o sua recusa, uma vez que \u201csup\u00f5e um la\u00e7o com a pergunta pelo desejo do Outro\u201d<a href=\"#_ftn6\" name=\"_ftnref6\">[6]<\/a>, um Outro que poderia solucionar a falta inerente ao sujeito da palavra. Os desdobramentos poss\u00edveis deste operador \u2013 o la\u00e7o com o Outro \u2013 permitem que situemos a solid\u00e3o nas estruturas cl\u00ednicas como paix\u00e3o \u2013 na neurose \u2013, ou mais precisamente \u201cdor de existir\u201d \u2013 na psicose. Estas balizas fundamentais s\u00e3o apresentadas por Miquel Bassols e elucidam, ainda, que se a \u201cpaix\u00e3o do neur\u00f3tico obsessivo pela solid\u00e3o consiste em poder manter, como parceiro, uma unidade imagin\u00e1ria do falo\u201d, a paix\u00e3o hist\u00e9rica pela solid\u00e3o \u201c\u00e9 a paix\u00e3o da exce\u00e7\u00e3o, a paix\u00e3o de ser o \u00fanico ou a \u00fanica\u201d. Se ambas as paix\u00f5es referidas \u00e0 neurose implicam um \u201cla\u00e7o com a fun\u00e7\u00e3o do Outro\u201d, na psicose a solid\u00e3o est\u00e1 mais referida ao sil\u00eancio das puls\u00f5es ou \u00e0 experi\u00eancia de uma solid\u00e3o extrema, tal como a de Schreber de \u201cter sido deixado pelas m\u00e3os de Deus na sua dor de existir\u201d<a href=\"#_ftn7\" name=\"_ftnref7\">[7]<\/a>.<\/p>\n<p><span style=\"color: #003366;\"><strong>Solid\u00e3o n\u00e3o \u00e9 isolamento<\/strong><\/span><\/p>\n<p>Esta tese de La Sagna \u2013 ao fazer ver que o isolamento, diferentemente da solid\u00e3o, implica exclus\u00e3o do Outro \u2013 n\u00e3o somente lan\u00e7a luz acerca do autismo, como permite ler, para al\u00e9m da estrutura cl\u00ednica em quest\u00e3o, que \u201cisolar-se \u00e9 evitar a solid\u00e3o\u201d<a href=\"#_ftn8\" name=\"_ftnref8\">[8]<\/a>. Busca-se o isolamento recorrendo a um objeto que estimule, um droga, uma fantasia ou um del\u00edrio, \u201csem que se tenha a m\u00ednima realiza\u00e7\u00e3o da solid\u00e3o\u201d<a href=\"#_ftn9\" name=\"_ftnref9\">[9]<\/a>. Quando estamos na solid\u00e3o, \u201ctemos uma fronteira comum com o Outro\u201d, enquanto que o \u201cisolamento \u00e9 um muro\u201d, e se \u201cestamos em uma \u00e9poca de constru\u00e7\u00e3o de isolados\u201d isto decorre do fato de que \u201cn\u00e3o se sabe mais onde come\u00e7am e onde terminam as fronteiras\u201d<a href=\"#_ftn10\" name=\"_ftnref10\">[10]<\/a>.<\/p>\n<hr \/>\n<h6><a href=\"#_ftnref1\" name=\"_ftn1\">[1]<\/a>Lacan, J. <em>O Semin\u00e1rio, Livro 20: Mais, ainda. <\/em>Rio de Janeiro: Jorge Zahar Editor, 2008 (terceira edi\u00e7\u00e3o), p. 128.<\/h6>\n<h6><a href=\"#_ftnref2\" name=\"_ftn2\">[2]<\/a>La Sagna, P. \u201cD l\u2019isolement \u00e0 la solitude\u201d. <em>La Cause freudienne, n. <\/em>66. Paris: ECF, 2007, p. 49. Tradu\u00e7\u00e3o livre.<\/h6>\n<h6><a href=\"#_ftnref3\" name=\"_ftn3\">[3]<\/a>Lacan, J. <em>O Semin\u00e1rio, Livro 20: Mais, ainda. op.cit. 128. <\/em><\/h6>\n<h6><a href=\"#_ftnref4\" name=\"_ftn4\">[4]<\/a> La Sagna, P. <em>op. cit. <\/em>p. 45.<\/h6>\n<h6><a href=\"#_ftnref5\" name=\"_ftn5\">[5]<\/a>La Sagna, P. <em>ibid<\/em>.<\/h6>\n<h6><a href=\"#_ftnref6\" name=\"_ftn6\">[6]<\/a>Bassols, M. \u201cSoledades y estruturas clinicas\u201d. <em>Freudiana: <\/em>EEP (Escuela Europea de Psicoan\u00e1lisis, Catalunya), n. 12.<\/h6>\n<h6><a href=\"#_ftnref7\" name=\"_ftn7\">[7]<\/a>Bassols, M. \u201cSoledades y estruturas clinicas\u201d. <em>op. cit. <\/em><\/h6>\n<h6><a href=\"#_ftnref8\" name=\"_ftn8\">[8]<\/a>La Sagna, P. \u201cD l\u2019isolement \u00e0 la solitude\u201d. <em>La Cause freudienne, n. <\/em>66. Paris: ECF, 2007, p. 44.<\/h6>\n<h6><a href=\"#_ftnref9\" name=\"_ftn9\">[9]<\/a>La Sagna, P. <em>op. cit.<\/em><\/h6>\n<h6><a href=\"#_ftnref10\" name=\"_ftn10\">[10]<\/a>La Sagna, P. <em>op. cit.<\/em><\/h6>\n<\/div>\n<\/div>\n<\/div>\n[\/vc_column_text][\/vc_column][\/vc_row]\n<\/section>","protected":false},"excerpt":{"rendered":"<p>[vc_row][vc_column][eikra-vc-text-title style=&#8221;style2&#8243; title=&#8221;Perspectivas do tema&#8221;]Por Heloisa Prado da Silva Telles (EBP\/AMP) pela Comiss\u00e3o de Orienta\u00e7\u00e3o[\/eikra-vc-text-title][vc_column_text] \u201cQuem fala s\u00f3 tem a ver com a solid\u00e3o\u201d Se Lacan[1] situa a solid\u00e3o intrinsecamente referida ao parl\u00eatre \u00e9 para indicar, sobretudo, que \u201cquando algu\u00e9m se p\u00f5e a falar, n\u00e3o encontra somente o fato de que o Outro est\u00e1 ausente,&hellip;<\/p>\n","protected":false},"author":1,"featured_media":0,"parent":3802,"menu_order":0,"comment_status":"closed","ping_status":"closed","template":"","meta":{"footnotes":""},"class_list":["post-3810","page","type-page","status-publish","hentry","entry","no-media"],"aioseo_notices":[],"_links":{"self":[{"href":"https:\/\/ebp.org.br\/sp\/wp-json\/wp\/v2\/pages\/3810","targetHints":{"allow":["GET"]}}],"collection":[{"href":"https:\/\/ebp.org.br\/sp\/wp-json\/wp\/v2\/pages"}],"about":[{"href":"https:\/\/ebp.org.br\/sp\/wp-json\/wp\/v2\/types\/page"}],"author":[{"embeddable":true,"href":"https:\/\/ebp.org.br\/sp\/wp-json\/wp\/v2\/users\/1"}],"replies":[{"embeddable":true,"href":"https:\/\/ebp.org.br\/sp\/wp-json\/wp\/v2\/comments?post=3810"}],"version-history":[{"count":0,"href":"https:\/\/ebp.org.br\/sp\/wp-json\/wp\/v2\/pages\/3810\/revisions"}],"up":[{"embeddable":true,"href":"https:\/\/ebp.org.br\/sp\/wp-json\/wp\/v2\/pages\/3802"}],"wp:attachment":[{"href":"https:\/\/ebp.org.br\/sp\/wp-json\/wp\/v2\/media?parent=3810"}],"curies":[{"name":"wp","href":"https:\/\/api.w.org\/{rel}","templated":true}]}}