{"id":3307,"date":"2018-09-10T04:08:15","date_gmt":"2018-09-10T07:08:15","guid":{"rendered":"http:\/\/ebp.org.br\/sp\/?page_id=3307"},"modified":"2018-09-10T04:08:15","modified_gmt":"2018-09-10T07:08:15","slug":"carta-de-sao-paulo-online-23-nova-serie-2-2-2-2-2","status":"publish","type":"page","link":"https:\/\/ebp.org.br\/sp\/biblioteca\/publicacoes\/carta-sp-online\/carta-de-sao-paulo-online-23-nova-serie-2-2-2-2-2\/","title":{"rendered":"Carta de S\u00e3o Paulo Online &#8211; #23 &#8211; Nova s\u00e9rie"},"content":{"rendered":"<section class=\"wpb-content-wrapper\">[vc_row][vc_column][vc_single_image image=&#8221;3327&#8243; img_size=&#8221;full&#8221; alignment=&#8221;center&#8221;][\/vc_column][\/vc_row][vc_row][vc_column][vc_single_image image=&#8221;3317&#8243; img_size=&#8221;800&#215;815&#8243; alignment=&#8221;center&#8221;][\/vc_column][\/vc_row][vc_row full_width=&#8221;stretch_row&#8221; css=&#8221;.vc_custom_1435233845530{padding-top: 50px !important;padding-bottom: 50px !important;background-color: #f7f7f7 !important;}&#8221;][vc_column css=&#8221;.vc_custom_1521845468593{border-radius: 2px !important;}&#8221;][vc_custom_heading text=&#8221;Editorial&#8221; use_theme_fonts=&#8221;yes&#8221;][vc_column_text css=&#8221;.vc_custom_1536715360128{border-radius: 2px !important;}&#8221;]\n<h4 style=\"text-align: right;\"><img loading=\"lazy\" decoding=\"async\" class=\"alignleft wp-image-2068 size-medium\" src=\"http:\/\/ebp.org.br\/sp\/wp-content\/uploads\/2017\/07\/Perp\u00e9tua-300x294.jpg\" alt=\"\" width=\"300\" height=\"294\" \/>Perp\u00e9tua Medrado Gon\u00e7alves<\/h4>\n<h4 style=\"text-align: right;\">(Aderente EBP Se\u00e7\u00e3o S\u00e3o Paulo)<\/h4>\n<h4>Convido os leitores a lerem esta edi\u00e7\u00e3o da <em>Carta de S\u00e3o Paulo online<\/em> escrita por algumas colegas que aqui elucidam o tema \u201cFreud e o amor\u201d, tratado na atividade Leituras na Biblioteca da Se\u00e7\u00e3o S\u00e3o Paulo, a partir da qual o leitor poder\u00e1 reconhecer a posi\u00e7\u00e3o de Freud na trilogia <em>Contribui\u00e7\u00f5es \u00e0 psicologia do amor<\/em>, assim como quest\u00f5es em torno de <em>O banquete dos analistas<\/em>, em que Jacques-Alain Miller aponta para a degrada\u00e7\u00e3o da verdade em prol do saber no ensino de Lacan, tema tratado na Conversa\u00e7\u00e3o da Orienta\u00e7\u00e3o Lacaniana.<\/h4>\n<h4>Em &#8220;Freud e o amor em leituras na biblioteca&#8221;, trabalho vivo de leitura dos textos de Freud com colegas convidados da EBP Se\u00e7\u00e3o S\u00e3o Paulo, Maria do Carmo Dias Batista foi direto ao ponto ao discutir o texto \u201cSobre a tend\u00eancia universal \u00e0 deprecia\u00e7\u00e3o na esfera do amor\u201d (1912), enfatizando que h\u00e1 uma cis\u00e3o entre as correntes terna (afetiva) e a sensual. Assim, os objetos sexuais \u201cdefinitivos\u201d s\u00e3o eleitos de acordo com o modelo dos objetos infantis. A manuten\u00e7\u00e3o das duas correntes unidas e direcionadas ao mesmo objeto ocorre, primeiro, na frustra\u00e7\u00e3o diante do encontro real com o objeto sexual e, segundo, na atra\u00e7\u00e3o exercida pelos objetos incestuosos infantis.<\/h4>\n<h4>Paola Salinas discutiu \u201cO tabu da virgindade\u201d (1918) tratado por Freud, que o aborda a partir da hostilidade e do desejo de vingan\u00e7a que o defloramento provocaria. Chamou a aten\u00e7\u00e3o para as correla\u00e7\u00f5es sobre o tema, destacando a frigidez como aspecto importante na vida sexual da mulher, e tamb\u00e9m a articula\u00e7\u00e3o ao \u00c9dipo e ao complexo de castra\u00e7\u00e3o, associando tal hostilidade, na base do tabu, \u00e0 inveja do p\u00eanis e ao protesto de masculinidade.<\/h4>\n<h4>Camila Popadiuk faz uma leitura atenta da Conversa\u00e7\u00f5es da Orienta\u00e7\u00e3o Lacaniana, ocorrida em 22\/08\/2018, onde as colegas Teresinha Meireles, Daniela de Camargo Barros Affonso e Milena Vicari discutiram os cap\u00edtulos XIX e XX de <em>O Banquete dos analistas<\/em> de Jacques-Alain Miller. Destacou as contribui\u00e7\u00f5es das colegas que suscitaram quest\u00f5es como a diferen\u00e7a entre verdade e real, a dist\u00e2ncia ou a\u00a0aproxima\u00e7\u00e3o da psican\u00e1lise com a ci\u00eancia e a distin\u00e7\u00e3o do passe logific\u00e1vel, cujas formula\u00e7\u00f5es l\u00f3gicas elucidam o nome de gozo.<\/h4>\n<h4>Ressaltou tamb\u00e9m a fala de Luiz Fernando Carrijo da Cunha enfatizando a import\u00e2ncia deste Semin\u00e1rio de Miller para pensar a forma\u00e7\u00e3o do analista e a mudan\u00e7a do estatuto da verdade no ensino de Lacan, apontando que houve uma degrada\u00e7\u00e3o da verdade em prol do saber.<\/h4>\n<h4>Esta edi\u00e7\u00e3o se completa com uma rica resenha feita por Gabriela Malvezzi do trabalho de Marcus Andr\u00e9 Vieira, ao apresentar o tema do XXII Encontro Brasileiro na EBP Se\u00e7\u00e3o S\u00e3o Paulo. De sa\u00edda, ela destaca que, como aponta Marcus Andr\u00e9, a equa\u00e7\u00e3o do falocentrismo \u2013 um conceito que n\u00e3o pertence \u00e0 psican\u00e1lise \u2013 \u00e9 p\u00eanis = falo. Tamb\u00e9m aponta que a pergunta quanto \u00e0 queda do falocentrismo diz respeito \u00e0 queda da significa\u00e7\u00e3o f\u00e1lica. Isso implicaria uma distin\u00e7\u00e3o entre falo imagin\u00e1rio e falo simb\u00f3lico.<\/h4>\n<h4>A <em>Carta de S\u00e3o Paulo<\/em> online se insere numa publica\u00e7\u00e3o de Escola em que cada autor coloca algo de singular na sua escrita, ou seja, uma elabora\u00e7\u00e3o coletiva do que acontece na EBP Se\u00e7\u00e3o S\u00e3o Paulo.<\/h4>\n<h4>Boa leitura!<\/h4>\n[\/vc_column_text][\/vc_column][\/vc_row][vc_row][vc_column][vc_custom_heading text=&#8221; &#8220;Freud e o amor em leituras na biblioteca&#8220;&#8221; font_container=&#8221;tag:h2|text_align:center|color:%23a8140a&#8221; use_theme_fonts=&#8221;yes&#8221;][\/vc_column][\/vc_row][vc_row][vc_column width=&#8221;1\/2&#8243;][vc_single_image image=&#8221;2914&#8243; img_size=&#8221;200&#215;200&#8243; alignment=&#8221;center&#8221;][vc_column_text]\n<h4 style=\"text-align: center;\"><strong>Sobre a mais comum deprecia\u00e7\u00e3o na vida amorosa<\/strong><\/h4>\n<h4 style=\"text-align: center;\"><strong>Sigmund Freud (1912)1<\/strong><\/h4>\n<h4 style=\"text-align: right;\">Maria do Carmo Dias Batista (EBP\/AMP)<\/h4>\n<h4>\u201cFreud e o Amor\u201d foi o tema escolhido pela EBP \u2013 Se\u00e7\u00e3o SP para debater os textos freudianos \u201cUm tipo especial de escolha de objeto feita pelos homens\u201d, de 1910, \u201cSobre a mais comum deprecia\u00e7\u00e3o da vida amorosa\u201d, de 1912, e \u201cO tabu da virgindade\u201d, de 1917, reunidos sob o t\u00edtulo \u201cContribui\u00e7\u00f5es \u00e0 Psicologia do Amor\u201d.<\/h4>\n<h4>No dia 14 de junho discutimos a \u201cDeprecia\u00e7\u00e3o da vida amorosa\u201d. O famoso texto freudiano \u00e9 dividido em tr\u00eas pequenos cap\u00edtulos, dos quais a tabela abaixo destaca os pontos principais.<\/h4>\n<blockquote>\n<p style=\"text-align: left;\">(Tabela)<\/p>\n<\/blockquote>\n<h4>Freud inicia o texto fornecendo um dado muito interessante: depois da ang\u00fastia, a impot\u00eancia sexual masculina seria o principal fator de busca por uma an\u00e1lise. Impot\u00eancia ps\u00edquica, diz ele, pois j\u00e1 teriam sido afastados todos os fatores org\u00e2nicos que poderiam caus\u00e1-la.<\/h4>\n[\/vc_column_text][vc_btn title=&#8221;Leia Mais&#8221; color=&#8221;chino&#8221; align=&#8221;center&#8221; link=&#8221;url:http%3A%2F%2Febp.org.br%2Fsp%2Fsobre-a-mais-comum-depreciacao-na-vida-amorosa-sigmund-freud-19121%2F||target:%20_blank|&#8221;][\/vc_column][vc_column width=&#8221;1\/2&#8243;][vc_single_image image=&#8221;2358&#8243; img_size=&#8221;200&#215;200&#8243; alignment=&#8221;center&#8221;][vc_column_text]\n<h4 style=\"text-align: center;\"><strong>\u201cO tabu da virgindade\u201d1<\/strong><\/h4>\n<h4 style=\"text-align: center;\"><strong>Leituras da Biblioteca Freud e o amor<\/strong><\/h4>\n<h4 style=\"text-align: right;\">Paola Salinas (EBP\/AMP)<\/h4>\n<h4>O tabu da virgindade \u00e9 abordado e justificado devido \u00e0 hostilidade e ao desejo de vingan\u00e7a que o defloramento provocaria. Ao desenvolver correla\u00e7\u00f5es sobre o tema, Freud destaca a frigidez como aspecto importante na vida sexual da mulher, articulando ao \u00c9dipo e ao complexo de castra\u00e7\u00e3o. Associa tal hostilidade, na base do tabu, \u00e0 inveja do p\u00eanis e ao protesto de masculinidade.<\/h4>\n<h4>A valoriza\u00e7\u00e3o da virgindade seria a extens\u00e3o do direito de propriedade \u00e0 mulher, incluindo seu passado, o que \u00e9 natural e indiscut\u00edvel para o homem da \u00e9poca; da\u00ed a incompreensibilidade do tabu presente nos povos primitivos, os quais, para evitar a hostilidade do defloramento, o fariam em rituais antes do casamento.<\/h4>\n[\/vc_column_text][vc_btn title=&#8221;Leia Mais&#8221; color=&#8221;chino&#8221; align=&#8221;center&#8221; link=&#8221;url:http%3A%2F%2Febp.org.br%2Fsp%2Fo-tabu-da-virgindade1-leituras-da-biblioteca-freud-e-o-amor%2F||target:%20_blank|&#8221;][\/vc_column][\/vc_row][vc_row][vc_column][vc_custom_heading text=&#8221;Conversa\u00e7\u00f5es da Orienta\u00e7\u00e3o lacaniana&#8221; font_container=&#8221;tag:h2|text_align:center|color:%23a8140a&#8221; use_theme_fonts=&#8221;yes&#8221;][\/vc_column][\/vc_row][vc_row][vc_column][vc_single_image image=&#8221;2079&#8243; img_size=&#8221;200&#215;200&#8243; alignment=&#8221;center&#8221;][vc_column_text css=&#8221;.vc_custom_1536716141897{border-radius: 2px !important;}&#8221;]\n<h4 style=\"text-align: center;\"><strong>Conversa\u00e7\u00e3o da Orienta\u00e7\u00e3o Lacaniana<\/strong><\/h4>\n<h4 style=\"text-align: right;\">Camila Popadiuk<\/h4>\n<h4>A Conversa\u00e7\u00e3o da Orienta\u00e7\u00e3o Lacaniana que aconteceu no dia 22\/08\/2018, na sede da EBP-Se\u00e7\u00e3o S\u00e3o Paulo, teve como eixo de discuss\u00e3o a rela\u00e7\u00e3o entre o saber e a verdade, tal como ela \u00e9 apresentada por Miller em suas aulas XIX e XX de seu curso \u201cO banquete dos analistas\u201d.<\/h4>\n<h4>Carmen Silvia Cervelatti e Luiz Fernando Carrijo da Cunha coordenaram esta conversa\u00e7\u00e3o que foi animada pelas contribui\u00e7\u00f5es de Teresinha Meirelles, Daniela de Camargo Barros Affonso e Milena Vicari. Cada uma das colegas relevou um ponto em particular destas aulas, como a despatetiza\u00e7\u00e3o da verdade por Lacan, ao tomar a l\u00f3gica matem\u00e1tica como uma refer\u00eancia da verdade, reduzindo-a assim a um jogo de letras; a pol\u00edtica da psican\u00e1lise lacaniana no que diz respeito \u00e0s suas rela\u00e7\u00f5es com a ci\u00eancia, sobretudo esta ci\u00eancia que, ao fazer alian\u00e7a com o discurso capitalista, traz resson\u00e2ncias diretas em nossa pr\u00e1tica cl\u00ednica; a rela\u00e7\u00e3o do saber com a verdade do inconsciente, considerando que as forma\u00e7\u00f5es do inconsciente produzem efeitos de verdade em uma experi\u00eancia anal\u00edtica, e que, uma vez inscritos e depositados, estes efeitos de verdade tornam-se saber, indicando ent\u00e3o, uma passagem da verdade para o saber, sob transfer\u00eancia.<\/h4>\n[\/vc_column_text][vc_btn title=&#8221;Leia Mais&#8221; color=&#8221;chino&#8221; align=&#8221;center&#8221; link=&#8221;url:http%3A%2F%2Febp.org.br%2Fsp%2Fconversacao-da-orientacao-lacaniana%2F||target:%20_blank|&#8221;][\/vc_column][\/vc_row][vc_row][vc_column][vc_custom_heading text=&#8221;XXII Encontro Brasileiro do Campo Freudiano (Preparat\u00f3ria)&#8221; font_container=&#8221;tag:h2|text_align:center|color:%23a8140a&#8221; use_theme_fonts=&#8221;yes&#8221;][\/vc_column][\/vc_row][vc_row][vc_column][vc_single_image image=&#8221;3325&#8243; img_size=&#8221;200&#215;200&#8243; alignment=&#8221;center&#8221;][vc_column_text css=&#8221;.vc_custom_1536715602374{border-radius: 2px !important;}&#8221;]\n<h4 style=\"text-align: center;\"><strong>Falo imagin\u00e1rio, falo simb\u00f3lico e suas consequ\u00eancias para o falocentrismo<\/strong><\/h4>\n<h4 style=\"text-align: right;\">Gabriela Malvezzi<\/h4>\n<h4>Em entrevista para o site do XXII Encontro Brasileiro do Campo Freudiano &#8211; \u201cA queda do falocentrismo. Consequ\u00eancias para a psican\u00e1lise\u201d -, Marie H\u00e9l\u00e8ne Brousse1 diz n\u00e3o haver equ\u00edvoco quanto a uma queda do patriarcado, poder tradicional que garantia uma estrutura hier\u00e1rquica a partir da posi\u00e7\u00e3o de exce\u00e7\u00e3o do pai. Da\u00ed adv\u00e9m uma fragiliza\u00e7\u00e3o do que ela chama de valor f\u00e1lico. Em contrapartida, localizando no Semin\u00e1rio 5, de Lacan, o falo como poder \u00e0 palavra, dissociado do p\u00eanis, considera a queda do falocentrismo como question\u00e1vel. Em seu entendimento, no contempor\u00e2neo o falo segue como marca\u00e7\u00e3o de poder e o que ocorre \u00e9 uma tentativa de tomada de poder da palavra pelas mulheres.<\/h4>\n<h4>Parte do trabalho de Marcus Andr\u00e9 Vieira2, ao apresentar o tema do Encontro na Se\u00e7\u00e3o S\u00e3o Paulo da Escola Brasileira de Psican\u00e1lise, conversa com esta entrevista. De sa\u00edda, ele nos aponta que a equa\u00e7\u00e3o do falocentrismo &#8211; um conceito que n\u00e3o pertence \u00e0 psican\u00e1lise &#8211; \u00e9: p\u00eanis = falo. Tamb\u00e9m direciona que a pergunta quanto \u00e0 queda do falocentrismo diz respeito \u00e0 queda da significa\u00e7\u00e3o f\u00e1lica. Isso implica em uma distin\u00e7\u00e3o entre falo imagin\u00e1rio e falo simb\u00f3lico.<\/h4>\n<h4><\/h4>\n[\/vc_column_text][vc_btn title=&#8221;Leia Mais&#8221; color=&#8221;chino&#8221; align=&#8221;center&#8221; link=&#8221;url:http%3A%2F%2Febp.org.br%2Fsp%2Ffalo-imaginario-falo-simbolico-e-suas-consequencias-para-o-falocentrismo%2F||target:%20_blank|&#8221;][\/vc_column][\/vc_row][vc_row][vc_column][vc_single_image image=&#8221;3445&#8243; img_size=&#8221;600&#215;825&#8243; alignment=&#8221;center&#8221;][vc_column_text][\/vc_column_text][\/vc_column][\/vc_row][vc_row][vc_column width=&#8221;1\/2&#8243;][vc_column_text]<img loading=\"lazy\" decoding=\"async\" class=\"aligncenter wp-image-2733 size-full\" src=\"http:\/\/ebp.org.br\/sp\/wp-content\/uploads\/2018\/03\/Capa-do-face-5.jpg\" alt=\"\" width=\"720\" height=\"300\" \/>[\/vc_column_text][\/vc_column][vc_column width=&#8221;1\/2&#8243;][vc_column_text]\n<h4><strong>Informamos que est\u00e3o encerradas<\/strong><strong><img loading=\"lazy\" decoding=\"async\" class=\"alignright wp-image-3370 \" src=\"http:\/\/ebp.org.br\/sp\/wp-content\/uploads\/2018\/09\/Inscri\u00e7\u00f5es-encerradas-1-300x286.jpg\" alt=\"\" width=\"269\" height=\"256\" \/><\/strong><strong>\u00a0as\u00a0<\/strong><strong>inscri\u00e7\u00f5es para as VIII Jornadas da EBP-SP &#8211; \u201cAmor e sexo em tempos de (des)conex\u00f5es\u201d.\u00a0<\/strong><\/h4>\n<h4><strong>Agradecemos a todos(as) que se inscreveram!<\/strong><br \/>\n<strong>Prorrogada a data de envio de trabalhos para 29\/09.<\/strong><\/h4>\n[\/vc_column_text][\/vc_column][\/vc_row][vc_row][vc_column][vc_column_text]\n<div id=\"channel-header-container\" class=\"style-scope ytd-c4-tabbed-header-renderer\">\u00a0<img loading=\"lazy\" decoding=\"async\" id=\"img\" class=\"style-scope yt-img-shadow aligncenter\" src=\"https:\/\/yt3.ggpht.com\/-fkPOfR9OFBs\/AAAAAAAAAAI\/AAAAAAAAAAA\/MJLghk430kw\/s288-mo-c-c0xffffffff-rj-k-no\/photo.jpg\" alt=\"\" width=\"80\" height=\"288\" \/><\/div>\n<div class=\"style-scope ytd-c4-tabbed-header-renderer\">\n<h3 id=\"inner-header-container\" class=\"style-scope ytd-c4-tabbed-header-renderer\" style=\"text-align: center;\">\u00a0CANAL YouTube<\/h3>\n<h3 style=\"text-align: center;\"><\/h3>\n<div><\/div>\n<div id=\"sponsor-button\" class=\"style-scope ytd-c4-tabbed-header-renderer\"><\/div>\n<div id=\"edit-buttons\" class=\"style-scope ytd-c4-tabbed-header-renderer\"><\/div>\n<div id=\"other-buttons\" class=\"style-scope ytd-c4-tabbed-header-renderer\"><\/div>\n<\/div>\n<div id=\"links-holder\" class=\"style-scope ytd-c4-tabbed-header-renderer\">\n<div id=\"primary-links\" class=\"style-scope ytd-c4-tabbed-header-renderer\">\n<div class=\"icon-container style-scope ytd-c4-tabbed-header-renderer\"><\/div>\n<\/div>\n<\/div>\n[\/vc_column_text][\/vc_column][\/vc_row][vc_row][vc_column][vc_custom_heading text=&#8221;Semin\u00e1rio dos Membros&#8221; font_container=&#8221;tag:h3|text_align:center|color:%231e73be&#8221; use_theme_fonts=&#8221;yes&#8221;][vc_column_text]\n<h3>Semin\u00e1rio:\u00a0<em>INCONSCIENTE: do inconsciente transferencial\u00a0ao inconsciente real\u00a0<\/em><\/h3>\n<h4 dir=\"auto\"><strong>Respons\u00e1vel: Eliana Machado Figueiredo\u00a0\u00a0<\/strong><\/h4>\n<h4 dir=\"auto\"><strong>Dia: S\u00e1bados\u00a0 \u00a0 \u00a0 \u00a0 \u00a0 \u00a0 \u00a0 \u00a0 \u00a0Hor\u00e1rio: 10h00 \u00e0s 12h00<\/strong><\/h4>\n<h4 dir=\"auto\"><strong>Datas: 15\/09 &#8211; 06\/10 &#8211; 01\/12<\/strong><\/h4>\n<h4 dir=\"auto\"><strong>Local: Rua Ant\u00f4nio Meyer, 228, Centro, Mogi das Cruzes\u00a0\u00a0<\/strong><\/h4>\n<h4 dir=\"auto\"><strong>Contato:\u00a0<\/strong>\u00a0<a href=\"mailto:elianasoliano@hotmail.com\">elianasoliano@hotmail.com<\/a><strong>\u00a0\/WhatsApp\u00a0\u00a0<\/strong><a href=\"tel:+5511994965006\" target=\"_blank\" rel=\"noopener noreferrer\" data-auth=\"NotApplicable\">(11) 99496-5006<\/a><\/h4>\n<div dir=\"auto\">_____________________________________________<\/div>\n<div dir=\"auto\"><\/div>\n<div dir=\"auto\"><\/div>\n<div dir=\"auto\">\n<h3>Semin\u00e1rio:\u00a0<em>A er\u00f3tica da puls\u00e3o de<\/em><strong>\u00a0morte<\/strong><u><\/u><u><\/u><\/h3>\n<h4 class=\"x_MsoNormal\"><strong>Respons\u00e1vel: Fernando Prota<u><\/u><u><\/u><\/strong><\/h4>\n<h4 class=\"x_MsoNormal\"><strong>Dia: Quintas-feiras\u00a0 \u00a0 \u00a0 \u00a0 \u00a0 \u00a0 \u00a0 \u00a0 \u00a0 \u00a0 \u00a0 \u00a0 Hor\u00e1rio: 19h15<\/strong><\/h4>\n<h4 class=\"x_MsoNormal\"><strong>Datas: 23\/08 &#8211; 27\/09 &#8211; 18\/10 &#8211; 08\/11 &#8211; 06\/12<u><\/u><\/strong><\/h4>\n<h4><strong>Local: Rua Galileu Galilei,1800 &#8211; sala 905 &#8211; Jd. Canad\u00e1 &#8211; Ribeir\u00e3o Preto<\/strong><\/h4>\n<\/div>\n<div dir=\"auto\"><\/div>\n[\/vc_column_text][\/vc_column][\/vc_row][vc_row][vc_column][vc_custom_heading text=&#8221;Comiss\u00e3o de Acolhimento&#8221; font_container=&#8221;tag:h3|text_align:center|color:%231e73be&#8221; use_theme_fonts=&#8221;yes&#8221;][\/vc_column][\/vc_row][vc_row][vc_column][vc_column_text]\n<h5>\u201cAntes de mais nada, um princ\u00edpio: o psicanalista s\u00f3 se autoriza de si mesmo. (&#8230;) Isso n\u00e3o impede que a Escola garanta que um analista depende de sua forma\u00e7\u00e3o\u201d. Cinquenta anos depois, esta frase de Lacan na Proposi\u00e7\u00e3o de 9 de outubro de 1967 sobre o psicanalista da Escola, segue desafiando e colocando a trabalho aqueles que t\u00eam seu desejo causado pela psican\u00e1lise. Um enunciado que nos toca pelo que entrela\u00e7a de duas proposi\u00e7\u00f5es aparentemente contradit\u00f3rias. Se o caminho de cada analista \u00e9 o caminho solit\u00e1rio da singularidade, sua forma\u00e7\u00e3o n\u00e3o se faz sem partilhar os princ\u00edpios e as orienta\u00e7\u00f5es que sustentam a psican\u00e1lise e sua pr\u00e1xis. A Escola \u00e9, como quis Lacan, o suporte desse desejo vivo e decidido. O que \u00e9 a Escola Brasileira de Psican\u00e1lise? Qual sua rela\u00e7\u00e3o com a Escola fundada por Lacan? Qual ensino ela dispensa? O que \u00e9 ser membro de Escola e quais as formas de admiss\u00e3o? O que \u00e9 o passe? O que a Se\u00e7\u00e3o S\u00e3o Paulo representa no \u00e2mbito da Escola? A comiss\u00e3o de acolhimento da Se\u00e7\u00e3o S\u00e3o Paulo pode ser um primeiro contato para esclarecer essas e tantas outras quest\u00f5es que possam surgir a partir da transfer\u00eancia com a psican\u00e1lise e com o ensino de Lacan no Brasil. Se voc\u00ea deseja saber mais, entre em contato para agendar um encontro com um dos membros da Comiss\u00e3o.<\/h5>\n<h5 style=\"text-align: center;\">Comiss\u00e3o de Acolhimento da EBP-Se\u00e7\u00e3o S\u00e3o Paulo:<\/h5>\n<h5 style=\"text-align: center;\">Cynthia Nunes de Freitas Farias<\/h5>\n<h5 style=\"text-align: center;\">Tel: 11 30856415\/ 11 981494376<\/h5>\n<h5 style=\"text-align: center;\">email: <span style=\"color: #333399;\">cynthianffarias@gmail.com <\/span><\/h5>\n<h5 style=\"text-align: center;\">Eliane Costa Dias<\/h5>\n<h5 style=\"text-align: center;\">Tel:(11) 3081.7428 \/ 99178.6359<\/h5>\n<h5 style=\"text-align: center;\">email: <span style=\"color: #333399;\">delreycosta@uol.com.br <\/span><\/h5>\n<h5 style=\"text-align: center;\">Paola Salinas<\/h5>\n<h5 style=\"text-align: center;\">Tel: (16) 997948200<\/h5>\n<h5 style=\"text-align: center;\">Email: <span style=\"color: #333399;\">paolasalinas11@yahoo.com.br<\/span><\/h5>\n[\/vc_column_text][vc_column_text]<img loading=\"lazy\" decoding=\"async\" class=\"aligncenter wp-image-2726 size-full\" src=\"http:\/\/ebp.org.br\/sp\/wp-content\/uploads\/2018\/03\/Rodap\u00e9-CSP-1.jpg\" alt=\"\" width=\"939\" height=\"367\" \/>[\/vc_column_text][\/vc_column][\/vc_row]\n<\/section>","protected":false},"excerpt":{"rendered":"<p>[vc_row][vc_column][vc_single_image image=&#8221;3327&#8243; img_size=&#8221;full&#8221; alignment=&#8221;center&#8221;][\/vc_column][\/vc_row][vc_row][vc_column][vc_single_image image=&#8221;3317&#8243; img_size=&#8221;800&#215;815&#8243; alignment=&#8221;center&#8221;][\/vc_column][\/vc_row][vc_row full_width=&#8221;stretch_row&#8221; css=&#8221;.vc_custom_1435233845530{padding-top: 50px !important;padding-bottom: 50px !important;background-color: #f7f7f7 !important;}&#8221;][vc_column css=&#8221;.vc_custom_1521845468593{border-radius: 2px !important;}&#8221;][vc_custom_heading text=&#8221;Editorial&#8221; use_theme_fonts=&#8221;yes&#8221;][vc_column_text css=&#8221;.vc_custom_1536715360128{border-radius: 2px !important;}&#8221;] Perp\u00e9tua Medrado Gon\u00e7alves (Aderente EBP Se\u00e7\u00e3o S\u00e3o Paulo) Convido os leitores a lerem esta edi\u00e7\u00e3o da Carta de S\u00e3o Paulo online escrita por algumas colegas que aqui elucidam o tema \u201cFreud e&hellip;<\/p>\n","protected":false},"author":2,"featured_media":0,"parent":1231,"menu_order":0,"comment_status":"closed","ping_status":"closed","template":"","meta":{"footnotes":""},"class_list":["post-3307","page","type-page","status-publish","hentry","entry","no-media"],"aioseo_notices":[],"_links":{"self":[{"href":"https:\/\/ebp.org.br\/sp\/wp-json\/wp\/v2\/pages\/3307","targetHints":{"allow":["GET"]}}],"collection":[{"href":"https:\/\/ebp.org.br\/sp\/wp-json\/wp\/v2\/pages"}],"about":[{"href":"https:\/\/ebp.org.br\/sp\/wp-json\/wp\/v2\/types\/page"}],"author":[{"embeddable":true,"href":"https:\/\/ebp.org.br\/sp\/wp-json\/wp\/v2\/users\/2"}],"replies":[{"embeddable":true,"href":"https:\/\/ebp.org.br\/sp\/wp-json\/wp\/v2\/comments?post=3307"}],"version-history":[{"count":0,"href":"https:\/\/ebp.org.br\/sp\/wp-json\/wp\/v2\/pages\/3307\/revisions"}],"up":[{"embeddable":true,"href":"https:\/\/ebp.org.br\/sp\/wp-json\/wp\/v2\/pages\/1231"}],"wp:attachment":[{"href":"https:\/\/ebp.org.br\/sp\/wp-json\/wp\/v2\/media?parent=3307"}],"curies":[{"name":"wp","href":"https:\/\/api.w.org\/{rel}","templated":true}]}}