{"id":3033,"date":"2018-06-07T17:19:08","date_gmt":"2018-06-07T20:19:08","guid":{"rendered":"http:\/\/ebp.org.br\/sp\/?page_id=3033"},"modified":"2018-06-07T17:19:08","modified_gmt":"2018-06-07T20:19:08","slug":"cupid-02","status":"publish","type":"page","link":"https:\/\/ebp.org.br\/sp\/jornadas\/viii-jornadas\/boletim-viii-jornadas\/cupid-02\/","title":{"rendered":"#Cupid 02"},"content":{"rendered":"<section class=\"wpb-content-wrapper\">[vc_row][vc_column][vc_single_image image=&#8221;3000&#8243; img_size=&#8221;full&#8221; alignment=&#8221;center&#8221;][\/vc_column][\/vc_row][vc_row][vc_column][vc_column_text]\n<figure id=\"attachment_3020\" aria-describedby=\"caption-attachment-3020\" style=\"width: 400px\" class=\"wp-caption alignright\"><img loading=\"lazy\" decoding=\"async\" class=\"wp-image-3020 size-full\" src=\"http:\/\/ebp.org.br\/sp\/wp-content\/uploads\/2018\/06\/Gilbert-Garcin-La-Rupture_2_1400_500.jpg\" alt=\"\" width=\"400\" height=\"297\" \/><figcaption id=\"caption-attachment-3020\" class=\"wp-caption-text\">Gilbert Garcin &#8211; La rupture &#8211; The rupture, 2009 &#8211; Gelatin silver print<\/figcaption><\/figure>\n<h5>Amar \u00e9 coisa de minutos<\/h5>\n<h5>Amar voc\u00ea \u00e9 coisa de minutos<br \/>\nA morte \u00e9 menos que teu beijo<br \/>\nT\u00e3o bom ser teu que sou<br \/>\nEu a teus p\u00e9s derramado<br \/>\nPouco resta do que fui<br \/>\nDe ti depende ser bom ou ruim<br \/>\nSerei o que achares conveniente<br \/>\nSerei para ti mais que um c\u00e3o<br \/>\nUma sombra que te aquece<br \/>\nUm deus que n\u00e3o esquece<br \/>\nUm servo que n\u00e3o diz n\u00e3o<br \/>\nMorto teu pai serei teu irm\u00e3o<br \/>\nDirei os versos que quiseres<br \/>\nEsquecerei todas as mulheres<br \/>\nSerei tanto e tudo e todos<br \/>\nVais ter nojo de eu ser isso<br \/>\nE estarei a teu servi\u00e7o<br \/>\nEnquanto durar meu corpo<br \/>\nEnquanto me correr nas veias<br \/>\nO rio vermelho que se inflama<br \/>\nAo ver teu rosto feito tocha<br \/>\nSerei teu rei teu p\u00e3o tua coisa tua rocha<br \/>\nSim, eu estarei aqui<\/h5>\n<h5>(Paulo Leminski)<\/h5>\n[\/vc_column_text][vc_column_text]\n<figure id=\"attachment_3001\" aria-describedby=\"caption-attachment-3001\" style=\"width: 189px\" class=\"wp-caption alignright\"><img loading=\"lazy\" decoding=\"async\" class=\"size-full wp-image-3001\" src=\"http:\/\/ebp.org.br\/sp\/wp-content\/uploads\/2018\/06\/cupid002_001.png\" alt=\"\" width=\"189\" height=\"189\" \/><figcaption id=\"caption-attachment-3001\" class=\"wp-caption-text\">(Imagem: Brazilian Art Developers\/BAD; foto: @mariabaigur)<\/figcaption><\/figure>\n<h3><span style=\"color: #800000;\">#Editorial<\/span><\/h3>\n<h6>Por Veridiana Marucio &#8211; Coordenadora Geral das Jornadas<\/h6>\n<p>#Bem-vindos ao #Cupid2!<\/p>\n<p>Seguimos com a prepara\u00e7\u00e3o para as VIII Jornadas da Se\u00e7\u00e3o S\u00e3o Paulo: Amor e sexo em tempos de (des)conex\u00f5es. Apresentamos nossas contribui\u00e7\u00f5es com a expectativa de que voc\u00eas possam se conectar mais ainda ao nosso tema!<\/p>\n<p>Em #Interven\u00e7\u00f5es Art\u00edsticas, Fab\u00edola Ramon aborda, em um breve texto, o trabalho de Bansksy, artista ingl\u00eas que, assim como o rato utilizado no cartaz das jornadas, se lan\u00e7a na arte a partir do que faz furo na cidade, como ela nos aponta.<\/p>\n<p>Em #Ecos de Quarta contamos com uma vasta pesquisa realizada por Fernanda Ottoni Brisset a partir de seu encontro com o livro &#8211; O que do encontro se escreve e de seu autor, Pierre Naveau, pela ocasi\u00e3o das Jornadas da Se\u00e7\u00e3o Minas de 2017. Segundo ela, o livro conversa de perto com o tema das nossas jornadas: \u201cA l\u00f3gica do encontro se articula, indiscutivelmente, com as conex\u00f5es e desconex\u00f5es, com o que n\u00e3o existe e o que insiste, com os fios que tecem um la\u00e7o e o furo que desse la\u00e7o participa\u201d.<\/p>\n<p>#Em tempos de Black Mirror traz uma contribui\u00e7\u00e3o de Marcus Andr\u00e9 Vieira. A s\u00e9rie criada pelo brit\u00e2nico Charlie Brooker n\u00e3o trata somente de tecnologia, mas sim da forma como ela afeta a maneira como vivemos nos dias atuais. Sim, o tempo verbal est\u00e1 no presente! Como nos lembra Marcus Andr\u00e9 no texto que aqui apresentamos, fruto de uma atividade da A\u00e7\u00e3o Lacaniana, os epis\u00f3dios est\u00e3o centrados em fatos que podem acontecer em 10 minutos se formos desastrados! Eles ilustram onde podemos chegar com rela\u00e7\u00e3o a diferentes quest\u00f5es presentes na atualidade. \u201c\u00c9 preciso a singularidade para amar\u201d?\u00a0 Pergunta Marcus Andr\u00e9 no final de seu texto, quest\u00e3o que abre uma boa conversa e que se conecta ao nosso tema.<\/p>\n<p>Aproveitem as dicas do #Match e se inspirem em suas pesquisas no #Refer\u00eancias Bibliogr\u00e1ficas.<\/p>\n<p>Aproveitem a leitura![\/vc_column_text][vc_separator][vc_column_text]\n<figure id=\"attachment_3016\" aria-describedby=\"caption-attachment-3016\" style=\"width: 225px\" class=\"wp-caption alignright\"><img loading=\"lazy\" decoding=\"async\" class=\"size-full wp-image-3016\" src=\"https:\/\/ebp.org.br\/new\/sp\/wp-content\/uploads\/2018\/06\/bansky-1.png\" alt=\"\" width=\"225\" height=\"251\" \/><figcaption id=\"caption-attachment-3016\" class=\"wp-caption-text\">BANKSY &#8211; Because I\u2019m Worthless (Placard Rat)<\/figcaption><\/figure>\n<h3><span style=\"color: #800000;\">#Interven\u00e7\u00f5es Art\u00edsticas<\/span><\/h3>\n<h3><span style=\"color: #800000;\">Love Rat, de Banksy &#8211; sobre a imagem do cartaz das Jornadas<\/span><\/h3>\n<h6>Por Fabiola Ramon (correspondente da Se\u00e7\u00e3o S Paulo)<\/h6>\n<p>\u00c9 Banksy, artista an\u00f4nimo brit\u00e2nico, que assim como o rato do cartaz das VIII Jornadas da Se\u00e7\u00e3o S. Paulo, se lan\u00e7a na arte a partir do que faz furo na cidade, estilha\u00e7ando a ideia de interven\u00e7\u00e3o art\u00edstica e estabelecendo novas conex\u00f5es e desconex\u00f5es a partir da pintura do grafite.<\/p>\n<p>No lugar da moldura, enquadramento do ideal rom\u00e2ntico que vela o objeto e que almeja fazer supl\u00eancia \u00e0 n\u00e3o exist\u00eancia da rela\u00e7\u00e3o sexual, o grafite de Banksy invade os (a)muros e brechas da cidade, fazendo sua arte existir em qualquer parte sem permiss\u00e3o, sem uma ordem ou norma estabelecida. Suas interven\u00e7\u00f5es exp\u00f5em e interpretam os furos da cidade, da pol\u00edtica, das rela\u00e7\u00f5es e do la\u00e7o, sendo esses o seu o suporte, sua \u201cmoldura\u201d. A partir desse enquadre sem tela, suas obras mostram e criam novas e antigas conex\u00f5es e desconex\u00f5es que, ao serem interpretadas, reinventam a cidade e o la\u00e7o.[\/vc_column_text][vc_btn title=&#8221;Leia mais&#8221; color=&#8221;juicy-pink&#8221; link=&#8221;url:http%3A%2F%2Febp.org.br%2Fsp%2Flove-rat-de-banksy-sobre-a-imagem-do-cartaz-das-jornadas%2F|||&#8221;][vc_separator][vc_column_text]\n<figure id=\"attachment_3002\" aria-describedby=\"caption-attachment-3002\" style=\"width: 250px\" class=\"wp-caption alignright\"><img loading=\"lazy\" decoding=\"async\" class=\"size-full wp-image-3002\" src=\"http:\/\/ebp.org.br\/sp\/wp-content\/uploads\/2018\/06\/cupid002_002.png\" alt=\"\" width=\"250\" height=\"186\" \/><figcaption id=\"caption-attachment-3002\" class=\"wp-caption-text\">(Foto: Gian Lucca Amoroso)<\/figcaption><\/figure>\n<h3><span style=\"color: #800000;\">#Ecos de Quarta<\/span><\/h3>\n<h3><span style=\"color: #800000;\">O la\u00e7o entre o amor e a coragem<\/span><\/h3>\n<h6>Por Fernanda Otoni-Brisset \u00a0(Membro da EBP &#8211; AMP)<\/h6>\n<p>O que do encontro se escreve, livro de Pierre Naveau, nos adverte que \u201ca mola do encontro \u2013 o real do inconsciente \u2013 n\u00e3o deve ser esquecido.\u201d Isso nos ensina a ler a l\u00f3gica do gozo nos encontros entre seres falantes. O livro conversa de perto com a Jornada deste ano, na EBP S\u00e3o Paulo: \u201cAmor e sexo em tempo de (des)conex\u00f5es.\u201d<\/p>\n<p>A l\u00f3gica do encontro se articula, indiscutivelmente, com as conex\u00f5es e desconex\u00f5es, com o que n\u00e3o existe e o que insiste, com os fios que tecem um la\u00e7o e o furo que desse la\u00e7o participa. O bin\u00e1rio Amor e Sexo interroga essa costura. Nem sempre amor e sexo andam juntos, ali\u00e1s reunir esses dois em um instante \u00e9 raro! O que verificamos, n\u00e3o raro, \u00e9 a experi\u00eancia de amar desconectada do sexo e a experi\u00eancia do sexo sem amor. Mesmo quando se ama e se faz sexo com o parceiro, a disjun\u00e7\u00e3o est\u00e1 l\u00e1. \u00c9 poss\u00edvel o encontro entre amor e sexo? Uma pergunta! Mas seja como for, o que nos adianta Pierre Naveau \u00e9 que para um encontro acontecer \u201c\u00e9 preciso, diz Lacan, coragem, e at\u00e9 mesmo, J.-A. Miller n\u00e3o hesita em diz\u00ea-lo, hero\u00edsmo.\u201d[\/vc_column_text][vc_btn title=&#8221;Leia mais&#8221; color=&#8221;juicy-pink&#8221; link=&#8221;url:http%3A%2F%2Febp.org.br%2Fsp%2Fo-laco-entre-o-amor-e-a-coragem-fernanda-otoni-brisset%2F|||&#8221;][vc_separator][vc_column_text]\n<figure id=\"attachment_3003\" aria-describedby=\"caption-attachment-3003\" style=\"width: 335px\" class=\"wp-caption alignright\"><img loading=\"lazy\" decoding=\"async\" class=\"size-full wp-image-3003\" src=\"http:\/\/ebp.org.br\/sp\/wp-content\/uploads\/2018\/06\/cupid002_003.png\" alt=\"\" width=\"335\" height=\"188\" \/><figcaption id=\"caption-attachment-3003\" class=\"wp-caption-text\">(Foto: Cena do epis\u00f3dio \u2018Be right back\u2019, da s\u00e9rie Black Mirror. Fonte: em.wikipedia.org<\/figcaption><\/figure>\n<h3><span style=\"color: #800000;\">#Em tempos de Black Mirror<\/span><\/h3>\n<h3><span style=\"color: #800000;\">Be right here<\/span><\/h3>\n<h6>Por Marcus Andr\u00e9 Vieira \u00a0(Membro da EBP &#8211; AMP)<\/h6>\n<p>Gostei muito, na prepara\u00e7\u00e3o para esse encontro, de ter descoberto Charlie Brooker, criador da s\u00e9rie Black Mirror e roteirista da maior parte dos epis\u00f3dios, incluindo o que acabamos de ver. Ele tem uma coluna no The Guardian com aquele humor ingl\u00eas que ajuda muito a entender a s\u00e9rie. Trago, por exemplo, para essa discuss\u00e3o uma frase dele que resume, a meu ver, o forte da coisa: \u201cQuis escrever sobre o que vai acontecer daqui a dez minutos se n\u00f3s formos desastrados\u201d. N\u00e3o \u00e9 essa a impress\u00e3o que temos com a s\u00e9rie? De algo que est\u00e1 na nossa porta, ou j\u00e1 dentro de casa?[\/vc_column_text][vc_btn title=&#8221;Leia mais&#8221; color=&#8221;juicy-pink&#8221; link=&#8221;url:http%3A%2F%2Febp.org.br%2Fsp%2Fbe-right-here-marcus-andre-vieira%2F|||&#8221;][vc_separator][vc_column_text]\n<h3><span style=\"color: #800000;\">#Match<\/span><\/h3>\n<h6>Por Comiss\u00e3o de Acolhimento<\/h6>\n<p>O tema de trabalho escolhido para essa VIII Jornadas da Se\u00e7\u00e3o S\u00e3o Paulo: Amor e Sexo em tempos de (des)conex\u00f5es, proporciona um movimento no campo de nossa investiga\u00e7\u00e3o em interc\u00e2mbio constante com o cinema, a literatura, a m\u00fasica e a arte. Cabe a cada um recolher os efeitos desta abertura.<\/p>\n<p>A comiss\u00e3o de acolhimento\u00a0estar\u00e1 conectada com os acontecimentos culturais de nossa cidade, na inten\u00e7\u00e3o de criar espa\u00e7os de encontro com eventos\u00a0que movimentam a vida e vivificam nossa quest\u00e3o\u00a0para este trabalho.<\/p>\n<p>Sejam bem-vindos \u00e0 vida e aos lugares de nossa capital t\u00e3o (des)conectada![\/vc_column_text][vc_btn title=&#8221;Leia mais&#8221; color=&#8221;juicy-pink&#8221; link=&#8221;url:http%3A%2F%2Febp.org.br%2Fsp%2Fmatch%2F|||&#8221;][\/vc_column][\/vc_row][vc_row css=&#8221;.vc_custom_1528402509152{background-color: #f4f4f4 !important;}&#8221;][vc_column width=&#8221;1\/2&#8243;][vc_column_text]\n<h3 style=\"text-align: center;\"><span style=\"color: #800000;\">Refer\u00eancias bibliogr\u00e1ficas<\/span><\/h3>\n<h6 style=\"text-align: center;\">Por Daniela de Barros Affonso\u00a0e Comiss\u00e3o<\/h6>\n<p><img loading=\"lazy\" decoding=\"async\" class=\"size-full wp-image-3018 aligncenter\" src=\"http:\/\/ebp.org.br\/sp\/wp-content\/uploads\/2018\/06\/cupid002_mini_biblio.png\" alt=\"\" width=\"340\" height=\"170\" \/>[\/vc_column_text][vc_btn title=&#8221;Leia mais&#8221; color=&#8221;juicy-pink&#8221; align=&#8221;center&#8221; link=&#8221;url:http%3A%2F%2Febp.org.br%2Fsp%2Fjornadas%2Fviii-jornadas%2Fbibliografia-viii-jornadas%2F|||&#8221;][\/vc_column][vc_column width=&#8221;1\/2&#8243;][vc_column_text]\n<h3 style=\"text-align: center;\"><span style=\"color: #800000;\">Inscri\u00e7\u00f5es<\/span><\/h3>\n<h6 style=\"text-align: center;\">Clique para maiores informa\u00e7\u00f5es<\/h6>\n<p style=\"text-align: center;\"><img loading=\"lazy\" decoding=\"async\" class=\"size-full wp-image-3019 aligncenter\" src=\"http:\/\/ebp.org.br\/sp\/wp-content\/uploads\/2018\/06\/inscricoes.png\" alt=\"\" width=\"340\" height=\"170\" \/><\/p>\n[\/vc_column_text][vc_btn title=&#8221;Leia mais&#8221; color=&#8221;juicy-pink&#8221; align=&#8221;center&#8221; link=&#8221;url:http%3A%2F%2Febp.org.br%2Fsp%2Fjornadas%2Fviii-jornadas%2Finscricoes-viii-jornadas%2F|||&#8221;][\/vc_column][\/vc_row][vc_row][vc_column][vc_column_text]\n<p style=\"text-align: center;\"><img loading=\"lazy\" decoding=\"async\" class=\"size-full wp-image-2867 aligncenter\" src=\"http:\/\/ebp.org.br\/sp\/wp-content\/uploads\/2018\/05\/logo_rodape.jpg\" alt=\"\" width=\"187\" height=\"72\" \/><\/p>\n<p style=\"text-align: center;\"><strong>Equipe do Boletim #Cupid<\/strong><\/p>\n<p style=\"text-align: center;\">Milena Vicari Crastelo &#8211; Paula Caio &#8211; Eliana Figueiredo\u00a0 &#8211; Alessandra Pecego<br \/>\nMarcelo Augusto Fabri de Carvalho\u00a0 &#8211; Fabiola Ramon\u00a0 &#8211; Felipe Bier<\/p>\n[\/vc_column_text][\/vc_column][\/vc_row][vc_row][vc_column][vc_single_image image=&#8221;2866&#8243; img_size=&#8221;full&#8221; alignment=&#8221;center&#8221;][\/vc_column][\/vc_row]\n<\/section>","protected":false},"excerpt":{"rendered":"<p>[vc_row][vc_column][vc_single_image image=&#8221;3000&#8243; img_size=&#8221;full&#8221; alignment=&#8221;center&#8221;][\/vc_column][\/vc_row][vc_row][vc_column][vc_column_text] Amar \u00e9 coisa de minutos Amar voc\u00ea \u00e9 coisa de minutos A morte \u00e9 menos que teu beijo T\u00e3o bom ser teu que sou Eu a teus p\u00e9s derramado Pouco resta do que fui De ti depende ser bom ou ruim Serei o que achares conveniente Serei para ti mais que&hellip;<\/p>\n","protected":false},"author":1,"featured_media":0,"parent":2816,"menu_order":0,"comment_status":"closed","ping_status":"closed","template":"","meta":{"footnotes":""},"class_list":["post-3033","page","type-page","status-publish","hentry","entry","no-media"],"aioseo_notices":[],"_links":{"self":[{"href":"https:\/\/ebp.org.br\/sp\/wp-json\/wp\/v2\/pages\/3033","targetHints":{"allow":["GET"]}}],"collection":[{"href":"https:\/\/ebp.org.br\/sp\/wp-json\/wp\/v2\/pages"}],"about":[{"href":"https:\/\/ebp.org.br\/sp\/wp-json\/wp\/v2\/types\/page"}],"author":[{"embeddable":true,"href":"https:\/\/ebp.org.br\/sp\/wp-json\/wp\/v2\/users\/1"}],"replies":[{"embeddable":true,"href":"https:\/\/ebp.org.br\/sp\/wp-json\/wp\/v2\/comments?post=3033"}],"version-history":[{"count":0,"href":"https:\/\/ebp.org.br\/sp\/wp-json\/wp\/v2\/pages\/3033\/revisions"}],"up":[{"embeddable":true,"href":"https:\/\/ebp.org.br\/sp\/wp-json\/wp\/v2\/pages\/2816"}],"wp:attachment":[{"href":"https:\/\/ebp.org.br\/sp\/wp-json\/wp\/v2\/media?parent=3033"}],"curies":[{"name":"wp","href":"https:\/\/api.w.org\/{rel}","templated":true}]}}