{"id":1503,"date":"2017-09-05T13:20:22","date_gmt":"2017-09-05T16:20:22","guid":{"rendered":"http:\/\/ebp.org.br\/sp\/?page_id=1503"},"modified":"2023-10-13T08:53:04","modified_gmt":"2023-10-13T11:53:04","slug":"agenda","status":"publish","type":"page","link":"https:\/\/ebp.org.br\/sp\/agenda\/","title":{"rendered":"Agenda"},"content":{"rendered":"<section class=\"wpb-content-wrapper\">[vc_row][vc_column][vc_column_text]<div id=\"mec_skin_mec1\"\r\n     class=\"mec-wrap colorskin-custom   mec-full-calendar-wrap\">\r\n\r\n    <div class=\"mec-search-form mec-totalcal-box\">\r\n                                            <form id=\"mec_search_form_mec1\" class=\" mec-dropdown-classic\" autocomplete=\"off\" role=\"search\" aria-label=\"Event search\">\r\n                <div>\r\n\r\n                    \r\n                    <div class=\"mec-dropdown-wrap\">\r\n                                                                                                                                                                    <\/div>\r\n                <\/div>\r\n                                <div>\r\n                                                        <\/div>\r\n                <div class=\"mec-full-calendar-search-ends\">\r\n                                            <div class=\"mec-text-input-search\"><i class=\"mec-sl-magnifier\"><\/i>\r\n                    <input type=\"search\" value=\"\" id=\"mec_sf_s_mec1\" placeholder=\"Search\" title=\"Search\" \/>\r\n                <\/div>                                                                <div class=\"mec-date-search\"><input type=\"hidden\" id=\"mec-filter-none\" value=\"Select\"><i class=\"mec-sl-calendar\"><\/i>\r\n                    <select id=\"mec_sf_month_mec1\" title=\"Filtro de M\u00eas\">\r\n                        <option value=\"\">Select Month<\/option><option value=\"01\">janeiro<\/option><option value=\"02\">fevereiro<\/option><option value=\"03\">mar\u00e7o<\/option><option value=\"04\">abril<\/option><option value=\"05\">maio<\/option><option value=\"06\">junho<\/option><option value=\"07\">julho<\/option><option value=\"08\">agosto<\/option><option value=\"09\" selected>setembro<\/option><option value=\"10\">outubro<\/option><option value=\"11\">novembro<\/option><option value=\"12\">dezembro<\/option><\/select><select id=\"mec_sf_year_mec1\" title=\"Year Filter\"><option value=\"\">Select Year<\/option><option value=\"2026\" selected>2026<\/option><\/select><\/div>                                                                                <div class=\"mec-tab-loader\">\r\n                        <div class=\"mec-totalcal-view\">\r\n                                                        <span\r\n                                class=\"mec-totalcal-monthlyview\"\r\n                                data-skin=\"monthly\">Mensalmente<\/span>                            <span\r\n                                class=\"mec-totalcal-weeklyview\"\r\n                                data-skin=\"weekly\">Semanalmente<\/span>                            <span\r\n                                class=\"mec-totalcal-dailyview\"\r\n                                data-skin=\"daily\">Diariamente<\/span>                            <span\r\n                                class=\"mec-totalcal-listview mec-totalcalview-selected\"\r\n                                data-skin=\"list\">Lista<\/span>                            <span\r\n                                class=\"mec-totalcal-gridview\"\r\n                                data-skin=\"grid\">Grid<\/span>                            <span\r\n                                class=\"mec-totalcal-tileview\"\r\n                                data-skin=\"tile\">Tile<\/span>                        <\/div>\r\n                    <\/div>\r\n                <\/div>\r\n                <div id=\"mec_search_form_mec1_status\" class=\"mec-screen-reader-text\" role=\"status\" aria-live=\"polite\" aria-atomic=\"true\"><\/div>\r\n            <\/form>\r\n            <\/div>\r\n\r\n    <div id=\"mec_full_calendar_container_mec1\" class=\"mec-full-calendar-skin-container\">\r\n        <div class=\"mec-wrap mec-skin-list-container  \" id=\"mec_skin_mec1\">\r\n\r\n    \r\n            <div class=\"mec-skin-list-events-container\" id=\"mec_skin_events_mec1\">\r\n        <div class=\"mec-wrap colorskin-custom\">\r\n\t<div class=\"mec-event-list-standard\">\r\n\t\t\r\n                        <div class=\"mec-month-divider\" data-toggle-divider=\"mec-toggle-202609-mec1\"><h5 style=\"display: inline\">setembro 2026<\/h5><i class=\"mec-sl-arrow-down\"><\/i><\/div>\r\n            \r\n                        <article class=\"mec-past-event mec-event-article  mec-clear  mec-divider-toggle mec-toggle-202609-mec1\">\r\n                                                        <div class=\"mec-topsec\">\r\n                    \r\n                        <div class=\"col-md-9 mec-col-table-c mec-event-content-wrap\">\r\n                            <div class=\"mec-event-content\">\r\n                                                                                                <h3 class=\"mec-event-title\"><a class=\"mec-color-hover\" data-event-id=\"10254\" href=\"https:\/\/ebp.org.br\/sp\/events\/atividade-da-diretoria-da-ebp-secao-sao-paulo-6\/\" target=\"_blank\" rel=\"noopener\">Atividade da Diretoria da EBP &#8211; Se\u00e7\u00e3o S\u00e3o Paulo<\/a><\/h3>\r\n                                <div class=\"mec-event-description\">Falo como verificador do realApresenta: Cristiana Gallo \u2013 Membro da EBP\/AMPDebate: Eduardo Vallejos da Rocha \u2013 Membro da EBP\/AMPCoordena: Mirmila Musse \u2013 Membro da EBP\/AMP<\/div>\r\n                            <\/div>\r\n                        <\/div>\r\n                        <div class=\"col-md-3 mec-col-table-c mec-event-meta-wrap\">\r\n                            <div class=\"mec-event-meta mec-color-before\">\r\n                                <div class=\"mec-date-details\">\r\n                                                                            <span class=\"mec-event-d\"><i class=\"mec-sl-calendar\"><\/i><span class=\"mec-start-date-label\">02 set<\/span><\/span>\r\n                                                                    <\/div>\r\n                                                                <div class=\"mec-time-details\"><svg xmlns=\"http:\/\/www.w3.org\/2000\/svg\" width=\"16\" height=\"16\" viewBox=\"0 0 16 16\"><path id=\"clock\" d=\"M8,16a8,8,0,1,1,8-8A8.009,8.009,0,0,1,8,16ZM8,1.333A6.667,6.667,0,1,0,14.667,8,6.674,6.674,0,0,0,8,1.333Zm2.667,10a.665.665,0,0,1-.471-.2L7.529,8.471a.666.666,0,0,1-.144-.217A.673.673,0,0,1,7.333,8V3.333a.667.667,0,1,1,1.333,0V7.724L11.138,10.2a.667.667,0,0,1-.471,1.138Z\" fill=\"#60daf2\" \/><\/svg><span class=\"mec-start-time\">20:30<\/span> - <span class=\"mec-end-time\">22:00<\/span><\/div>                                                                                                                                                                                                \r\n                                <!--                                -->                            <\/div>\r\n                        <\/div>\r\n                    <\/div>\r\n                    <div class=\"mec-event-footer\">\r\n                                                <ul class=\"mec-event-sharing-wrap\">\r\n                            <li class=\"mec-event-share\">\r\n                                <a href=\"#\" class=\"mec-event-share-icon\">\r\n                                    <i class=\"mec-sl-share\" title=\"Share\"><\/i>\r\n                                <\/a>\r\n                            <\/li>\r\n                            <li>\r\n                                <ul class=\"mec-event-sharing\">\r\n                                    <li class=\"mec-event-social-icon\"><a class=\"facebook\" href=\"https:\/\/www.facebook.com\/sharer\/sharer.php?u=https%3A%2F%2Febp.org.br%2Fsp%2Fevents%2Fatividade-da-diretoria-da-ebp-secao-sao-paulo-6%2F\" onclick=\"javascript:window.open(this.href, '', 'menubar=no,toolbar=no,resizable=yes,scrollbars=yes,height=500,width=600'); return false;\" target=\"_blank\" title=\"Compartilhar no Facebook\"><i class=\"mec-fa-facebook\"><\/i><span class=\"mec-social-title\">Facebook<\/span><\/a><\/li><li class=\"mec-event-social-icon\"><a class=\"twitter\" href=\"https:\/\/x.com\/intent\/tweet?url=https%3A%2F%2Febp.org.br%2Fsp%2Fevents%2Fatividade-da-diretoria-da-ebp-secao-sao-paulo-6%2F\" onclick=\"javascript:window.open(this.href, '', 'menubar=no,toolbar=no,resizable=yes,scrollbars=yes,height=600,width=500'); return false;\" target=\"_blank\" title=\"X Social Network\"><svg xmlns=\"http:\/\/www.w3.org\/2000\/svg\" viewBox=\"0 0 512 462.799\"><path d=\"M403.229 0h78.506L310.219 196.04 512 462.799H354.002L230.261 301.007 88.669 462.799h-78.56l183.455-209.683L0 0h161.999l111.856 147.88L403.229 0zm-27.556 415.805h43.505L138.363 44.527h-46.68l283.99 371.278z\" \/><\/svg><span class=\"mec-social-title\">Twitter<\/span><\/a><\/li><li class=\"mec-event-social-icon\"><a class=\"linkedin\" href=\"https:\/\/www.linkedin.com\/shareArticle?mini=true&amp;url=https%3A%2F%2Febp.org.br%2Fsp%2Fevents%2Fatividade-da-diretoria-da-ebp-secao-sao-paulo-6%2F\" onclick=\"javascript:window.open(this.href, '', 'menubar=no,toolbar=no,resizable=yes,scrollbars=yes,height=600,width=500'); return false;\" target=\"_blank\" title=\"Linkedin\"><i class=\"mec-fa-linkedin\"><\/i><span class=\"mec-social-title\">Linkedin<\/span><\/a><\/li><li class=\"mec-event-social-icon\"><a class=\"email\" href=\"mailto:?subject=Atividade%20da%20Diretoria%20da%20EBP%20-%20Se%C3%A7%C3%A3o%20S%C3%A3o%20Paulo&amp;body=https%3A%2F%2Febp.org.br%2Fsp%2Fevents%2Fatividade-da-diretoria-da-ebp-secao-sao-paulo-6%2F\" title=\"E-mail\"><i class=\"mec-fa-envelope\"><\/i><span class=\"mec-social-title\">E-mail<\/span><\/a><\/li>                                <\/ul>\r\n                            <\/li>\r\n                        <\/ul>\r\n                                                                                                                        <a class=\"mec-booking-button\" data-event-id=\"10254\" href=\"https:\/\/ebp.org.br\/sp\/events\/atividade-da-diretoria-da-ebp-secao-sao-paulo-6\/\" target=\"_blank\" rel=\"noopener\">Ver Detalhes<\/a>                    <\/div>\r\n                            <\/article>\r\n            \t\t\r\n            \r\n                        <article class=\"mec-past-event mec-event-article  mec-clear  mec-divider-toggle mec-toggle-202609-mec1\">\r\n                                                        <div class=\"mec-topsec\">\r\n                    \r\n                        <div class=\"col-md-9 mec-col-table-c mec-event-content-wrap\">\r\n                            <div class=\"mec-event-content\">\r\n                                                                                                <h3 class=\"mec-event-title\"><a class=\"mec-color-hover\" data-event-id=\"10038\" href=\"https:\/\/ebp.org.br\/sp\/events\/seminarios-por-conta-e-risco-o-que-faz-sintoma\/\" target=\"_blank\" rel=\"noopener\">SEMIN\u00c1RIOS POR CONTA E RISCO &#8211; O que faz sintoma?<\/a><\/h3>\r\n                                <div class=\"mec-event-description\">O que faz sintoma? Luiz Fernando Carrijo da Cunha \u2013 AME da EBP\/AMP Presencial na EBP-SP e on-line exclusivamente para os que moram fora de S\u00e3o Paulo (Capital) Inscri\u00e7\u00f5es para participa\u00e7\u00e3o presencial e on-line inscrever.seminario@gmail.com Indicar no assunto do e-mail a modalidade de participa\u00e7\u00e3o \u2013 presencial ou on-line<\/div>\r\n                            <\/div>\r\n                        <\/div>\r\n                        <div class=\"col-md-3 mec-col-table-c mec-event-meta-wrap\">\r\n                            <div class=\"mec-event-meta mec-color-before\">\r\n                                <div class=\"mec-date-details\">\r\n                                                                            <span class=\"mec-event-d\"><i class=\"mec-sl-calendar\"><\/i><span class=\"mec-start-date-label\">09 set<\/span><\/span>\r\n                                                                    <\/div>\r\n                                                                <div class=\"mec-time-details\"><svg xmlns=\"http:\/\/www.w3.org\/2000\/svg\" width=\"16\" height=\"16\" viewBox=\"0 0 16 16\"><path id=\"clock\" d=\"M8,16a8,8,0,1,1,8-8A8.009,8.009,0,0,1,8,16ZM8,1.333A6.667,6.667,0,1,0,14.667,8,6.674,6.674,0,0,0,8,1.333Zm2.667,10a.665.665,0,0,1-.471-.2L7.529,8.471a.666.666,0,0,1-.144-.217A.673.673,0,0,1,7.333,8V3.333a.667.667,0,1,1,1.333,0V7.724L11.138,10.2a.667.667,0,0,1-.471,1.138Z\" fill=\"#60daf2\" \/><\/svg><span class=\"mec-start-time\">13:00<\/span> - <span class=\"mec-end-time\">15:00<\/span><\/div>                                                                                                                                                                                                \r\n                                <!--                                -->                            <\/div>\r\n                        <\/div>\r\n                    <\/div>\r\n                    <div class=\"mec-event-footer\">\r\n                                                <ul class=\"mec-event-sharing-wrap\">\r\n                            <li class=\"mec-event-share\">\r\n                                <a href=\"#\" class=\"mec-event-share-icon\">\r\n                                    <i class=\"mec-sl-share\" title=\"Share\"><\/i>\r\n                                <\/a>\r\n                            <\/li>\r\n                            <li>\r\n                                <ul class=\"mec-event-sharing\">\r\n                                    <li class=\"mec-event-social-icon\"><a class=\"facebook\" href=\"https:\/\/www.facebook.com\/sharer\/sharer.php?u=https%3A%2F%2Febp.org.br%2Fsp%2Fevents%2Fseminarios-por-conta-e-risco-o-que-faz-sintoma%2F\" onclick=\"javascript:window.open(this.href, '', 'menubar=no,toolbar=no,resizable=yes,scrollbars=yes,height=500,width=600'); return false;\" target=\"_blank\" title=\"Compartilhar no Facebook\"><i class=\"mec-fa-facebook\"><\/i><span class=\"mec-social-title\">Facebook<\/span><\/a><\/li><li class=\"mec-event-social-icon\"><a class=\"twitter\" href=\"https:\/\/x.com\/intent\/tweet?url=https%3A%2F%2Febp.org.br%2Fsp%2Fevents%2Fseminarios-por-conta-e-risco-o-que-faz-sintoma%2F\" onclick=\"javascript:window.open(this.href, '', 'menubar=no,toolbar=no,resizable=yes,scrollbars=yes,height=600,width=500'); return false;\" target=\"_blank\" title=\"X Social Network\"><svg xmlns=\"http:\/\/www.w3.org\/2000\/svg\" viewBox=\"0 0 512 462.799\"><path d=\"M403.229 0h78.506L310.219 196.04 512 462.799H354.002L230.261 301.007 88.669 462.799h-78.56l183.455-209.683L0 0h161.999l111.856 147.88L403.229 0zm-27.556 415.805h43.505L138.363 44.527h-46.68l283.99 371.278z\" \/><\/svg><span class=\"mec-social-title\">Twitter<\/span><\/a><\/li><li class=\"mec-event-social-icon\"><a class=\"linkedin\" href=\"https:\/\/www.linkedin.com\/shareArticle?mini=true&amp;url=https%3A%2F%2Febp.org.br%2Fsp%2Fevents%2Fseminarios-por-conta-e-risco-o-que-faz-sintoma%2F\" onclick=\"javascript:window.open(this.href, '', 'menubar=no,toolbar=no,resizable=yes,scrollbars=yes,height=600,width=500'); return false;\" target=\"_blank\" title=\"Linkedin\"><i class=\"mec-fa-linkedin\"><\/i><span class=\"mec-social-title\">Linkedin<\/span><\/a><\/li><li class=\"mec-event-social-icon\"><a class=\"email\" href=\"mailto:?subject=SEMIN%C3%81RIOS%20POR%20CONTA%20E%20RISCO%20-%20O%20que%20faz%20sintoma%3F&amp;body=https%3A%2F%2Febp.org.br%2Fsp%2Fevents%2Fseminarios-por-conta-e-risco-o-que-faz-sintoma%2F\" title=\"E-mail\"><i class=\"mec-fa-envelope\"><\/i><span class=\"mec-social-title\">E-mail<\/span><\/a><\/li>                                <\/ul>\r\n                            <\/li>\r\n                        <\/ul>\r\n                                                                                                                        <a class=\"mec-booking-button\" data-event-id=\"10038\" href=\"https:\/\/ebp.org.br\/sp\/events\/seminarios-por-conta-e-risco-o-que-faz-sintoma\/\" target=\"_blank\" rel=\"noopener\">Ver Detalhes<\/a>                    <\/div>\r\n                            <\/article>\r\n                        <article class=\"mec-event-article  mec-clear  mec-divider-toggle mec-toggle-202609-mec1\">\r\n                                                        <div class=\"mec-topsec\">\r\n                    \r\n                        <div class=\"col-md-9 mec-col-table-c mec-event-content-wrap\">\r\n                            <div class=\"mec-event-content\">\r\n                                                                                                <h3 class=\"mec-event-title\"><a class=\"mec-color-hover\" data-event-id=\"10255\" href=\"https:\/\/ebp.org.br\/sp\/events\/atividade-da-diretoria-da-ebp-secao-sao-paulo-7\/\" target=\"_blank\" rel=\"noopener\">Atividade da Diretoria da EBP \u2013 Se\u00e7\u00e3o S\u00e3o Paulo<\/a><\/h3>\r\n                                <div class=\"mec-event-description\">O real foraclui o sentidoApresenta: Gustavo Oliveira Menezes \u2013 Membro da EBP\/AMPDebate: Eduardo C\u00e9sar Benedicto \u2013 Membro da EBP\/AMPCoordena: Camila Col\u00e1s \u2013 Membro da EBP\/AMP<\/div>\r\n                            <\/div>\r\n                        <\/div>\r\n                        <div class=\"col-md-3 mec-col-table-c mec-event-meta-wrap\">\r\n                            <div class=\"mec-event-meta mec-color-before\">\r\n                                <div class=\"mec-date-details\">\r\n                                                                            <span class=\"mec-event-d\"><i class=\"mec-sl-calendar\"><\/i><span class=\"mec-start-date-label\">09 set<\/span><\/span>\r\n                                                                    <\/div>\r\n                                                                <div class=\"mec-time-details\"><svg xmlns=\"http:\/\/www.w3.org\/2000\/svg\" width=\"16\" height=\"16\" viewBox=\"0 0 16 16\"><path id=\"clock\" d=\"M8,16a8,8,0,1,1,8-8A8.009,8.009,0,0,1,8,16ZM8,1.333A6.667,6.667,0,1,0,14.667,8,6.674,6.674,0,0,0,8,1.333Zm2.667,10a.665.665,0,0,1-.471-.2L7.529,8.471a.666.666,0,0,1-.144-.217A.673.673,0,0,1,7.333,8V3.333a.667.667,0,1,1,1.333,0V7.724L11.138,10.2a.667.667,0,0,1-.471,1.138Z\" fill=\"#60daf2\" \/><\/svg><span class=\"mec-start-time\">20:30<\/span> - <span class=\"mec-end-time\">22:00<\/span><\/div>                                                                                                                                                                                                \r\n                                <!--                                -->                            <\/div>\r\n                        <\/div>\r\n                    <\/div>\r\n                    <div class=\"mec-event-footer\">\r\n                                                <ul class=\"mec-event-sharing-wrap\">\r\n                            <li class=\"mec-event-share\">\r\n                                <a href=\"#\" class=\"mec-event-share-icon\">\r\n                                    <i class=\"mec-sl-share\" title=\"Share\"><\/i>\r\n                                <\/a>\r\n                            <\/li>\r\n                            <li>\r\n                                <ul class=\"mec-event-sharing\">\r\n                                    <li class=\"mec-event-social-icon\"><a class=\"facebook\" href=\"https:\/\/www.facebook.com\/sharer\/sharer.php?u=https%3A%2F%2Febp.org.br%2Fsp%2Fevents%2Fatividade-da-diretoria-da-ebp-secao-sao-paulo-7%2F\" onclick=\"javascript:window.open(this.href, '', 'menubar=no,toolbar=no,resizable=yes,scrollbars=yes,height=500,width=600'); return false;\" target=\"_blank\" title=\"Compartilhar no Facebook\"><i class=\"mec-fa-facebook\"><\/i><span class=\"mec-social-title\">Facebook<\/span><\/a><\/li><li class=\"mec-event-social-icon\"><a class=\"twitter\" href=\"https:\/\/x.com\/intent\/tweet?url=https%3A%2F%2Febp.org.br%2Fsp%2Fevents%2Fatividade-da-diretoria-da-ebp-secao-sao-paulo-7%2F\" onclick=\"javascript:window.open(this.href, '', 'menubar=no,toolbar=no,resizable=yes,scrollbars=yes,height=600,width=500'); return false;\" target=\"_blank\" title=\"X Social Network\"><svg xmlns=\"http:\/\/www.w3.org\/2000\/svg\" viewBox=\"0 0 512 462.799\"><path d=\"M403.229 0h78.506L310.219 196.04 512 462.799H354.002L230.261 301.007 88.669 462.799h-78.56l183.455-209.683L0 0h161.999l111.856 147.88L403.229 0zm-27.556 415.805h43.505L138.363 44.527h-46.68l283.99 371.278z\" \/><\/svg><span class=\"mec-social-title\">Twitter<\/span><\/a><\/li><li class=\"mec-event-social-icon\"><a class=\"linkedin\" href=\"https:\/\/www.linkedin.com\/shareArticle?mini=true&amp;url=https%3A%2F%2Febp.org.br%2Fsp%2Fevents%2Fatividade-da-diretoria-da-ebp-secao-sao-paulo-7%2F\" onclick=\"javascript:window.open(this.href, '', 'menubar=no,toolbar=no,resizable=yes,scrollbars=yes,height=600,width=500'); return false;\" target=\"_blank\" title=\"Linkedin\"><i class=\"mec-fa-linkedin\"><\/i><span class=\"mec-social-title\">Linkedin<\/span><\/a><\/li><li class=\"mec-event-social-icon\"><a class=\"email\" href=\"mailto:?subject=Atividade%20da%20Diretoria%20da%20EBP%20%E2%80%93%20Se%C3%A7%C3%A3o%20S%C3%A3o%20Paulo&amp;body=https%3A%2F%2Febp.org.br%2Fsp%2Fevents%2Fatividade-da-diretoria-da-ebp-secao-sao-paulo-7%2F\" title=\"E-mail\"><i class=\"mec-fa-envelope\"><\/i><span class=\"mec-social-title\">E-mail<\/span><\/a><\/li>                                <\/ul>\r\n                            <\/li>\r\n                        <\/ul>\r\n                                                                                                                        <a class=\"mec-booking-button\" data-event-id=\"10255\" href=\"https:\/\/ebp.org.br\/sp\/events\/atividade-da-diretoria-da-ebp-secao-sao-paulo-7\/\" target=\"_blank\" rel=\"noopener\">Ver Detalhes<\/a>                    <\/div>\r\n                            <\/article>\r\n            \t\t\r\n            \r\n                        <article class=\"mec-event-article  mec-clear  mec-divider-toggle mec-toggle-202609-mec1\">\r\n                                                        <div class=\"mec-topsec\">\r\n                    \r\n                        <div class=\"col-md-9 mec-col-table-c mec-event-content-wrap\">\r\n                            <div class=\"mec-event-content\">\r\n                                                                                                <h3 class=\"mec-event-title\"><a class=\"mec-color-hover\" data-event-id=\"10256\" href=\"https:\/\/ebp.org.br\/sp\/events\/atividade-da-diretoria-de-biblioteca-da-ebp-secao-sao-paulo\/\" target=\"_blank\" rel=\"noopener\">Atividade da Diretoria de Biblioteca da EBP \u2013 Se\u00e7\u00e3o S\u00e3o Paulo<\/a><\/h3>\r\n                                <div class=\"mec-event-description\">Manh\u00e3 de Biblioteca &#8211; Publica\u00e7\u00e3o: do que se trata?Fl\u00e1via C\u00eara &#8211; Membro da EBP\/AMP Gustavo Oliveira Menezes &#8211; Membro da EBP\/AMPHelo\u00edsa Prado Telles &#8211; AME da EBP\/AMP<\/div>\r\n                            <\/div>\r\n                        <\/div>\r\n                        <div class=\"col-md-3 mec-col-table-c mec-event-meta-wrap\">\r\n                            <div class=\"mec-event-meta mec-color-before\">\r\n                                <div class=\"mec-date-details\">\r\n                                                                            <span class=\"mec-event-d\"><i class=\"mec-sl-calendar\"><\/i><span class=\"mec-start-date-label\">12 set<\/span><\/span>\r\n                                                                    <\/div>\r\n                                                                <div class=\"mec-time-details\"><svg xmlns=\"http:\/\/www.w3.org\/2000\/svg\" width=\"16\" height=\"16\" viewBox=\"0 0 16 16\"><path id=\"clock\" d=\"M8,16a8,8,0,1,1,8-8A8.009,8.009,0,0,1,8,16ZM8,1.333A6.667,6.667,0,1,0,14.667,8,6.674,6.674,0,0,0,8,1.333Zm2.667,10a.665.665,0,0,1-.471-.2L7.529,8.471a.666.666,0,0,1-.144-.217A.673.673,0,0,1,7.333,8V3.333a.667.667,0,1,1,1.333,0V7.724L11.138,10.2a.667.667,0,0,1-.471,1.138Z\" fill=\"#60daf2\" \/><\/svg><span class=\"mec-start-time\">22:30<\/span> - <span class=\"mec-end-time\">22:30<\/span><\/div>                                                                                                                                                                                                \r\n                                <!--                                -->                            <\/div>\r\n                        <\/div>\r\n                    <\/div>\r\n                    <div class=\"mec-event-footer\">\r\n                                                <ul class=\"mec-event-sharing-wrap\">\r\n                            <li class=\"mec-event-share\">\r\n                                <a href=\"#\" class=\"mec-event-share-icon\">\r\n                                    <i class=\"mec-sl-share\" title=\"Share\"><\/i>\r\n                                <\/a>\r\n                            <\/li>\r\n                            <li>\r\n                                <ul class=\"mec-event-sharing\">\r\n                                    <li class=\"mec-event-social-icon\"><a class=\"facebook\" href=\"https:\/\/www.facebook.com\/sharer\/sharer.php?u=https%3A%2F%2Febp.org.br%2Fsp%2Fevents%2Fatividade-da-diretoria-de-biblioteca-da-ebp-secao-sao-paulo%2F\" onclick=\"javascript:window.open(this.href, '', 'menubar=no,toolbar=no,resizable=yes,scrollbars=yes,height=500,width=600'); return false;\" target=\"_blank\" title=\"Compartilhar no Facebook\"><i class=\"mec-fa-facebook\"><\/i><span class=\"mec-social-title\">Facebook<\/span><\/a><\/li><li class=\"mec-event-social-icon\"><a class=\"twitter\" href=\"https:\/\/x.com\/intent\/tweet?url=https%3A%2F%2Febp.org.br%2Fsp%2Fevents%2Fatividade-da-diretoria-de-biblioteca-da-ebp-secao-sao-paulo%2F\" onclick=\"javascript:window.open(this.href, '', 'menubar=no,toolbar=no,resizable=yes,scrollbars=yes,height=600,width=500'); return false;\" target=\"_blank\" title=\"X Social Network\"><svg xmlns=\"http:\/\/www.w3.org\/2000\/svg\" viewBox=\"0 0 512 462.799\"><path d=\"M403.229 0h78.506L310.219 196.04 512 462.799H354.002L230.261 301.007 88.669 462.799h-78.56l183.455-209.683L0 0h161.999l111.856 147.88L403.229 0zm-27.556 415.805h43.505L138.363 44.527h-46.68l283.99 371.278z\" \/><\/svg><span class=\"mec-social-title\">Twitter<\/span><\/a><\/li><li class=\"mec-event-social-icon\"><a class=\"linkedin\" href=\"https:\/\/www.linkedin.com\/shareArticle?mini=true&amp;url=https%3A%2F%2Febp.org.br%2Fsp%2Fevents%2Fatividade-da-diretoria-de-biblioteca-da-ebp-secao-sao-paulo%2F\" onclick=\"javascript:window.open(this.href, '', 'menubar=no,toolbar=no,resizable=yes,scrollbars=yes,height=600,width=500'); return false;\" target=\"_blank\" title=\"Linkedin\"><i class=\"mec-fa-linkedin\"><\/i><span class=\"mec-social-title\">Linkedin<\/span><\/a><\/li><li class=\"mec-event-social-icon\"><a class=\"email\" href=\"mailto:?subject=Atividade%20da%20Diretoria%20de%20Biblioteca%20da%20EBP%20%E2%80%93%20Se%C3%A7%C3%A3o%20S%C3%A3o%20Paulo&amp;body=https%3A%2F%2Febp.org.br%2Fsp%2Fevents%2Fatividade-da-diretoria-de-biblioteca-da-ebp-secao-sao-paulo%2F\" title=\"E-mail\"><i class=\"mec-fa-envelope\"><\/i><span class=\"mec-social-title\">E-mail<\/span><\/a><\/li>                                <\/ul>\r\n                            <\/li>\r\n                        <\/ul>\r\n                                                                                                                        <a class=\"mec-booking-button\" data-event-id=\"10256\" href=\"https:\/\/ebp.org.br\/sp\/events\/atividade-da-diretoria-de-biblioteca-da-ebp-secao-sao-paulo\/\" target=\"_blank\" rel=\"noopener\">Ver Detalhes<\/a>                    <\/div>\r\n                            <\/article>\r\n            \t\t\r\n            \r\n                        <article class=\"mec-event-article  mec-clear  mec-divider-toggle mec-toggle-202609-mec1\">\r\n                                                        <div class=\"mec-topsec\">\r\n                    \r\n                        <div class=\"col-md-9 mec-col-table-c mec-event-content-wrap\">\r\n                            <div class=\"mec-event-content\">\r\n                                                                                                <h3 class=\"mec-event-title\"><a class=\"mec-color-hover\" data-event-id=\"10257\" href=\"https:\/\/ebp.org.br\/sp\/events\/o-sinthoma-como-um-pedaco-de-real\/\" target=\"_blank\" rel=\"noopener\">O sinthoma como \u201cum peda\u00e7o de real\u201d<\/a><\/h3>\r\n                                <div class=\"mec-event-description\">Apresenta: Maria Bernadette Pitteri \u2013 Membro da EBP\/AMPDebate: Niraldo de Oliveira Santos \u2013 Membro da EBP\/AMPCoordena: Jovita Carneiro de Lima \u2013 Membro da EBP\/AMP<\/div>\r\n                            <\/div>\r\n                        <\/div>\r\n                        <div class=\"col-md-3 mec-col-table-c mec-event-meta-wrap\">\r\n                            <div class=\"mec-event-meta mec-color-before\">\r\n                                <div class=\"mec-date-details\">\r\n                                                                            <span class=\"mec-event-d\"><i class=\"mec-sl-calendar\"><\/i><span class=\"mec-start-date-label\">16 set<\/span><\/span>\r\n                                                                    <\/div>\r\n                                                                <div class=\"mec-time-details\"><svg xmlns=\"http:\/\/www.w3.org\/2000\/svg\" width=\"16\" height=\"16\" viewBox=\"0 0 16 16\"><path id=\"clock\" d=\"M8,16a8,8,0,1,1,8-8A8.009,8.009,0,0,1,8,16ZM8,1.333A6.667,6.667,0,1,0,14.667,8,6.674,6.674,0,0,0,8,1.333Zm2.667,10a.665.665,0,0,1-.471-.2L7.529,8.471a.666.666,0,0,1-.144-.217A.673.673,0,0,1,7.333,8V3.333a.667.667,0,1,1,1.333,0V7.724L11.138,10.2a.667.667,0,0,1-.471,1.138Z\" fill=\"#60daf2\" \/><\/svg><span class=\"mec-start-time\">20:30<\/span> - <span class=\"mec-end-time\">22:00<\/span><\/div>                                                                                                                                                                                                \r\n                                <!--                                -->                            <\/div>\r\n                        <\/div>\r\n                    <\/div>\r\n                    <div class=\"mec-event-footer\">\r\n                                                <ul class=\"mec-event-sharing-wrap\">\r\n                            <li class=\"mec-event-share\">\r\n                                <a href=\"#\" class=\"mec-event-share-icon\">\r\n                                    <i class=\"mec-sl-share\" title=\"Share\"><\/i>\r\n                                <\/a>\r\n                            <\/li>\r\n                            <li>\r\n                                <ul class=\"mec-event-sharing\">\r\n                                    <li class=\"mec-event-social-icon\"><a class=\"facebook\" href=\"https:\/\/www.facebook.com\/sharer\/sharer.php?u=https%3A%2F%2Febp.org.br%2Fsp%2Fevents%2Fo-sinthoma-como-um-pedaco-de-real%2F\" onclick=\"javascript:window.open(this.href, '', 'menubar=no,toolbar=no,resizable=yes,scrollbars=yes,height=500,width=600'); return false;\" target=\"_blank\" title=\"Compartilhar no Facebook\"><i class=\"mec-fa-facebook\"><\/i><span class=\"mec-social-title\">Facebook<\/span><\/a><\/li><li class=\"mec-event-social-icon\"><a class=\"twitter\" href=\"https:\/\/x.com\/intent\/tweet?url=https%3A%2F%2Febp.org.br%2Fsp%2Fevents%2Fo-sinthoma-como-um-pedaco-de-real%2F\" onclick=\"javascript:window.open(this.href, '', 'menubar=no,toolbar=no,resizable=yes,scrollbars=yes,height=600,width=500'); return false;\" target=\"_blank\" title=\"X Social Network\"><svg xmlns=\"http:\/\/www.w3.org\/2000\/svg\" viewBox=\"0 0 512 462.799\"><path d=\"M403.229 0h78.506L310.219 196.04 512 462.799H354.002L230.261 301.007 88.669 462.799h-78.56l183.455-209.683L0 0h161.999l111.856 147.88L403.229 0zm-27.556 415.805h43.505L138.363 44.527h-46.68l283.99 371.278z\" \/><\/svg><span class=\"mec-social-title\">Twitter<\/span><\/a><\/li><li class=\"mec-event-social-icon\"><a class=\"linkedin\" href=\"https:\/\/www.linkedin.com\/shareArticle?mini=true&amp;url=https%3A%2F%2Febp.org.br%2Fsp%2Fevents%2Fo-sinthoma-como-um-pedaco-de-real%2F\" onclick=\"javascript:window.open(this.href, '', 'menubar=no,toolbar=no,resizable=yes,scrollbars=yes,height=600,width=500'); return false;\" target=\"_blank\" title=\"Linkedin\"><i class=\"mec-fa-linkedin\"><\/i><span class=\"mec-social-title\">Linkedin<\/span><\/a><\/li><li class=\"mec-event-social-icon\"><a class=\"email\" href=\"mailto:?subject=O%20sinthoma%20como%20%E2%80%9Cum%20peda%C3%A7o%20de%20real%E2%80%9D&amp;body=https%3A%2F%2Febp.org.br%2Fsp%2Fevents%2Fo-sinthoma-como-um-pedaco-de-real%2F\" title=\"E-mail\"><i class=\"mec-fa-envelope\"><\/i><span class=\"mec-social-title\">E-mail<\/span><\/a><\/li>                                <\/ul>\r\n                            <\/li>\r\n                        <\/ul>\r\n                                                                                                                        <a class=\"mec-booking-button\" data-event-id=\"10257\" href=\"https:\/\/ebp.org.br\/sp\/events\/o-sinthoma-como-um-pedaco-de-real\/\" target=\"_blank\" rel=\"noopener\">Ver Detalhes<\/a>                    <\/div>\r\n                            <\/article>\r\n            \t\t\r\n            \r\n                        <article class=\"mec-event-article  mec-clear  mec-divider-toggle mec-toggle-202609-mec1\">\r\n                                                        <div class=\"mec-topsec\">\r\n                    \r\n                        <div class=\"col-md-9 mec-col-table-c mec-event-content-wrap\">\r\n                            <div class=\"mec-event-content\">\r\n                                                                                                <h3 class=\"mec-event-title\"><a class=\"mec-color-hover\" data-event-id=\"10258\" href=\"https:\/\/ebp.org.br\/sp\/events\/lancamento-do-xiii-enapol-mal-entendidos-durante-laa-experiencia-analitica\/\" target=\"_blank\" rel=\"noopener\">Lan\u00e7amento do XIII ENAPOL &#8220;mal-entendidos durante laa experi\u00eancia anal\u00edtica&#8221;<\/a><\/h3>\r\n                                <div class=\"mec-event-description\">Andrea V. Zelaya (EOL)Fl\u00e1via C\u00eara (EBP) Eugenia Serrano (EOL) Gabriela Urriolagoitia (NEL)Modalidade Virtual<\/div>\r\n                            <\/div>\r\n                        <\/div>\r\n                        <div class=\"col-md-3 mec-col-table-c mec-event-meta-wrap\">\r\n                            <div class=\"mec-event-meta mec-color-before\">\r\n                                <div class=\"mec-date-details\">\r\n                                                                            <span class=\"mec-event-d\"><i class=\"mec-sl-calendar\"><\/i><span class=\"mec-start-date-label\">20 set<\/span><\/span>\r\n                                                                    <\/div>\r\n                                                                <div class=\"mec-time-details\"><svg xmlns=\"http:\/\/www.w3.org\/2000\/svg\" width=\"16\" height=\"16\" viewBox=\"0 0 16 16\"><path id=\"clock\" d=\"M8,16a8,8,0,1,1,8-8A8.009,8.009,0,0,1,8,16ZM8,1.333A6.667,6.667,0,1,0,14.667,8,6.674,6.674,0,0,0,8,1.333Zm2.667,10a.665.665,0,0,1-.471-.2L7.529,8.471a.666.666,0,0,1-.144-.217A.673.673,0,0,1,7.333,8V3.333a.667.667,0,1,1,1.333,0V7.724L11.138,10.2a.667.667,0,0,1-.471,1.138Z\" fill=\"#60daf2\" \/><\/svg><span class=\"mec-start-time\">11:30<\/span> - <span class=\"mec-end-time\">13:00<\/span><\/div>                                                                                                                                                                                                \r\n                                <!--                                -->                            <\/div>\r\n                        <\/div>\r\n                    <\/div>\r\n                    <div class=\"mec-event-footer\">\r\n                                                <ul class=\"mec-event-sharing-wrap\">\r\n                            <li class=\"mec-event-share\">\r\n                                <a href=\"#\" class=\"mec-event-share-icon\">\r\n                                    <i class=\"mec-sl-share\" title=\"Share\"><\/i>\r\n                                <\/a>\r\n                            <\/li>\r\n                            <li>\r\n                                <ul class=\"mec-event-sharing\">\r\n                                    <li class=\"mec-event-social-icon\"><a class=\"facebook\" href=\"https:\/\/www.facebook.com\/sharer\/sharer.php?u=https%3A%2F%2Febp.org.br%2Fsp%2Fevents%2Flancamento-do-xiii-enapol-mal-entendidos-durante-laa-experiencia-analitica%2F\" onclick=\"javascript:window.open(this.href, '', 'menubar=no,toolbar=no,resizable=yes,scrollbars=yes,height=500,width=600'); return false;\" target=\"_blank\" title=\"Compartilhar no Facebook\"><i class=\"mec-fa-facebook\"><\/i><span class=\"mec-social-title\">Facebook<\/span><\/a><\/li><li class=\"mec-event-social-icon\"><a class=\"twitter\" href=\"https:\/\/x.com\/intent\/tweet?url=https%3A%2F%2Febp.org.br%2Fsp%2Fevents%2Flancamento-do-xiii-enapol-mal-entendidos-durante-laa-experiencia-analitica%2F\" onclick=\"javascript:window.open(this.href, '', 'menubar=no,toolbar=no,resizable=yes,scrollbars=yes,height=600,width=500'); return false;\" target=\"_blank\" title=\"X Social Network\"><svg xmlns=\"http:\/\/www.w3.org\/2000\/svg\" viewBox=\"0 0 512 462.799\"><path d=\"M403.229 0h78.506L310.219 196.04 512 462.799H354.002L230.261 301.007 88.669 462.799h-78.56l183.455-209.683L0 0h161.999l111.856 147.88L403.229 0zm-27.556 415.805h43.505L138.363 44.527h-46.68l283.99 371.278z\" \/><\/svg><span class=\"mec-social-title\">Twitter<\/span><\/a><\/li><li class=\"mec-event-social-icon\"><a class=\"linkedin\" href=\"https:\/\/www.linkedin.com\/shareArticle?mini=true&amp;url=https%3A%2F%2Febp.org.br%2Fsp%2Fevents%2Flancamento-do-xiii-enapol-mal-entendidos-durante-laa-experiencia-analitica%2F\" onclick=\"javascript:window.open(this.href, '', 'menubar=no,toolbar=no,resizable=yes,scrollbars=yes,height=600,width=500'); return false;\" target=\"_blank\" title=\"Linkedin\"><i class=\"mec-fa-linkedin\"><\/i><span class=\"mec-social-title\">Linkedin<\/span><\/a><\/li><li class=\"mec-event-social-icon\"><a class=\"email\" href=\"mailto:?subject=Lan%C3%A7amento%20do%20XIII%20ENAPOL%20%2526%238220%3Bmal-entendidos%20durante%20laa%20experi%C3%AAncia%20anal%C3%ADtica%E2%80%99%E2%80%99&amp;body=https%3A%2F%2Febp.org.br%2Fsp%2Fevents%2Flancamento-do-xiii-enapol-mal-entendidos-durante-laa-experiencia-analitica%2F\" title=\"E-mail\"><i class=\"mec-fa-envelope\"><\/i><span class=\"mec-social-title\">E-mail<\/span><\/a><\/li>                                <\/ul>\r\n                            <\/li>\r\n                        <\/ul>\r\n                                                                                                                        <a class=\"mec-booking-button\" data-event-id=\"10258\" href=\"https:\/\/ebp.org.br\/sp\/events\/lancamento-do-xiii-enapol-mal-entendidos-durante-laa-experiencia-analitica\/\" target=\"_blank\" rel=\"noopener\">Ver Detalhes<\/a>                    <\/div>\r\n                            <\/article>\r\n            \t\t\r\n            \r\n                        <article class=\"mec-past-event mec-event-article  mec-clear  mec-divider-toggle mec-toggle-202609-mec1\">\r\n                                                        <div class=\"mec-topsec\">\r\n                    \r\n                        <div class=\"col-md-9 mec-col-table-c mec-event-content-wrap\">\r\n                            <div class=\"mec-event-content\">\r\n                                                                                                <h3 class=\"mec-event-title\"><a class=\"mec-color-hover\" data-event-id=\"10038\" href=\"https:\/\/ebp.org.br\/sp\/events\/seminarios-por-conta-e-risco-o-que-faz-sintoma\/\" target=\"_blank\" rel=\"noopener\">SEMIN\u00c1RIOS POR CONTA E RISCO &#8211; O que faz sintoma?<\/a><\/h3>\r\n                                <div class=\"mec-event-description\">O que faz sintoma? Luiz Fernando Carrijo da Cunha \u2013 AME da EBP\/AMP Presencial na EBP-SP e on-line exclusivamente para os que moram fora de S\u00e3o Paulo (Capital) Inscri\u00e7\u00f5es para participa\u00e7\u00e3o presencial e on-line inscrever.seminario@gmail.com Indicar no assunto do e-mail a modalidade de participa\u00e7\u00e3o \u2013 presencial ou on-line<\/div>\r\n                            <\/div>\r\n                        <\/div>\r\n                        <div class=\"col-md-3 mec-col-table-c mec-event-meta-wrap\">\r\n                            <div class=\"mec-event-meta mec-color-before\">\r\n                                <div class=\"mec-date-details\">\r\n                                                                            <span class=\"mec-event-d\"><i class=\"mec-sl-calendar\"><\/i><span class=\"mec-start-date-label\">23 set<\/span><\/span>\r\n                                                                    <\/div>\r\n                                                                <div class=\"mec-time-details\"><svg xmlns=\"http:\/\/www.w3.org\/2000\/svg\" width=\"16\" height=\"16\" viewBox=\"0 0 16 16\"><path id=\"clock\" d=\"M8,16a8,8,0,1,1,8-8A8.009,8.009,0,0,1,8,16ZM8,1.333A6.667,6.667,0,1,0,14.667,8,6.674,6.674,0,0,0,8,1.333Zm2.667,10a.665.665,0,0,1-.471-.2L7.529,8.471a.666.666,0,0,1-.144-.217A.673.673,0,0,1,7.333,8V3.333a.667.667,0,1,1,1.333,0V7.724L11.138,10.2a.667.667,0,0,1-.471,1.138Z\" fill=\"#60daf2\" \/><\/svg><span class=\"mec-start-time\">13:00<\/span> - <span class=\"mec-end-time\">15:00<\/span><\/div>                                                                                                                                                                                                \r\n                                <!--                                -->                            <\/div>\r\n                        <\/div>\r\n                    <\/div>\r\n                    <div class=\"mec-event-footer\">\r\n                                                <ul class=\"mec-event-sharing-wrap\">\r\n                            <li class=\"mec-event-share\">\r\n                                <a href=\"#\" class=\"mec-event-share-icon\">\r\n                                    <i class=\"mec-sl-share\" title=\"Share\"><\/i>\r\n                                <\/a>\r\n                            <\/li>\r\n                            <li>\r\n                                <ul class=\"mec-event-sharing\">\r\n                                    <li class=\"mec-event-social-icon\"><a class=\"facebook\" href=\"https:\/\/www.facebook.com\/sharer\/sharer.php?u=https%3A%2F%2Febp.org.br%2Fsp%2Fevents%2Fseminarios-por-conta-e-risco-o-que-faz-sintoma%2F\" onclick=\"javascript:window.open(this.href, '', 'menubar=no,toolbar=no,resizable=yes,scrollbars=yes,height=500,width=600'); return false;\" target=\"_blank\" title=\"Compartilhar no Facebook\"><i class=\"mec-fa-facebook\"><\/i><span class=\"mec-social-title\">Facebook<\/span><\/a><\/li><li class=\"mec-event-social-icon\"><a class=\"twitter\" href=\"https:\/\/x.com\/intent\/tweet?url=https%3A%2F%2Febp.org.br%2Fsp%2Fevents%2Fseminarios-por-conta-e-risco-o-que-faz-sintoma%2F\" onclick=\"javascript:window.open(this.href, '', 'menubar=no,toolbar=no,resizable=yes,scrollbars=yes,height=600,width=500'); return false;\" target=\"_blank\" title=\"X Social Network\"><svg xmlns=\"http:\/\/www.w3.org\/2000\/svg\" viewBox=\"0 0 512 462.799\"><path d=\"M403.229 0h78.506L310.219 196.04 512 462.799H354.002L230.261 301.007 88.669 462.799h-78.56l183.455-209.683L0 0h161.999l111.856 147.88L403.229 0zm-27.556 415.805h43.505L138.363 44.527h-46.68l283.99 371.278z\" \/><\/svg><span class=\"mec-social-title\">Twitter<\/span><\/a><\/li><li class=\"mec-event-social-icon\"><a class=\"linkedin\" href=\"https:\/\/www.linkedin.com\/shareArticle?mini=true&amp;url=https%3A%2F%2Febp.org.br%2Fsp%2Fevents%2Fseminarios-por-conta-e-risco-o-que-faz-sintoma%2F\" onclick=\"javascript:window.open(this.href, '', 'menubar=no,toolbar=no,resizable=yes,scrollbars=yes,height=600,width=500'); return false;\" target=\"_blank\" title=\"Linkedin\"><i class=\"mec-fa-linkedin\"><\/i><span class=\"mec-social-title\">Linkedin<\/span><\/a><\/li><li class=\"mec-event-social-icon\"><a class=\"email\" href=\"mailto:?subject=SEMIN%C3%81RIOS%20POR%20CONTA%20E%20RISCO%20-%20O%20que%20faz%20sintoma%3F&amp;body=https%3A%2F%2Febp.org.br%2Fsp%2Fevents%2Fseminarios-por-conta-e-risco-o-que-faz-sintoma%2F\" title=\"E-mail\"><i class=\"mec-fa-envelope\"><\/i><span class=\"mec-social-title\">E-mail<\/span><\/a><\/li>                                <\/ul>\r\n                            <\/li>\r\n                        <\/ul>\r\n                                                                                                                        <a class=\"mec-booking-button\" data-event-id=\"10038\" href=\"https:\/\/ebp.org.br\/sp\/events\/seminarios-por-conta-e-risco-o-que-faz-sintoma\/\" target=\"_blank\" rel=\"noopener\">Ver Detalhes<\/a>                    <\/div>\r\n                            <\/article>\r\n                        <article class=\"mec-past-event mec-event-article  mec-clear  mec-divider-toggle mec-toggle-202609-mec1\">\r\n                                                        <div class=\"mec-topsec\">\r\n                                        <div class=\"col-md-3 mec-event-image-wrap mec-col-table-c\">\r\n                            <div class=\"mec-event-image\"><a data-event-id=\"10190\" href=\"https:\/\/ebp.org.br\/sp\/events\/seminario-de-orientacao-lacaniana-enunciacao-sintoma-escola\/\" target=\"_blank\" rel=\"noopener\"><img loading=\"lazy\" decoding=\"async\" width=\"300\" height=\"300\" src=\"https:\/\/ebp.org.br\/sp\/wp-content\/uploads\/2026\/07\/imagem_Capa-300x300.png\" class=\"attachment-thumblist size-thumblist wp-post-image\" alt=\"\" data-mec-postid=\"10190\" \/><\/a><\/div>\r\n                        <\/div>\r\n                        \r\n                        <div class=\"col-md-6 mec-col-table-c mec-event-content-wrap\">\r\n                            <div class=\"mec-event-content\">\r\n                                                                                                <h3 class=\"mec-event-title\"><a class=\"mec-color-hover\" data-event-id=\"10190\" href=\"https:\/\/ebp.org.br\/sp\/events\/seminario-de-orientacao-lacaniana-enunciacao-sintoma-escola\/\" target=\"_blank\" rel=\"noopener\">Semin\u00e1rio de Orienta\u00e7\u00e3o Lacaniana &#8211; Enuncia\u00e7\u00e3o, Sintoma, Escola<\/a><\/h3>\r\n                                <div class=\"mec-event-description\"><\/div>\r\n                            <\/div>\r\n                        <\/div>\r\n                        <div class=\"col-md-3 mec-col-table-c mec-event-meta-wrap\">\r\n                            <div class=\"mec-event-meta mec-color-before\">\r\n                                <div class=\"mec-date-details\">\r\n                                                                            <span class=\"mec-event-d\"><i class=\"mec-sl-calendar\"><\/i><span class=\"mec-start-date-label\">23 set<\/span><\/span>\r\n                                                                    <\/div>\r\n                                                                <div class=\"mec-time-details\"><svg xmlns=\"http:\/\/www.w3.org\/2000\/svg\" width=\"16\" height=\"16\" viewBox=\"0 0 16 16\"><path id=\"clock\" d=\"M8,16a8,8,0,1,1,8-8A8.009,8.009,0,0,1,8,16ZM8,1.333A6.667,6.667,0,1,0,14.667,8,6.674,6.674,0,0,0,8,1.333Zm2.667,10a.665.665,0,0,1-.471-.2L7.529,8.471a.666.666,0,0,1-.144-.217A.673.673,0,0,1,7.333,8V3.333a.667.667,0,1,1,1.333,0V7.724L11.138,10.2a.667.667,0,0,1-.471,1.138Z\" fill=\"#60daf2\" \/><\/svg><span class=\"mec-start-time\">20:30<\/span> - <span class=\"mec-end-time\">22:00<\/span><\/div>                                                                                                                                                                                                \r\n                                <!--                                -->                            <\/div>\r\n                        <\/div>\r\n                    <\/div>\r\n                    <div class=\"mec-event-footer\">\r\n                                                <ul class=\"mec-event-sharing-wrap\">\r\n                            <li class=\"mec-event-share\">\r\n                                <a href=\"#\" class=\"mec-event-share-icon\">\r\n                                    <i class=\"mec-sl-share\" title=\"Share\"><\/i>\r\n                                <\/a>\r\n                            <\/li>\r\n                            <li>\r\n                                <ul class=\"mec-event-sharing\">\r\n                                    <li class=\"mec-event-social-icon\"><a class=\"facebook\" href=\"https:\/\/www.facebook.com\/sharer\/sharer.php?u=https%3A%2F%2Febp.org.br%2Fsp%2Fevents%2Fseminario-de-orientacao-lacaniana-enunciacao-sintoma-escola%2F\" onclick=\"javascript:window.open(this.href, '', 'menubar=no,toolbar=no,resizable=yes,scrollbars=yes,height=500,width=600'); return false;\" target=\"_blank\" title=\"Compartilhar no Facebook\"><i class=\"mec-fa-facebook\"><\/i><span class=\"mec-social-title\">Facebook<\/span><\/a><\/li><li class=\"mec-event-social-icon\"><a class=\"twitter\" href=\"https:\/\/x.com\/intent\/tweet?url=https%3A%2F%2Febp.org.br%2Fsp%2Fevents%2Fseminario-de-orientacao-lacaniana-enunciacao-sintoma-escola%2F\" onclick=\"javascript:window.open(this.href, '', 'menubar=no,toolbar=no,resizable=yes,scrollbars=yes,height=600,width=500'); return false;\" target=\"_blank\" title=\"X Social Network\"><svg xmlns=\"http:\/\/www.w3.org\/2000\/svg\" viewBox=\"0 0 512 462.799\"><path d=\"M403.229 0h78.506L310.219 196.04 512 462.799H354.002L230.261 301.007 88.669 462.799h-78.56l183.455-209.683L0 0h161.999l111.856 147.88L403.229 0zm-27.556 415.805h43.505L138.363 44.527h-46.68l283.99 371.278z\" \/><\/svg><span class=\"mec-social-title\">Twitter<\/span><\/a><\/li><li class=\"mec-event-social-icon\"><a class=\"linkedin\" href=\"https:\/\/www.linkedin.com\/shareArticle?mini=true&amp;url=https%3A%2F%2Febp.org.br%2Fsp%2Fevents%2Fseminario-de-orientacao-lacaniana-enunciacao-sintoma-escola%2F\" onclick=\"javascript:window.open(this.href, '', 'menubar=no,toolbar=no,resizable=yes,scrollbars=yes,height=600,width=500'); return false;\" target=\"_blank\" title=\"Linkedin\"><i class=\"mec-fa-linkedin\"><\/i><span class=\"mec-social-title\">Linkedin<\/span><\/a><\/li><li class=\"mec-event-social-icon\"><a class=\"email\" href=\"mailto:?subject=Semin%C3%A1rio%20de%20Orienta%C3%A7%C3%A3o%20Lacaniana%20-%20Enuncia%C3%A7%C3%A3o%2C%20Sintoma%2C%20Escola&amp;body=https%3A%2F%2Febp.org.br%2Fsp%2Fevents%2Fseminario-de-orientacao-lacaniana-enunciacao-sintoma-escola%2F\" title=\"E-mail\"><i class=\"mec-fa-envelope\"><\/i><span class=\"mec-social-title\">E-mail<\/span><\/a><\/li>                                <\/ul>\r\n                            <\/li>\r\n                        <\/ul>\r\n                                                                                                                        <a class=\"mec-booking-button\" data-event-id=\"10190\" href=\"https:\/\/ebp.org.br\/sp\/events\/seminario-de-orientacao-lacaniana-enunciacao-sintoma-escola\/\" target=\"_blank\" rel=\"noopener\">Ver Detalhes<\/a>                    <\/div>\r\n                            <\/article>\r\n                        <article class=\"mec-event-article  mec-clear  mec-divider-toggle mec-toggle-202609-mec1\">\r\n                                                        <div class=\"mec-topsec\">\r\n                    \r\n                        <div class=\"col-md-9 mec-col-table-c mec-event-content-wrap\">\r\n                            <div class=\"mec-event-content\">\r\n                                                                                                <h3 class=\"mec-event-title\"><a class=\"mec-color-hover\" data-event-id=\"10259\" href=\"https:\/\/ebp.org.br\/sp\/events\/atividade-do-conselho-deliberativo-da-ebp-sp-2\/\" target=\"_blank\" rel=\"noopener\">Atividade do Conselho Deliberativo da EBP-SP<\/a><\/h3>\r\n                                <div class=\"mec-event-description\">Orienta\u00e7\u00e3o LacanianaO banquete dos analistasEnuncia\u00e7\u00e3o, Sintoma, Escola<\/div>\r\n                            <\/div>\r\n                        <\/div>\r\n                        <div class=\"col-md-3 mec-col-table-c mec-event-meta-wrap\">\r\n                            <div class=\"mec-event-meta mec-color-before\">\r\n                                <div class=\"mec-date-details\">\r\n                                                                            <span class=\"mec-event-d\"><i class=\"mec-sl-calendar\"><\/i><span class=\"mec-start-date-label\">23 set<\/span><\/span>\r\n                                                                    <\/div>\r\n                                                                <div class=\"mec-time-details\"><svg xmlns=\"http:\/\/www.w3.org\/2000\/svg\" width=\"16\" height=\"16\" viewBox=\"0 0 16 16\"><path id=\"clock\" d=\"M8,16a8,8,0,1,1,8-8A8.009,8.009,0,0,1,8,16ZM8,1.333A6.667,6.667,0,1,0,14.667,8,6.674,6.674,0,0,0,8,1.333Zm2.667,10a.665.665,0,0,1-.471-.2L7.529,8.471a.666.666,0,0,1-.144-.217A.673.673,0,0,1,7.333,8V3.333a.667.667,0,1,1,1.333,0V7.724L11.138,10.2a.667.667,0,0,1-.471,1.138Z\" fill=\"#60daf2\" \/><\/svg><span class=\"mec-start-time\">20:30<\/span> - <span class=\"mec-end-time\">22:00<\/span><\/div>                                                                                                                                                                                                \r\n                                <!--                                -->                            <\/div>\r\n                        <\/div>\r\n                    <\/div>\r\n                    <div class=\"mec-event-footer\">\r\n                                                <ul class=\"mec-event-sharing-wrap\">\r\n                            <li class=\"mec-event-share\">\r\n                                <a href=\"#\" class=\"mec-event-share-icon\">\r\n                                    <i class=\"mec-sl-share\" title=\"Share\"><\/i>\r\n                                <\/a>\r\n                            <\/li>\r\n                            <li>\r\n                                <ul class=\"mec-event-sharing\">\r\n                                    <li class=\"mec-event-social-icon\"><a class=\"facebook\" href=\"https:\/\/www.facebook.com\/sharer\/sharer.php?u=https%3A%2F%2Febp.org.br%2Fsp%2Fevents%2Fatividade-do-conselho-deliberativo-da-ebp-sp-2%2F\" onclick=\"javascript:window.open(this.href, '', 'menubar=no,toolbar=no,resizable=yes,scrollbars=yes,height=500,width=600'); return false;\" target=\"_blank\" title=\"Compartilhar no Facebook\"><i class=\"mec-fa-facebook\"><\/i><span class=\"mec-social-title\">Facebook<\/span><\/a><\/li><li class=\"mec-event-social-icon\"><a class=\"twitter\" href=\"https:\/\/x.com\/intent\/tweet?url=https%3A%2F%2Febp.org.br%2Fsp%2Fevents%2Fatividade-do-conselho-deliberativo-da-ebp-sp-2%2F\" onclick=\"javascript:window.open(this.href, '', 'menubar=no,toolbar=no,resizable=yes,scrollbars=yes,height=600,width=500'); return false;\" target=\"_blank\" title=\"X Social Network\"><svg xmlns=\"http:\/\/www.w3.org\/2000\/svg\" viewBox=\"0 0 512 462.799\"><path d=\"M403.229 0h78.506L310.219 196.04 512 462.799H354.002L230.261 301.007 88.669 462.799h-78.56l183.455-209.683L0 0h161.999l111.856 147.88L403.229 0zm-27.556 415.805h43.505L138.363 44.527h-46.68l283.99 371.278z\" \/><\/svg><span class=\"mec-social-title\">Twitter<\/span><\/a><\/li><li class=\"mec-event-social-icon\"><a class=\"linkedin\" href=\"https:\/\/www.linkedin.com\/shareArticle?mini=true&amp;url=https%3A%2F%2Febp.org.br%2Fsp%2Fevents%2Fatividade-do-conselho-deliberativo-da-ebp-sp-2%2F\" onclick=\"javascript:window.open(this.href, '', 'menubar=no,toolbar=no,resizable=yes,scrollbars=yes,height=600,width=500'); return false;\" target=\"_blank\" title=\"Linkedin\"><i class=\"mec-fa-linkedin\"><\/i><span class=\"mec-social-title\">Linkedin<\/span><\/a><\/li><li class=\"mec-event-social-icon\"><a class=\"email\" href=\"mailto:?subject=Atividade%20do%20Conselho%20Deliberativo%20da%20EBP-SP&amp;body=https%3A%2F%2Febp.org.br%2Fsp%2Fevents%2Fatividade-do-conselho-deliberativo-da-ebp-sp-2%2F\" title=\"E-mail\"><i class=\"mec-fa-envelope\"><\/i><span class=\"mec-social-title\">E-mail<\/span><\/a><\/li>                                <\/ul>\r\n                            <\/li>\r\n                        <\/ul>\r\n                                                                                                                        <a class=\"mec-booking-button\" data-event-id=\"10259\" href=\"https:\/\/ebp.org.br\/sp\/events\/atividade-do-conselho-deliberativo-da-ebp-sp-2\/\" target=\"_blank\" rel=\"noopener\">Ver Detalhes<\/a>                    <\/div>\r\n                            <\/article>\r\n            \t\t\r\n            \r\n                        <article class=\"mec-event-article  mec-clear  mec-divider-toggle mec-toggle-202609-mec1\">\r\n                                                        <div class=\"mec-topsec\">\r\n                    \r\n                        <div class=\"col-md-9 mec-col-table-c mec-event-content-wrap\">\r\n                            <div class=\"mec-event-content\">\r\n                                                                                                <h3 class=\"mec-event-title\"><a class=\"mec-color-hover\" data-event-id=\"10260\" href=\"https:\/\/ebp.org.br\/sp\/events\/atividade-da-diretoria-de-biblioteca-da-ebp-sp\/\" target=\"_blank\" rel=\"noopener\">Atividade da Diretoria de Biblioteca da EBP-SP<\/a><\/h3>\r\n                                <div class=\"mec-event-description\">Leituras da Biblioteca Ler Freud com LacanInibi\u00e7\u00e3o, sintoma e ang\u00fastia<\/div>\r\n                            <\/div>\r\n                        <\/div>\r\n                        <div class=\"col-md-3 mec-col-table-c mec-event-meta-wrap\">\r\n                            <div class=\"mec-event-meta mec-color-before\">\r\n                                <div class=\"mec-date-details\">\r\n                                                                            <span class=\"mec-event-d\"><i class=\"mec-sl-calendar\"><\/i><span class=\"mec-start-date-label\">25 set<\/span><\/span>\r\n                                                                    <\/div>\r\n                                                                <div class=\"mec-time-details\"><svg xmlns=\"http:\/\/www.w3.org\/2000\/svg\" width=\"16\" height=\"16\" viewBox=\"0 0 16 16\"><path id=\"clock\" d=\"M8,16a8,8,0,1,1,8-8A8.009,8.009,0,0,1,8,16ZM8,1.333A6.667,6.667,0,1,0,14.667,8,6.674,6.674,0,0,0,8,1.333Zm2.667,10a.665.665,0,0,1-.471-.2L7.529,8.471a.666.666,0,0,1-.144-.217A.673.673,0,0,1,7.333,8V3.333a.667.667,0,1,1,1.333,0V7.724L11.138,10.2a.667.667,0,0,1-.471,1.138Z\" fill=\"#60daf2\" \/><\/svg><span class=\"mec-start-time\">18:00<\/span> - <span class=\"mec-end-time\">20:00<\/span><\/div>                                                                                                                                                                                                \r\n                                <!--                                -->                            <\/div>\r\n                        <\/div>\r\n                    <\/div>\r\n                    <div class=\"mec-event-footer\">\r\n                                                <ul class=\"mec-event-sharing-wrap\">\r\n                            <li class=\"mec-event-share\">\r\n                                <a href=\"#\" class=\"mec-event-share-icon\">\r\n                                    <i class=\"mec-sl-share\" title=\"Share\"><\/i>\r\n                                <\/a>\r\n                            <\/li>\r\n                            <li>\r\n                                <ul class=\"mec-event-sharing\">\r\n                                    <li class=\"mec-event-social-icon\"><a class=\"facebook\" href=\"https:\/\/www.facebook.com\/sharer\/sharer.php?u=https%3A%2F%2Febp.org.br%2Fsp%2Fevents%2Fatividade-da-diretoria-de-biblioteca-da-ebp-sp%2F\" onclick=\"javascript:window.open(this.href, '', 'menubar=no,toolbar=no,resizable=yes,scrollbars=yes,height=500,width=600'); return false;\" target=\"_blank\" title=\"Compartilhar no Facebook\"><i class=\"mec-fa-facebook\"><\/i><span class=\"mec-social-title\">Facebook<\/span><\/a><\/li><li class=\"mec-event-social-icon\"><a class=\"twitter\" href=\"https:\/\/x.com\/intent\/tweet?url=https%3A%2F%2Febp.org.br%2Fsp%2Fevents%2Fatividade-da-diretoria-de-biblioteca-da-ebp-sp%2F\" onclick=\"javascript:window.open(this.href, '', 'menubar=no,toolbar=no,resizable=yes,scrollbars=yes,height=600,width=500'); return false;\" target=\"_blank\" title=\"X Social Network\"><svg xmlns=\"http:\/\/www.w3.org\/2000\/svg\" viewBox=\"0 0 512 462.799\"><path d=\"M403.229 0h78.506L310.219 196.04 512 462.799H354.002L230.261 301.007 88.669 462.799h-78.56l183.455-209.683L0 0h161.999l111.856 147.88L403.229 0zm-27.556 415.805h43.505L138.363 44.527h-46.68l283.99 371.278z\" \/><\/svg><span class=\"mec-social-title\">Twitter<\/span><\/a><\/li><li class=\"mec-event-social-icon\"><a class=\"linkedin\" href=\"https:\/\/www.linkedin.com\/shareArticle?mini=true&amp;url=https%3A%2F%2Febp.org.br%2Fsp%2Fevents%2Fatividade-da-diretoria-de-biblioteca-da-ebp-sp%2F\" onclick=\"javascript:window.open(this.href, '', 'menubar=no,toolbar=no,resizable=yes,scrollbars=yes,height=600,width=500'); return false;\" target=\"_blank\" title=\"Linkedin\"><i class=\"mec-fa-linkedin\"><\/i><span class=\"mec-social-title\">Linkedin<\/span><\/a><\/li><li class=\"mec-event-social-icon\"><a class=\"email\" href=\"mailto:?subject=Atividade%20da%20Diretoria%20de%20Biblioteca%20da%20EBP-SP&amp;body=https%3A%2F%2Febp.org.br%2Fsp%2Fevents%2Fatividade-da-diretoria-de-biblioteca-da-ebp-sp%2F\" title=\"E-mail\"><i class=\"mec-fa-envelope\"><\/i><span class=\"mec-social-title\">E-mail<\/span><\/a><\/li>                                <\/ul>\r\n                            <\/li>\r\n                        <\/ul>\r\n                                                                                                                        <a class=\"mec-booking-button\" data-event-id=\"10260\" href=\"https:\/\/ebp.org.br\/sp\/events\/atividade-da-diretoria-de-biblioteca-da-ebp-sp\/\" target=\"_blank\" rel=\"noopener\">Ver Detalhes<\/a>                    <\/div>\r\n                            <\/article>\r\n            \t\t\r\n            \r\n                        <article class=\"mec-event-article  mec-clear  mec-divider-toggle mec-toggle-202609-mec1\">\r\n                                                        <div class=\"mec-topsec\">\r\n                    \r\n                        <div class=\"col-md-9 mec-col-table-c mec-event-content-wrap\">\r\n                            <div class=\"mec-event-content\">\r\n                                                                                                <h3 class=\"mec-event-title\"><a class=\"mec-color-hover\" data-event-id=\"10261\" href=\"https:\/\/ebp.org.br\/sp\/events\/o-outro-sexo-e-suportado-pelo-sinthoma\/\" target=\"_blank\" rel=\"noopener\">\u201cO outro sexo \u00e9 suportado pelo sinthoma\u201d<\/a><\/h3>\r\n                                <div class=\"mec-event-description\">Apresenta: Tatiana Vidotti \u2013 Membro da EBP\/AMPDebate: Eliana Machado Figueiredo \u2013 Membro da EBP\/AMPCoordena: Veridiana Marucio \u2013 Membro da EBP\/AMP<\/div>\r\n                            <\/div>\r\n                        <\/div>\r\n                        <div class=\"col-md-3 mec-col-table-c mec-event-meta-wrap\">\r\n                            <div class=\"mec-event-meta mec-color-before\">\r\n                                <div class=\"mec-date-details\">\r\n                                                                            <span class=\"mec-event-d\"><i class=\"mec-sl-calendar\"><\/i><span class=\"mec-start-date-label\">30 set<\/span><\/span>\r\n                                                                    <\/div>\r\n                                                                <div class=\"mec-time-details\"><svg xmlns=\"http:\/\/www.w3.org\/2000\/svg\" width=\"16\" height=\"16\" viewBox=\"0 0 16 16\"><path id=\"clock\" d=\"M8,16a8,8,0,1,1,8-8A8.009,8.009,0,0,1,8,16ZM8,1.333A6.667,6.667,0,1,0,14.667,8,6.674,6.674,0,0,0,8,1.333Zm2.667,10a.665.665,0,0,1-.471-.2L7.529,8.471a.666.666,0,0,1-.144-.217A.673.673,0,0,1,7.333,8V3.333a.667.667,0,1,1,1.333,0V7.724L11.138,10.2a.667.667,0,0,1-.471,1.138Z\" fill=\"#60daf2\" \/><\/svg><span class=\"mec-start-time\">20:30<\/span> - <span class=\"mec-end-time\">22:00<\/span><\/div>                                                                                                                                                                                                \r\n                                <!--                                -->                            <\/div>\r\n                        <\/div>\r\n                    <\/div>\r\n                    <div class=\"mec-event-footer\">\r\n                                                <ul class=\"mec-event-sharing-wrap\">\r\n                            <li class=\"mec-event-share\">\r\n                                <a href=\"#\" class=\"mec-event-share-icon\">\r\n                                    <i class=\"mec-sl-share\" title=\"Share\"><\/i>\r\n                                <\/a>\r\n                            <\/li>\r\n                            <li>\r\n                                <ul class=\"mec-event-sharing\">\r\n                                    <li class=\"mec-event-social-icon\"><a class=\"facebook\" href=\"https:\/\/www.facebook.com\/sharer\/sharer.php?u=https%3A%2F%2Febp.org.br%2Fsp%2Fevents%2Fo-outro-sexo-e-suportado-pelo-sinthoma%2F\" onclick=\"javascript:window.open(this.href, '', 'menubar=no,toolbar=no,resizable=yes,scrollbars=yes,height=500,width=600'); return false;\" target=\"_blank\" title=\"Compartilhar no Facebook\"><i class=\"mec-fa-facebook\"><\/i><span class=\"mec-social-title\">Facebook<\/span><\/a><\/li><li class=\"mec-event-social-icon\"><a class=\"twitter\" href=\"https:\/\/x.com\/intent\/tweet?url=https%3A%2F%2Febp.org.br%2Fsp%2Fevents%2Fo-outro-sexo-e-suportado-pelo-sinthoma%2F\" onclick=\"javascript:window.open(this.href, '', 'menubar=no,toolbar=no,resizable=yes,scrollbars=yes,height=600,width=500'); return false;\" target=\"_blank\" title=\"X Social Network\"><svg xmlns=\"http:\/\/www.w3.org\/2000\/svg\" viewBox=\"0 0 512 462.799\"><path d=\"M403.229 0h78.506L310.219 196.04 512 462.799H354.002L230.261 301.007 88.669 462.799h-78.56l183.455-209.683L0 0h161.999l111.856 147.88L403.229 0zm-27.556 415.805h43.505L138.363 44.527h-46.68l283.99 371.278z\" \/><\/svg><span class=\"mec-social-title\">Twitter<\/span><\/a><\/li><li class=\"mec-event-social-icon\"><a class=\"linkedin\" href=\"https:\/\/www.linkedin.com\/shareArticle?mini=true&amp;url=https%3A%2F%2Febp.org.br%2Fsp%2Fevents%2Fo-outro-sexo-e-suportado-pelo-sinthoma%2F\" onclick=\"javascript:window.open(this.href, '', 'menubar=no,toolbar=no,resizable=yes,scrollbars=yes,height=600,width=500'); return false;\" target=\"_blank\" title=\"Linkedin\"><i class=\"mec-fa-linkedin\"><\/i><span class=\"mec-social-title\">Linkedin<\/span><\/a><\/li><li class=\"mec-event-social-icon\"><a class=\"email\" href=\"mailto:?subject=%E2%80%9CO%20outro%20sexo%20%C3%A9%20suportado%20pelo%20sinthoma%E2%80%9D&amp;body=https%3A%2F%2Febp.org.br%2Fsp%2Fevents%2Fo-outro-sexo-e-suportado-pelo-sinthoma%2F\" title=\"E-mail\"><i class=\"mec-fa-envelope\"><\/i><span class=\"mec-social-title\">E-mail<\/span><\/a><\/li>                                <\/ul>\r\n                            <\/li>\r\n                        <\/ul>\r\n                                                                                                                        <a class=\"mec-booking-button\" data-event-id=\"10261\" href=\"https:\/\/ebp.org.br\/sp\/events\/o-outro-sexo-e-suportado-pelo-sinthoma\/\" target=\"_blank\" rel=\"noopener\">Ver Detalhes<\/a>                    <\/div>\r\n                            <\/article>\r\n            \t\t\r\n                        <div class=\"mec-month-divider\" data-toggle-divider=\"mec-toggle-202610-mec1\"><h5 style=\"display: inline\">outubro 2026<\/h5><i class=\"mec-sl-arrow-down\"><\/i><\/div>\r\n            \r\n                        <article class=\"mec-past-event mec-event-article  mec-clear  mec-divider-toggle mec-toggle-202610-mec1\">\r\n                                                        <div class=\"mec-topsec\">\r\n                                        <div class=\"col-md-3 mec-event-image-wrap mec-col-table-c\">\r\n                            <div class=\"mec-event-image\"><a data-event-id=\"10190\" href=\"https:\/\/ebp.org.br\/sp\/events\/seminario-de-orientacao-lacaniana-enunciacao-sintoma-escola\/\" target=\"_blank\" rel=\"noopener\"><img loading=\"lazy\" decoding=\"async\" width=\"300\" height=\"300\" src=\"https:\/\/ebp.org.br\/sp\/wp-content\/uploads\/2026\/07\/imagem_Capa-300x300.png\" class=\"attachment-thumblist size-thumblist wp-post-image\" alt=\"\" data-mec-postid=\"10190\" \/><\/a><\/div>\r\n                        <\/div>\r\n                        \r\n                        <div class=\"col-md-6 mec-col-table-c mec-event-content-wrap\">\r\n                            <div class=\"mec-event-content\">\r\n                                                                                                <h3 class=\"mec-event-title\"><a class=\"mec-color-hover\" data-event-id=\"10190\" href=\"https:\/\/ebp.org.br\/sp\/events\/seminario-de-orientacao-lacaniana-enunciacao-sintoma-escola\/\" target=\"_blank\" rel=\"noopener\">Semin\u00e1rio de Orienta\u00e7\u00e3o Lacaniana &#8211; Enuncia\u00e7\u00e3o, Sintoma, Escola<\/a><\/h3>\r\n                                <div class=\"mec-event-description\"><\/div>\r\n                            <\/div>\r\n                        <\/div>\r\n                        <div class=\"col-md-3 mec-col-table-c mec-event-meta-wrap\">\r\n                            <div class=\"mec-event-meta mec-color-before\">\r\n                                <div class=\"mec-date-details\">\r\n                                                                            <span class=\"mec-event-d\"><i class=\"mec-sl-calendar\"><\/i><span class=\"mec-start-date-label\">28 out<\/span><\/span>\r\n                                                                    <\/div>\r\n                                                                <div class=\"mec-time-details\"><svg xmlns=\"http:\/\/www.w3.org\/2000\/svg\" width=\"16\" height=\"16\" viewBox=\"0 0 16 16\"><path id=\"clock\" d=\"M8,16a8,8,0,1,1,8-8A8.009,8.009,0,0,1,8,16ZM8,1.333A6.667,6.667,0,1,0,14.667,8,6.674,6.674,0,0,0,8,1.333Zm2.667,10a.665.665,0,0,1-.471-.2L7.529,8.471a.666.666,0,0,1-.144-.217A.673.673,0,0,1,7.333,8V3.333a.667.667,0,1,1,1.333,0V7.724L11.138,10.2a.667.667,0,0,1-.471,1.138Z\" fill=\"#60daf2\" \/><\/svg><span class=\"mec-start-time\">20:30<\/span> - <span class=\"mec-end-time\">22:00<\/span><\/div>                                                                                                                                                                                                \r\n                                <!--                                -->                            <\/div>\r\n                        <\/div>\r\n                    <\/div>\r\n                    <div class=\"mec-event-footer\">\r\n                                                <ul class=\"mec-event-sharing-wrap\">\r\n                            <li class=\"mec-event-share\">\r\n                                <a href=\"#\" class=\"mec-event-share-icon\">\r\n                                    <i class=\"mec-sl-share\" title=\"Share\"><\/i>\r\n                                <\/a>\r\n                            <\/li>\r\n                            <li>\r\n                                <ul class=\"mec-event-sharing\">\r\n                                    <li class=\"mec-event-social-icon\"><a class=\"facebook\" href=\"https:\/\/www.facebook.com\/sharer\/sharer.php?u=https%3A%2F%2Febp.org.br%2Fsp%2Fevents%2Fseminario-de-orientacao-lacaniana-enunciacao-sintoma-escola%2F\" onclick=\"javascript:window.open(this.href, '', 'menubar=no,toolbar=no,resizable=yes,scrollbars=yes,height=500,width=600'); return false;\" target=\"_blank\" title=\"Compartilhar no Facebook\"><i class=\"mec-fa-facebook\"><\/i><span class=\"mec-social-title\">Facebook<\/span><\/a><\/li><li class=\"mec-event-social-icon\"><a class=\"twitter\" href=\"https:\/\/x.com\/intent\/tweet?url=https%3A%2F%2Febp.org.br%2Fsp%2Fevents%2Fseminario-de-orientacao-lacaniana-enunciacao-sintoma-escola%2F\" onclick=\"javascript:window.open(this.href, '', 'menubar=no,toolbar=no,resizable=yes,scrollbars=yes,height=600,width=500'); return false;\" target=\"_blank\" title=\"X Social Network\"><svg xmlns=\"http:\/\/www.w3.org\/2000\/svg\" viewBox=\"0 0 512 462.799\"><path d=\"M403.229 0h78.506L310.219 196.04 512 462.799H354.002L230.261 301.007 88.669 462.799h-78.56l183.455-209.683L0 0h161.999l111.856 147.88L403.229 0zm-27.556 415.805h43.505L138.363 44.527h-46.68l283.99 371.278z\" \/><\/svg><span class=\"mec-social-title\">Twitter<\/span><\/a><\/li><li class=\"mec-event-social-icon\"><a class=\"linkedin\" href=\"https:\/\/www.linkedin.com\/shareArticle?mini=true&amp;url=https%3A%2F%2Febp.org.br%2Fsp%2Fevents%2Fseminario-de-orientacao-lacaniana-enunciacao-sintoma-escola%2F\" onclick=\"javascript:window.open(this.href, '', 'menubar=no,toolbar=no,resizable=yes,scrollbars=yes,height=600,width=500'); return false;\" target=\"_blank\" title=\"Linkedin\"><i class=\"mec-fa-linkedin\"><\/i><span class=\"mec-social-title\">Linkedin<\/span><\/a><\/li><li class=\"mec-event-social-icon\"><a class=\"email\" href=\"mailto:?subject=Semin%C3%A1rio%20de%20Orienta%C3%A7%C3%A3o%20Lacaniana%20-%20Enuncia%C3%A7%C3%A3o%2C%20Sintoma%2C%20Escola&amp;body=https%3A%2F%2Febp.org.br%2Fsp%2Fevents%2Fseminario-de-orientacao-lacaniana-enunciacao-sintoma-escola%2F\" title=\"E-mail\"><i class=\"mec-fa-envelope\"><\/i><span class=\"mec-social-title\">E-mail<\/span><\/a><\/li>                                <\/ul>\r\n                            <\/li>\r\n                        <\/ul>\r\n                                                                                                                        <a class=\"mec-booking-button\" data-event-id=\"10190\" href=\"https:\/\/ebp.org.br\/sp\/events\/seminario-de-orientacao-lacaniana-enunciacao-sintoma-escola\/\" target=\"_blank\" rel=\"noopener\">Ver Detalhes<\/a>                    <\/div>\r\n                            <\/article>\r\n            \t\t\t<\/div>\r\n<\/div>\r\n\r\n    <\/div>\r\n    <div class=\"mec-skin-list-no-events-container mec-util-hidden\" id=\"mec_skin_no_events_mec1\">\r\n        Nenhum evento encontrado!    <\/div>\r\n    \r\n    <div class=\"mec-load-more-wrap\">\r\n                <div tabindex=\"0\" onkeydown=\"if(event.keyCode===13){jQuery(this).trigger('click');}\" class=\"mec-load-more-button \">Carregar Mais<\/div>\r\n            <\/div>\r\n<\/div>\r\n    <\/div>\r\n\r\n    <\/div>\r\n[\/vc_column_text][\/vc_column][\/vc_row]\n<\/section>","protected":false},"excerpt":{"rendered":"<p>[vc_row][vc_column][vc_column_text][\/vc_column_text][\/vc_column][\/vc_row]<\/p>\n","protected":false},"author":1,"featured_media":0,"parent":0,"menu_order":0,"comment_status":"closed","ping_status":"closed","template":"","meta":{"footnotes":""},"class_list":["post-1503","page","type-page","status-publish","hentry","entry","has-media"],"aioseo_notices":[],"aioseo_head":"\n\t\t<!-- All in One SEO 5.0.1.1 - aioseo.com -->\n\t<meta name=\"robots\" content=\"max-image-preview:large\" \/>\n\t<link rel=\"canonical\" href=\"https:\/\/ebp.org.br\/sp\/events\/seminario-de-orientacao-lacaniana-enunciacao-sintoma-escola\/\" \/>\n\t<meta name=\"generator\" content=\"All in One SEO (AIOSEO) 5.0.1.1\" \/>\n\t\t<meta property=\"og:locale\" content=\"pt_BR\" \/>\n\t\t<meta property=\"og:site_name\" content=\"Se\u00e7\u00e3o S\u00e3o Paulo -\" \/>\n\t\t<meta property=\"og:type\" content=\"article\" \/>\n\t\t<meta property=\"og:title\" content=\"Semin\u00e1rio de Orienta\u00e7\u00e3o Lacaniana \u2013 Enuncia\u00e7\u00e3o, Sintoma, Escola - Se\u00e7\u00e3o S\u00e3o Paulo\" \/>\n\t\t<meta property=\"og:url\" content=\"https:\/\/ebp.org.br\/sp\/events\/seminario-de-orientacao-lacaniana-enunciacao-sintoma-escola\/\" \/>\n\t\t<meta property=\"article:published_time\" content=\"2026-07-03T18:28:57+00:00\" \/>\n\t\t<meta property=\"article:modified_time\" content=\"2026-07-03T18:29:38+00:00\" \/>\n\t\t<meta name=\"twitter:card\" content=\"summary_large_image\" \/>\n\t\t<meta name=\"twitter:title\" content=\"Semin\u00e1rio de Orienta\u00e7\u00e3o Lacaniana \u2013 Enuncia\u00e7\u00e3o, Sintoma, Escola - Se\u00e7\u00e3o S\u00e3o Paulo\" \/>\n\t\t<script type=\"application\/ld+json\" class=\"aioseo-schema\">\n\t\t\t{\"@context\":\"https:\\\/\\\/schema.org\",\"@graph\":[{\"@type\":\"BreadcrumbList\",\"@id\":\"https:\\\/\\\/ebp.org.br\\\/sp\\\/events\\\/seminario-de-orientacao-lacaniana-enunciacao-sintoma-escola\\\/#breadcrumblist\",\"itemListElement\":[{\"@type\":\"ListItem\",\"@id\":\"https:\\\/\\\/ebp.org.br\\\/sp#listItem\",\"position\":1,\"name\":\"Dom\\u00e9stica\",\"item\":\"https:\\\/\\\/ebp.org.br\\\/sp\",\"nextItem\":{\"@type\":\"ListItem\",\"@id\":\"https:\\\/\\\/ebp.org.br\\\/sp\\\/agenda\\\/#listItem\",\"name\":\"Agenda\"}},{\"@type\":\"ListItem\",\"@id\":\"https:\\\/\\\/ebp.org.br\\\/sp\\\/agenda\\\/#listItem\",\"position\":2,\"name\":\"Agenda\",\"previousItem\":{\"@type\":\"ListItem\",\"@id\":\"https:\\\/\\\/ebp.org.br\\\/sp#listItem\",\"name\":\"Dom\\u00e9stica\"}}]},{\"@type\":\"Organization\",\"@id\":\"https:\\\/\\\/ebp.org.br\\\/sp\\\/#organization\",\"name\":\"Se\\u00e7\\u00e3o S\\u00e3o Paulo\",\"url\":\"https:\\\/\\\/ebp.org.br\\\/sp\\\/\"},{\"@type\":\"WebPage\",\"@id\":\"https:\\\/\\\/ebp.org.br\\\/sp\\\/events\\\/seminario-de-orientacao-lacaniana-enunciacao-sintoma-escola\\\/#webpage\",\"url\":\"https:\\\/\\\/ebp.org.br\\\/sp\\\/events\\\/seminario-de-orientacao-lacaniana-enunciacao-sintoma-escola\\\/\",\"name\":\"Agenda - Se\\u00e7\\u00e3o S\\u00e3o Paulo\",\"inLanguage\":\"pt-BR\",\"isPartOf\":{\"@id\":\"https:\\\/\\\/ebp.org.br\\\/sp\\\/#website\"},\"breadcrumb\":{\"@id\":\"https:\\\/\\\/ebp.org.br\\\/sp\\\/events\\\/seminario-de-orientacao-lacaniana-enunciacao-sintoma-escola\\\/#breadcrumblist\"},\"image\":{\"@type\":\"ImageObject\",\"@id\":\"https:\\\/\\\/ebp.org.br\\\/sp\\\/events\\\/seminario-de-orientacao-lacaniana-enunciacao-sintoma-escola\\\/#mainImage\"},\"primaryImageOfPage\":{\"@id\":\"https:\\\/\\\/ebp.org.br\\\/sp\\\/events\\\/seminario-de-orientacao-lacaniana-enunciacao-sintoma-escola\\\/#mainImage\"},\"datePublished\":\"2026-07-03T15:28:57-03:00\",\"dateModified\":\"2026-07-03T15:29:38-03:00\"},{\"@type\":\"WebSite\",\"@id\":\"https:\\\/\\\/ebp.org.br\\\/sp\\\/#website\",\"url\":\"https:\\\/\\\/ebp.org.br\\\/sp\\\/\",\"name\":\"Se\\u00e7\\u00e3o S\\u00e3o Paulo\",\"inLanguage\":\"pt-BR\",\"publisher\":{\"@id\":\"https:\\\/\\\/ebp.org.br\\\/sp\\\/#organization\"}}]}\n\t\t<\/script>\n\t\t<!-- All in One SEO -->\n\n","aioseo_head_json":{"title":"Agenda - Se\u00e7\u00e3o S\u00e3o Paulo","description":"Select Monthjaneirofevereiromar\u00e7oabrilmaiojunhojulhoagostosetembrooutubronovembrodezembroSelect Year2026 Mensalmente Semanalmente Diariamente Lista Grid Tile setembro 2026 Atividade da Diretoria da EBP \u2013 Se\u00e7\u00e3o S\u00e3o Paulo Falo como verificador do realApresenta: Cristiana Gallo \u2013 Membro da EBP\/AMPDebate: Eduardo Vallejos da Rocha \u2013 Membro da EBP\/AMPCoordena: Mirmila Musse \u2013 Membro da EBP\/AMP 02 set 20:30 - 22:00 FacebookTwitterLinkedinE-mail Ver Detalhes SEMIN\u00c1RIOS POR","canonical_url":"https:\/\/ebp.org.br\/sp\/events\/seminario-de-orientacao-lacaniana-enunciacao-sintoma-escola\/","robots":"max-image-preview:large","keywords":"","webmasterTools":{"miscellaneous":""},"schema":{"@context":"https:\/\/schema.org","@graph":[{"@type":"BreadcrumbList","@id":"https:\/\/ebp.org.br\/sp\/agenda\/#breadcrumblist","itemListElement":[{"@type":"ListItem","@id":"https:\/\/ebp.org.br\/sp#listItem","position":1,"name":"Dom\u00e9stica","item":"https:\/\/ebp.org.br\/sp","nextItem":{"@type":"ListItem","@id":"https:\/\/ebp.org.br\/sp\/agenda\/#listItem","name":"Agenda"}},{"@type":"ListItem","@id":"https:\/\/ebp.org.br\/sp\/agenda\/#listItem","position":2,"name":"Agenda","previousItem":{"@type":"ListItem","@id":"https:\/\/ebp.org.br\/sp#listItem","name":"Dom\u00e9stica"}}]},{"@type":"Organization","@id":"https:\/\/ebp.org.br\/sp\/#organization","name":"Se\u00e7\u00e3o S\u00e3o Paulo","url":"https:\/\/ebp.org.br\/sp\/"},{"@type":"WebPage","@id":"https:\/\/ebp.org.br\/sp\/agenda\/#webpage","url":"https:\/\/ebp.org.br\/sp\/agenda\/","name":"Agenda - Se\u00e7\u00e3o S\u00e3o Paulo","description":"Select Monthjaneirofevereiromar\u00e7oabrilmaiojunhojulhoagostosetembrooutubronovembrodezembroSelect Year2026 Mensalmente Semanalmente Diariamente Lista Grid Tile setembro 2026 Atividade da Diretoria da EBP \u2013 Se\u00e7\u00e3o S\u00e3o Paulo Falo como verificador do realApresenta: Cristiana Gallo \u2013 Membro da EBP\/AMPDebate: Eduardo Vallejos da Rocha \u2013 Membro da EBP\/AMPCoordena: Mirmila Musse \u2013 Membro da EBP\/AMP 02 set 20:30 - 22:00 FacebookTwitterLinkedinE-mail Ver Detalhes SEMIN\u00c1RIOS POR","inLanguage":"pt-BR","isPartOf":{"@id":"https:\/\/ebp.org.br\/sp\/#website"},"breadcrumb":{"@id":"https:\/\/ebp.org.br\/sp\/agenda\/#breadcrumblist"},"datePublished":"2017-09-05T13:20:22-03:00","dateModified":"2023-10-13T08:53:04-03:00"},{"@type":"WebSite","@id":"https:\/\/ebp.org.br\/sp\/#website","url":"https:\/\/ebp.org.br\/sp\/","name":"Se\u00e7\u00e3o S\u00e3o Paulo","inLanguage":"pt-BR","publisher":{"@id":"https:\/\/ebp.org.br\/sp\/#organization"}}]},"og:locale":"pt_BR","og:site_name":"Se\u00e7\u00e3o S\u00e3o Paulo -","og:type":"article","og:title":"Agenda - Se\u00e7\u00e3o S\u00e3o Paulo","og:description":"Select Monthjaneirofevereiromar\u00e7oabrilmaiojunhojulhoagostosetembrooutubronovembrodezembroSelect Year2026 Mensalmente Semanalmente Diariamente Lista Grid Tile setembro 2026 Atividade da Diretoria da EBP \u2013 Se\u00e7\u00e3o S\u00e3o Paulo Falo como verificador do realApresenta: Cristiana Gallo \u2013 Membro da EBP\/AMPDebate: Eduardo Vallejos da Rocha \u2013 Membro da EBP\/AMPCoordena: Mirmila Musse \u2013 Membro da EBP\/AMP 02 set 20:30 - 22:00 FacebookTwitterLinkedinE-mail Ver Detalhes SEMIN\u00c1RIOS POR","og:url":"https:\/\/ebp.org.br\/sp\/events\/seminario-de-orientacao-lacaniana-enunciacao-sintoma-escola\/","article:published_time":"2017-09-05T16:20:22+00:00","article:modified_time":"2023-10-13T11:53:04+00:00","twitter:card":"summary_large_image","twitter:title":"Agenda - Se\u00e7\u00e3o S\u00e3o Paulo","twitter:description":"Select Monthjaneirofevereiromar\u00e7oabrilmaiojunhojulhoagostosetembrooutubronovembrodezembroSelect Year2026 Mensalmente Semanalmente Diariamente Lista Grid Tile setembro 2026 Atividade da Diretoria da EBP \u2013 Se\u00e7\u00e3o S\u00e3o Paulo Falo como verificador do realApresenta: Cristiana Gallo \u2013 Membro da EBP\/AMPDebate: Eduardo Vallejos da Rocha \u2013 Membro da EBP\/AMPCoordena: Mirmila Musse \u2013 Membro da EBP\/AMP 02 set 20:30 - 22:00 FacebookTwitterLinkedinE-mail Ver Detalhes SEMIN\u00c1RIOS POR"},"aioseo_meta_data":{"post_id":"1503","title":null,"description":null,"keywords":null,"keyphrases":{"focus":[],"additional":[]},"primary_term":null,"canonical_url":null,"og_title":null,"og_description":null,"og_object_type":"default","og_image_type":"default","og_image_url":null,"og_image_width":null,"og_image_height":null,"og_image_custom_url":null,"og_image_custom_fields":null,"og_video":null,"og_custom_url":null,"og_article_section":null,"og_article_tags":null,"twitter_use_og":false,"twitter_card":"default","twitter_image_type":"default","twitter_image_url":null,"twitter_image_custom_url":null,"twitter_image_custom_fields":null,"twitter_title":null,"twitter_description":null,"schema":{"blockGraphs":[],"customGraphs":[],"default":{"data":{"Article":[],"Course":[],"Dataset":[],"FAQPage":[],"Movie":[],"Person":[],"Product":[],"ProductReview":[],"Car":[],"Recipe":[],"Service":[],"SoftwareApplication":[],"WebPage":[]},"graphName":"","isEnabled":true},"graphs":[]},"schema_type":"default","schema_type_options":null,"pillar_content":false,"robots_default":true,"robots_noindex":false,"robots_noarchive":false,"robots_nosnippet":false,"robots_nofollow":false,"robots_noimageindex":false,"robots_noodp":false,"robots_notranslate":false,"robots_max_snippet":null,"robots_max_videopreview":null,"robots_max_imagepreview":"large","priority":null,"frequency":null,"local_seo":null,"breadcrumb_settings":null,"limit_modified_date":false,"ai":null,"created":"2023-11-22 14:29:59","updated":"2026-08-17 22:10:02","seo_analyzer_scan_date":null,"focus_keyword":null,"additional_keywords":null,"truseo_locale":null},"aioseo_breadcrumb":"<div class=\"aioseo-breadcrumbs\"><span class=\"aioseo-breadcrumb\">\n\t\t\t<a href=\"https:\/\/ebp.org.br\/sp\" title=\"Dom\u00e9stica\">Dom\u00e9stica<\/a>\n\t\t<\/span><span class=\"aioseo-breadcrumb-separator\">&raquo;<\/span><span class=\"aioseo-breadcrumb\">\n\t\t\tAgenda\n\t\t<\/span><\/div>","aioseo_breadcrumb_json":[{"label":"Dom\u00e9stica","link":"https:\/\/ebp.org.br\/sp"},{"label":"Agenda","link":"https:\/\/ebp.org.br\/sp\/agenda\/"}],"_links":{"self":[{"href":"https:\/\/ebp.org.br\/sp\/wp-json\/wp\/v2\/pages\/1503","targetHints":{"allow":["GET"]}}],"collection":[{"href":"https:\/\/ebp.org.br\/sp\/wp-json\/wp\/v2\/pages"}],"about":[{"href":"https:\/\/ebp.org.br\/sp\/wp-json\/wp\/v2\/types\/page"}],"author":[{"embeddable":true,"href":"https:\/\/ebp.org.br\/sp\/wp-json\/wp\/v2\/users\/1"}],"replies":[{"embeddable":true,"href":"https:\/\/ebp.org.br\/sp\/wp-json\/wp\/v2\/comments?post=1503"}],"version-history":[{"count":2,"href":"https:\/\/ebp.org.br\/sp\/wp-json\/wp\/v2\/pages\/1503\/revisions"}],"predecessor-version":[{"id":9407,"href":"https:\/\/ebp.org.br\/sp\/wp-json\/wp\/v2\/pages\/1503\/revisions\/9407"}],"wp:attachment":[{"href":"https:\/\/ebp.org.br\/sp\/wp-json\/wp\/v2\/media?parent=1503"}],"curies":[{"name":"wp","href":"https:\/\/api.w.org\/{rel}","templated":true}]}}