{"id":13188,"date":"2024-08-31T06:53:18","date_gmt":"2024-08-31T09:53:18","guid":{"rendered":"https:\/\/ebp.org.br\/slo\/?page_id=13188"},"modified":"2024-09-07T08:25:23","modified_gmt":"2024-09-07T11:25:23","slug":"v-jornadas-ebp-secao-lo-corpo-m-e-m-o-r-i-a-programa","status":"publish","type":"page","link":"https:\/\/ebp.org.br\/slo\/v-jornadas-ebp-secao-lo-corpo-m-e-m-o-r-i-a\/v-jornadas-ebp-secao-lo-corpo-m-e-m-o-r-i-a-programa\/","title":{"rendered":"V Jornadas EBP Se\u00e7\u00e3o-LO \u2013 corpo-m-e-m-o-r-i-a  |  Programa"},"content":{"rendered":"<section class=\"wpb-content-wrapper\">[vc_row][vc_column][vc_single_image image=&#8221;12868&#8243; alignment=&#8221;center&#8221;][\/vc_column][\/vc_row][vc_row][vc_column width=&#8221;5\/6&#8243;][vc_column_text]\n<h3><span style=\"color: #800000;\">Dia 19\/09\/24 &#8211; QUINTA-FEIRA<\/span><\/h3>\n<p><span style=\"color: #800000;\"><strong>Abertura da Mostra de Artes Visuais CORPO M-E-M-\u00d3-R-I-A<\/strong><\/span><\/p>\n<ul>\n<li><strong>19h na GAEU <\/strong>\u2013 Galeria Espa\u00e7o Universit\u00e1rio da UFES, Campus de Goiabeiras, Vit\u00f3ria, ES<\/li>\n<\/ul>\n<hr \/>\n<h3><span style=\"color: #800000;\">Dia 20\/09\/24 \u2013 SEXTA-FEIRA &#8211; Manh\u00e3 &#8211; 8h \u00e0s 12h10<\/span><\/h3>\n<p><strong>As mesas simult\u00e2neas acontecem pela manh\u00e3 de modo exclusivamente on-line<\/strong><\/p>\n<h4><span style=\"color: #800000;\">\u25a0 8h \u00e0s 9h20 \u2013 Mesas Simult\u00e2neas<\/span><\/h4>\n<p><strong>MESA 1 \u2013 A \u2013 EIXO 1<\/strong><\/p>\n<p style=\"padding-left: 40px;\"><em>Coordenadora:<\/em><strong> Luciana Pedron<\/strong><\/p>\n<p style=\"padding-left: 40px;\">1- SHEILA SOUZA CORDEIRO \u2013 \u201cO que eu tenho? \u201d Um corpo agitado e suas mem\u00f3rias<\/p>\n<p style=\"padding-left: 40px;\">2- LEANDRO BORGES \u2013 A desrealiza\u00e7\u00e3o de Freud<\/p>\n<p style=\"padding-left: 40px;\">3- LUCAS FRAGA GOMES \u2013 Saudade<\/p>\n<p style=\"padding-left: 40px;\">4- RAQUEL GHETTI \u2013 O que pode uma an\u00e1lise quanto ao corpo-mem\u00f3ria?<\/p>\n<p><strong>MESA 1 \u2013 B \u2013 EIXO 2<\/strong><\/p>\n<p style=\"padding-left: 40px;\"><em>Coordenador:<\/em><strong> Daniel Rancan<\/strong><\/p>\n<p style=\"padding-left: 40px;\">1- MARCELO MACAUE \u2013 Como o olhar organiza o corpo no espa\u00e7o<\/p>\n<p style=\"padding-left: 40px;\">2- ELISA MARTINS UYTTENHOVE \u2013 O que comanda a obra de arte?<\/p>\n<p style=\"padding-left: 40px;\">3- CAROLINE CABRAL QUIXABEIRA \u2013 Os drapeados de Cl\u00e9rambault<\/p>\n<p style=\"padding-left: 40px;\">4- ADRIANA GONRING \u2013 A arte como artif\u00edcio para fazer um corpo: impress\u00f5es da escrita joyciana<\/p>\n<p><strong><span style=\"color: #800000;\">MESA 1 \u2013 C \u2013 EIXO 3\u00a0<\/span> <\/strong><\/p>\n<p style=\"padding-left: 40px;\"><em>Coordenadora:<\/em><strong> Let\u00edcia Rosa<\/strong><\/p>\n<p style=\"padding-left: 40px;\">1- ISANGELA LINS ALMEIDA \u2013 Psican\u00e1lise e liberdade de express\u00e3o<\/p>\n<p style=\"padding-left: 40px;\">2- EZEQUIEL MARTINS FERREIRA \u2013 A pol\u00edtica do um corpo \u00e9 o destino<\/p>\n<p style=\"padding-left: 40px;\">3- LET\u00cdCIA FERREIRA BRAGA \u2013 Psican\u00e1lise e Judith Butler: um di\u00e1logo sobre sexo, g\u00eanero e modos de gozo<\/p>\n<p style=\"padding-left: 40px;\">4- VICT\u00d3RIA CAROLINE SOUZA PINHEIRO SANTOS \u2013 Entre femininos e feminismos: mais, ainda<\/p>\n<h4><span style=\"color: #800000;\">\u25a0 9h20 \u00e0s 9h30 \u2013 Intervalo para troca de sala<\/span><\/h4>\n<h4><span style=\"color: #800000;\">\u25a0 9h30 \u00e0s 10h50 \u2013 Mesas Simult\u00e2neas<\/span><\/h4>\n<p><strong>MESA 2 \u2013 A \u2013 EIXO 3<\/strong><\/p>\n<p style=\"padding-left: 40px;\"><em>Coordenador:<\/em><strong> M\u00e1rio Neto<\/strong><\/p>\n<p style=\"padding-left: 40px;\">1- WAL\u00c9RIA PAIX\u00c3O \u2013 \u201cO meu pa\u00eds \u00e9 o meu lugar de fala\u201d<\/p>\n<p style=\"padding-left: 40px;\">2- FERNANDA MARRA \u2013 Pensar a pol\u00edtica a partir do corpo como Outro com a leitura de \u2018Um corpo negro\u201d<\/p>\n<p style=\"padding-left: 40px;\">3- DELZA ELOY \u2013 Testemunho de um acontecimento pol\u00edtico de corpo: \u201cnem tudo \u00e9 branco\u201d<\/p>\n<p style=\"padding-left: 40px;\">4- THA\u00cdS AGUIAR GOMES \u2013 O corpo al\u00e9m do espelho<\/p>\n<p><strong>MESA 2 \u2013 B \u2013 EIXO 1<\/strong><\/p>\n<p style=\"padding-left: 40px;\"><em>Coordenadora:<\/em><strong> Giovana Heinemann<\/strong><\/p>\n<p style=\"padding-left: 40px;\">1- RANDRA GONDOUIN \u2013 O sil\u00eancio como suspens\u00e3o de si<\/p>\n<p style=\"padding-left: 40px;\">2- JO\u00c3O PEDRO VILAR NOWAK DE LIMA \u2013 Femininos para ser(vir): c\u00e1lculo masculino no la\u00e7o<\/p>\n<p style=\"padding-left: 40px;\">3- HITALA GOMES \u2013 A devasta\u00e7\u00e3o da m\u00e3e e a produ\u00e7\u00e3o do sintoma<\/p>\n<p><strong>MESA 2 \u2013 C \u2013 EIXO 4<\/strong><\/p>\n<p style=\"padding-left: 40px;\"><em>Coordenador:<\/em><strong> Matheus Casquer<\/strong><\/p>\n<p style=\"padding-left: 40px;\">1- ELISE ALVES DOS SANTOS \u2013 Ranger de dentes: sintoma do corpo no extremo<\/p>\n<p style=\"padding-left: 40px;\">2- KAMILA DE SOUZA DA COSTA \u2013 Entre a neuroci\u00eancia e a psican\u00e1lise: nota sobre os princ\u00edpios do poder da dire\u00e7\u00e3o do tratamento<\/p>\n<p style=\"padding-left: 40px;\">3- FERNANDA DO VALLE \u2013 Aquele que n\u00e3o fala a l\u00edngua do Outro e seu corpo: borda em constru\u00e7\u00e3o<\/p>\n<h4><span style=\"color: #800000;\">\u25a0 10h50 \u00e0s 11h \u2013 Intervalo para troca de sala<\/span><\/h4>\n<h4><span style=\"color: #800000;\">\u25a0 11h \u00e0s 12h10 \u2013 Mesas Simult\u00e2neas<\/span><\/h4>\n<p><strong>MESA 3 \u2013 A \u2013 EIXO 4 <\/strong><\/p>\n<p style=\"padding-left: 40px;\"><em>Coordenadora: <\/em><strong>Rafaela Oliveira<\/strong><\/p>\n<p style=\"padding-left: 40px;\">1- LUANA SANTOS SILVA \u2013 Um diagn\u00f3stico e sua escrita em an\u00e1lise<\/p>\n<p style=\"padding-left: 40px;\">2- T\u00c2NIA MARA ALVES PRATES \u2013 Mem\u00f3ria e Amn\u00e9sia<\/p>\n<p style=\"padding-left: 40px;\">3- C\u00cdCERO DUFRAYER CHICON \u2013 A marca da neuroci\u00eancia<\/p>\n<p><strong>MESA 3 \u2013 B \u2013 EIXO 1<\/strong><\/p>\n<p style=\"padding-left: 40px;\"><em>Coordenadora: <\/em><strong>Melissa Fukuchi<\/strong><\/p>\n<p style=\"padding-left: 40px;\">1- ROBSON CAMPOS \u2013 Temos uma mem\u00f3ria?<\/p>\n<p style=\"padding-left: 40px;\">2- JULIANA BRESSANELLI L\u00d3RA \u2013 Reminisc\u00eancia e o Infamiliar em \u201cO dia em que eu n\u00e3o nasci \u201d<\/p>\n<p style=\"padding-left: 40px;\">3- ADRIANA GOMES PESSOA \u2013 Trauma e Corpo<\/p>\n<p><strong>MESA 3 \u2013 C \u2013 EIXO 1 <\/strong><\/p>\n<p style=\"padding-left: 40px;\"><em>Coordenador: <\/em><strong>Paulo S\u00e9rgio da Silva<\/strong><\/p>\n<p style=\"padding-left: 40px;\">1- CERES LEDA F. F. R\u00daBIO <em>EBP\/AMP<\/em> \u2013 Um Corpo sob \u201cpress\u00e3o\u201d em \u201cum mecanismo\u201d de gozo<\/p>\n<p style=\"padding-left: 40px;\">2- FERNANDO FIGUEIREDO DOS SANTOS REIS \u2013 O <em>acting out<\/em> em fun\u00e7\u00e3o da emerg\u00eancia de um tra\u00e7o<\/p>\n<p style=\"padding-left: 40px;\">3- EMERSON DE MORAES \u2013 Os ponteiros do rel\u00f3gio n\u00e3o sabem que horas s\u00e3o. A dimens\u00e3o da fantasia e a forma\u00e7\u00e3o do sintoma anal\u00edtico<\/p>\n<hr \/>\n<h3><span style=\"color: #800000;\">Dia 20\/09\/24 \u2013 SEXTA-FEIRA &#8211; Tarde &#8211; 13h \u00e0s 19h<\/span><\/h3>\n<h4><span style=\"color: #800000;\">\u25a0 13h \u2013 Credenciamento<\/span><\/h4>\n<h4><span style=\"color: #800000;\">\u25a0 13h30 \u2013 Mesa de Abertura<\/span><\/h4>\n<h4><span style=\"color: #800000;\">\u25a0 14h \u00e0s 19h30 &#8211; PLEN\u00c1RIAS<\/span><\/h4>\n<p>As plen\u00e1rias acontecem presencialmente no Audit\u00f3rio Manoel Vereza, CCJE, Campus de Goiabeiras, UFES e s\u00e3o transmitidas de modo h\u00edbrido pela plataforma zoom para os inscritos on-line<\/p>\n<h4><strong><span style=\"color: #800000;\">EIXO 1 &#8211; 14h \u00e0s 15h30 \u2013 A PR\u00c1TICA CL\u00cdNICA NA PSICAN\u00c1LISE\u00a0<\/span> <\/strong><\/h4>\n<p>RENATO VIEIRA EBP\/AMP \u2013 H\u00e1 Um corpo-mem\u00f3ria<\/p>\n<p>ORD\u00c1LIA JUNQUEIRA EBP\/AMP \u2013 O hiato entre os discursos e os corpos<\/p>\n<p><em>Comenta<\/em>: <strong>Ceres L\u00eada F. F. R\u00fabio<\/strong> <em>EBP\/AMP<\/em><br \/>\n<em>Coordena<\/em>: <strong>T\u00e2nia Prates<\/strong> <em>SLO<\/em><\/p>\n<h4><span style=\"color: #800000;\"><strong>EIXO 3 &#8211; 15h40 \u00e0s 17h10 \u2013 POL\u00cdTICA E PSICAN\u00c1LISE\u00a0 \u00a0\u00a0<\/strong><\/span><\/h4>\n<p>CARLA SERLES EBP\/AMP \u2013 A pol\u00edtica elevada \u00e0 dignidade da letra<\/p>\n<p>LUIS FRANCISCO CAMARGO <em>EBP\/AMP\/UFES<\/em> \u2013 A l\u00f3gica contra o mito e o avesso da pol\u00edtica da exce\u00e7\u00e3o<\/p>\n<p><em>Comenta<\/em>: <strong>Giovanna Quaglia<\/strong> <em>EBP\/AMP<\/em><br \/>\n<em>Coordena<\/em>: <strong>Rosangela Ribeiro<\/strong> <em>EBP\/AMP<\/em><\/p>\n<h4><span style=\"color: #800000;\">\u25a0 17h10 \u2013 Coffee-Break<\/span><\/h4>\n<h4><span style=\"color: #800000;\">\u25a0 17h40 \u00e0s 19h &#8211; I Confer\u00eancia<\/span><\/h4>\n<p style=\"padding-left: 40px;\"><strong>MARINA RECALDE<\/strong><em> AME\/EOL\/AMP<\/em><\/p>\n<p style=\"padding-left: 40px;\"><em>Coordena: <\/em><strong>Ruskaya Maia<\/strong><em> EBP\/AMP<\/em><\/p>\n<p style=\"padding-left: 40px;\"><em>Respons\u00e1vel pela tradu\u00e7\u00e3o: <\/em><strong>Bartyra Ribeiro de Castro<\/strong><em> EBP\/AMP<\/em><\/p>\n<h4><span style=\"color: #800000;\">\u25a0 19h \u2013 Ato de doa\u00e7\u00e3o de livros<\/span><\/h4>\n<p>Por Hugo Guangiroli Psicanalista, M\u00e9dico e Militante dos Direitos Humanos<\/p>\n<p>Lan\u00e7amento do <em>n\u00famero 3<\/em> da <em>Revista Sabi\u00e1<\/em> por <strong>Ruskaya Maia<\/strong> <em>EBP\/AMP<\/em> e <strong>Denizye Zacharias<\/strong> <em>EBP\/AMP\/PUC-GO<\/em><\/p>\n<hr \/>\n<h3><span style=\"color: #800000;\">Dia 21\/09\/24 \u2013 S\u00c1BADO \u2013 Manh\u00e3 \u00a0\u2013\u00a0 8h \u00e0s 12h10<\/span><\/h3>\n<p><strong>As mesas simult\u00e2neas acontecem pela manh\u00e3 de modo exclusivamente on-line<\/strong><\/p>\n<h4><span style=\"color: #800000;\">\u25a0 8h \u00e0s 9h20 \u2013 Mesas Simult\u00e2neas<\/span><\/h4>\n<p><strong>MESA 1 \u2013 A \u2013 EIXO 1<\/strong><\/p>\n<p style=\"padding-left: 40px;\"><em>Coordenadora: <\/em><strong>Virg\u00ednia Carvalho <em>EBP\/AMP<\/em><\/strong><\/p>\n<p style=\"padding-left: 40px;\">1- RAFAELLA CUNHA PFRIMER \u2013 Um corpo que se odeia menos<\/p>\n<p style=\"padding-left: 40px;\">2- PATR\u00cdCIA MARINHO GRAMACHO \u2013 A territorializa\u00e7\u00e3o do sexo no corpo \u2013 o aprisionamento pelo discurso da ci\u00eancia?<\/p>\n<p style=\"padding-left: 40px;\">3- FABIANA ENGEL FRATARI \u2013 A nomea\u00e7\u00e3o como efeito de marca no corpo<\/p>\n<p style=\"padding-left: 40px;\">4- IVANA PEIXOTO BUENO CORVA \u2013 Cortar o corpo, a que ser\u00e1 que se destina?<\/p>\n<p><strong>MESA 1 \u2013 B \u2013 EIXO 2<\/strong><\/p>\n<p style=\"padding-left: 40px;\"><em>Coordenadora: <\/em><strong>Denizye Zacharias <em>EBP\/AMP<\/em><\/strong><\/p>\n<p style=\"padding-left: 40px;\">1- ANNA ROG\u00c9RIA OLIVEIRA \u2013 A arte como pe\u00e7a solta<\/p>\n<p style=\"padding-left: 40px;\">2- ANDREA PALMERSTON MUNIZ \u2013 Dan\u00e7a de Sal\u00e3o e os corpos diante dos novos discursos<\/p>\n<p style=\"padding-left: 40px;\">3-CHRISTIANE PINTO ROSA \u2013 A arte e o corpo falante<\/p>\n<p style=\"padding-left: 40px;\">4- IZABELLA AZEVEDO MELO \u2013 A borda: o avesso da palavra inscrita no corpo<\/p>\n<p><strong>MESA 1 \u2013 C \u2013 EIXO 2<\/strong><\/p>\n<p style=\"padding-left: 40px;\"><em>Coordenadora: <\/em><strong>Tuhany Sabino<\/strong><\/p>\n<p style=\"padding-left: 40px;\">1- SIMONE SOUZA VIEIRA \u2013 Aurora e o CORPO M-E-M-\u00d3-R-I-A Fragmentado<\/p>\n<p style=\"padding-left: 40px;\">2- LUIZ HENRIQUE HORSTH DA MATTA \u2013 A Poesia na dimens\u00e3o do Corpo<\/p>\n<p style=\"padding-left: 40px;\">3- MARCELLA PEREIRA DE OLIVEIRA \u2013 A mem\u00f3ria e a letra: uma orienta\u00e7\u00e3o pelo real<\/p>\n<p style=\"padding-left: 40px;\">4- SHIRLEY MACEDO GUNDIM \u2013 O vazio da Arte<\/p>\n<h4><span style=\"color: #800000;\">\u25a0 9h20 \u00e0s 9h30 \u2013 Intervalo para troca de sala<\/span><\/h4>\n<p><strong>MESA 2 \u2013 A \u2013 EIXO 2<\/strong><\/p>\n<p style=\"padding-left: 40px;\"><em>Coordenadora: <\/em><strong>Fernanda Fernandes<\/strong><\/p>\n<p style=\"padding-left: 40px;\">1- LOHAINE J. BARBOSA, M\u00c1RCIA B. F. RODRIGUES \u2013 Enodamentos entre pathos, cultura e poder no (ser) feminino: o corpo (em) cena.<\/p>\n<p style=\"padding-left: 40px;\">2- DAIANE O. RIBEIRO RUIZ \u2013 O sussurro de uma mulher<\/p>\n<p style=\"padding-left: 40px;\">3- JOCILENE RIGO \u2013 O que do Corpo se escreve?<\/p>\n<p style=\"padding-left: 40px;\">4- MARINA FORTUNATO GOMES PEREIRA \u2013 P\u00f3 da terra<\/p>\n<p><strong>MESA 2 \u2013 EIXO 3<\/strong><\/p>\n<p style=\"padding-left: 40px;\"><em>Coordenadora: <\/em><strong>Juliana Prado<\/strong><\/p>\n<p style=\"padding-left: 40px;\">1- GABRIEL CAIXETA \u2013 Escola: um ref\u00fagio vivo<\/p>\n<p style=\"padding-left: 40px;\">2- GIOVANNA QUAGLIA EBP\/AMP \u2013 Sepultar os mortos: n\u00e3o-todo e o ato pol\u00edtico<\/p>\n<p style=\"padding-left: 40px;\">3- ANG\u00c9LICA TIRONI \u2013 Paul, n\u00e3o sem Beatriz<\/p>\n<p style=\"padding-left: 40px;\">4- JOATHAN EUST\u00c1QUIO ZANONI MOREIRA \u2013 Corpo como discurso: discuss\u00f5es sobre travestilidade, arte e opress\u00e3o<\/p>\n<p><strong>MESA 2 \u2013 C \u2013 EIXO 1<\/strong><\/p>\n<p style=\"padding-left: 40px;\"><em>Coordenadora: <\/em><strong>Geanine Lucas<\/strong><\/p>\n<p style=\"padding-left: 40px;\">1- HENRIQUE ALVES LOPES \u2013 Como escutar o imposs\u00edvel de dizer?<\/p>\n<p style=\"padding-left: 40px;\">2- CARLOS ALBERTO DE S\u00c1 BARROS J\u00daNIOR \u2013 \u201cPorque eu te amo tanto?\u201d ou Considera\u00e7\u00f5es sobre a obesidade<\/p>\n<p style=\"padding-left: 40px;\">3- ANA PAULA FERNANDES REZENDE \u2013 De que corpo se <em>trata <\/em>na psican\u00e1lise?<\/p>\n<p style=\"padding-left: 40px;\">4- RODRIGO OLIVEIRA DOS SANTOS \u2013 A interpreta\u00e7\u00e3o ao p\u00e9 da letra<\/p>\n<h4><span style=\"color: #800000;\">\u25a0 10h50 \u00e0s 11h \u2013 Intervalo para troca de sala<\/span><\/h4>\n<p><strong>MESA 3 \u2013 A \u2013 EIXO 1<\/strong><\/p>\n<p style=\"padding-left: 40px;\"><em>Coordenadora: <\/em><strong>Maila Rocha<\/strong><\/p>\n<p style=\"padding-left: 40px;\">1- DAIANY MENDON\u00c7A ALVES \u2013 Corpo e mem\u00f3ria: a dor cr\u00f4nica como irrup\u00e7\u00e3o do Real<\/p>\n<p style=\"padding-left: 40px;\">2- JULIANA BORGES NAVES \u2013Traumatismo freudiano<\/p>\n<p style=\"padding-left: 40px;\">3- LUISA CARVALHO \u2013 Se recorda, o que ainda repete?<\/p>\n<p><strong>MESA 3 \u2013 B \u2013 EIXO 4<\/strong><\/p>\n<p style=\"padding-left: 40px;\"><em>Coordenador: <\/em><strong>Victor Caetano<\/strong><\/p>\n<p style=\"padding-left: 40px;\">1- REGINA CHELI PRATI \u2013 Reflex\u00f5es sobre os sintomas contempor\u00e2neos<\/p>\n<p style=\"padding-left: 40px;\">2- RENATA TAVARES IMPERIAL \u2013 Neuroci\u00eancias, psican\u00e1lise e gozo<\/p>\n<p><strong>MESA 3 \u2013 C \u2013 EIXO 1<\/strong><\/p>\n<p style=\"padding-left: 40px;\"><em>Coordenadora: <\/em><strong>Gize de Bessa<\/strong><\/p>\n<p style=\"padding-left: 40px;\">1- THA\u00cdS FOIZER BEZERRA \u2013 A mem\u00f3ria e a lembran\u00e7a na an\u00e1lise de uma crian\u00e7a<\/p>\n<p style=\"padding-left: 40px;\">2- RAFAEL LEITE MENDON\u00c7A \u2013 Corpo: os meandros da reprodu\u00e7\u00e3o assistida<\/p>\n<p style=\"padding-left: 40px;\">3- JOS\u00c9LIA AVES OLIARI \u2013 O que \u00e9 um corpo para a psican\u00e1lise?<\/p>\n<hr \/>\n<h3><span style=\"color: #800000;\">Dia 21\/09\/24 \u2013 S\u00c1BADO \u2013 Tarde &#8211; 14h \u00e0s 19h30<\/span><\/h3>\n<p>As plen\u00e1rias acontecem presencialmente no Audit\u00f3rio Manoel Vereza, CCJE, Campus de Goiabeiras, UFES e s\u00e3o transmitidas de modo h\u00edbrido pela plataforma zoom para os inscritos on-line<\/p>\n<p><strong>EIXO 2 &#8211; 14h \u00e0s 15h30 \u2013 ARTE E PSICAN\u00c1LISE <\/strong><\/p>\n<p style=\"padding-left: 40px;\">ALBERTO MURTA AME\/EBP\/AMP \u2013 O corpo nas nossas V Jornadas<\/p>\n<p style=\"padding-left: 40px;\">ARY FARIAS EBP\/AMP \u2013 A mem\u00f3ria \u00e9 mulher<\/p>\n<p style=\"padding-left: 40px;\"><em>Comenta<\/em>: <strong>Cristiano Pimenta<\/strong> <em>EBP\/AMP<\/em><\/p>\n<p style=\"padding-left: 40px;\"><em>Coordena<\/em>: <strong>Adriana Pessoa<\/strong> <em>SLO<\/em><\/p>\n<p><strong>EIXO 4 &#8211; 15h40 \u00e0s 17h10 \u2013 NEUROCI\u00caNCIAS E PSICAN\u00c1LISE <\/strong><\/p>\n<p style=\"padding-left: 40px;\">BARTYRA RIBEIRO\u00a0DE CASTRO <em>EBP\/AMP<\/em> \u2013 Cl\u00ednica baseada em paix\u00f5es<\/p>\n<p style=\"padding-left: 40px;\">F\u00c1BIO PAES BARRETO <em>EBP\/AMP\/UEMS<\/em> \u2013 Psican\u00e1lise e Neuroci\u00eancias: n\u00e3o h\u00e1 rela\u00e7\u00e3o, h\u00e1 pe\u00e7as soltas<\/p>\n<p style=\"padding-left: 40px;\"><em>Comenta<\/em>: <strong>T\u00e2nia Martins<\/strong> <em>EBP\/AMP<\/em><\/p>\n<p style=\"padding-left: 40px;\"><em>Coordena<\/em>: <strong>Jaqueline Coelho <\/strong><em>EBP\/AMP<\/em><\/p>\n<h4><span style=\"color: #800000;\">\u25a0 17h10 \u2013 Coffee-Break<\/span><\/h4>\n<h4><span style=\"color: #800000;\">\u25a0 17h40 \u00e0s 19h \u2013 II Confer\u00eancia<\/span><\/h4>\n<p style=\"padding-left: 40px;\"><strong>MARINA RECALDE<\/strong><em> AME\/EOL\/AMP<\/em><\/p>\n<p style=\"padding-left: 40px;\"><em>Coordena: <\/em><strong>Claudia Murta<\/strong><em> EBP\/AMP\/UFES<\/em><\/p>\n<p style=\"padding-left: 40px;\"><em>Respons\u00e1vel pela tradu\u00e7\u00e3o<\/em><strong>: Bartyra Ribeiro de Castro<\/strong><em> EBP\/AMP<\/em><\/p>\n<h4><span style=\"color: #800000;\">\u25a0 19h \u2013 Mesa de Encerramento<\/span><\/h4>\n<h4><span style=\"color: #800000;\">\u25a0 20h \u2013 Festa de Encerramento <strong>ENTRE CO(R)POS<\/strong> no Barlavento<\/span><\/h4>\n<p><em>Av. Dante Micheline, Quiosque 1 \u2013 Jardim da Penha, Vit\u00f3ria, ES \u2013 Consuma\u00e7\u00e3o Individual<\/em>[\/vc_column_text][\/vc_column][vc_column width=&#8221;1\/6&#8243;][vc_single_image image=&#8221;13190&#8243;][vc_empty_space][vc_btn title=&#8221;BAIXAR PDF&#8221; color=&#8221;inverse&#8221; align=&#8221;center&#8221; link=&#8221;url:https%3A%2F%2Febp.org.br%2Fslo%2Fwp-content%2Fuploads%2F2024%2F08%2FPROGRAMA.pdf&#8221;][\/vc_column][\/vc_row]\n<\/section>","protected":false},"excerpt":{"rendered":"<p>[vc_row][vc_column][vc_single_image image=&#8221;12868&#8243; alignment=&#8221;center&#8221;][\/vc_column][\/vc_row][vc_row][vc_column width=&#8221;5\/6&#8243;][vc_column_text] Dia 19\/09\/24 &#8211; QUINTA-FEIRA Abertura da Mostra de Artes Visuais CORPO M-E-M-\u00d3-R-I-A 19h na GAEU \u2013 Galeria Espa\u00e7o Universit\u00e1rio da UFES, Campus de Goiabeiras, Vit\u00f3ria, ES Dia 20\/09\/24 \u2013 SEXTA-FEIRA &#8211; Manh\u00e3 &#8211; 8h \u00e0s 12h10 As mesas simult\u00e2neas acontecem pela manh\u00e3 de modo exclusivamente on-line \u25a0 8h \u00e0s 9h20 \u2013&hellip;<\/p>\n","protected":false},"author":1,"featured_media":0,"parent":12866,"menu_order":0,"comment_status":"closed","ping_status":"closed","template":"","meta":{"footnotes":""},"class_list":["post-13188","page","type-page","status-publish","hentry","entry","no-media"],"_links":{"self":[{"href":"https:\/\/ebp.org.br\/slo\/wp-json\/wp\/v2\/pages\/13188","targetHints":{"allow":["GET"]}}],"collection":[{"href":"https:\/\/ebp.org.br\/slo\/wp-json\/wp\/v2\/pages"}],"about":[{"href":"https:\/\/ebp.org.br\/slo\/wp-json\/wp\/v2\/types\/page"}],"author":[{"embeddable":true,"href":"https:\/\/ebp.org.br\/slo\/wp-json\/wp\/v2\/users\/1"}],"replies":[{"embeddable":true,"href":"https:\/\/ebp.org.br\/slo\/wp-json\/wp\/v2\/comments?post=13188"}],"version-history":[{"count":7,"href":"https:\/\/ebp.org.br\/slo\/wp-json\/wp\/v2\/pages\/13188\/revisions"}],"predecessor-version":[{"id":13256,"href":"https:\/\/ebp.org.br\/slo\/wp-json\/wp\/v2\/pages\/13188\/revisions\/13256"}],"up":[{"embeddable":true,"href":"https:\/\/ebp.org.br\/slo\/wp-json\/wp\/v2\/pages\/12866"}],"wp:attachment":[{"href":"https:\/\/ebp.org.br\/slo\/wp-json\/wp\/v2\/media?parent=13188"}],"curies":[{"name":"wp","href":"https:\/\/api.w.org\/{rel}","templated":true}]}}