{"id":11942,"date":"2022-03-15T18:32:43","date_gmt":"2022-03-15T21:32:43","guid":{"rendered":"https:\/\/www.ebp.org.br\/slo\/?page_id=11942"},"modified":"2022-03-15T18:32:43","modified_gmt":"2022-03-15T21:32:43","slug":"comissoes","status":"publish","type":"page","link":"https:\/\/ebp.org.br\/slo\/jornadas\/iii-jornadas-ebp-secao-lo-o-misterio-da-sexuacao\/comissoes\/","title":{"rendered":"Comiss\u00f5es"},"content":{"rendered":"<p><strong>COMISS\u00d5ES DAS III JORNADAS DA EBP-LO<\/strong>:<\/p>\n<h3><span style=\"color: #003366;\"><strong>CIENT\u00cdFICA:<\/strong><\/span><\/h3>\n<p><strong>CARTEL<\/strong><\/p>\n<ul>\n<li>Ary Farias \u2013 EBP\/AMP<\/li>\n<li>Bartyra Ribeiro de Castro \u2013 EBP\/AMP<\/li>\n<li>Cristiano Pimenta \u2013 EBP\/AMP<\/li>\n<li>Elisa Alvarenga \u2013 EBP\/AMP<\/li>\n<li>Ligia Gorini (Mais Um) \u2013 ECF \/ AMP<\/li>\n<li>R\u00f4mulo Ferreira da Silva \u2013 EBP\/AMP<\/li>\n<\/ul>\n<hr \/>\n<h3><span style=\"color: #003366;\"><strong>TESOURARIA:<\/strong><\/span><\/h3>\n<ul>\n<li>COORDENA\u00c7\u00c3O: Ord\u00e1lia Junqueira \u2013 EBP\/AMP<\/li>\n<li>Denizy\u00ea Zacharias \u2013 EBP\/AMP<\/li>\n<\/ul>\n<hr \/>\n<h3><span style=\"color: #003366;\"><strong>BOLETIM:<\/strong><\/span><\/h3>\n<ul>\n<li>COORDENA\u00c7\u00c3O: Renata Tavares Imperial<\/li>\n<li>Ana Paula Fernandes Rezende \u2013 Goi\u00e2nia\/GO<\/li>\n<li>Hitala Gomes \u2013 Vit\u00f3ria \/ES<\/li>\n<li>Jaqueline Coelho \u2013 Goi\u00e2nia\/GO<\/li>\n<li>Juliana Bressaneli \u2013 Vit\u00f3ria \/ES<\/li>\n<li>Lucas Fraga Gomes \u2013 Vit\u00f3ria \/ES<\/li>\n<li>Ros\u00e2ngela Ribeiro \u2013 Goi\u00e2nia \/ GO<\/li>\n<li>Simone Souza Vieira \u2013 Vit\u00f3ria \/ES<\/li>\n<li>Tiago Barbosa \u2013 Bras\u00edlia \/ DF<\/li>\n<\/ul>\n<hr \/>\n<h3><span style=\"color: #003366;\"><strong>DIVULGA\u00c7\u00c3O:<\/strong><\/span><\/h3>\n<ul>\n<li>COORDENA\u00c7\u00c3O: Cristina Alves \u2013 Goi\u00e2nia\/GO<\/li>\n<li>Amanda Vargas \u2013 Campo Grande\/MS<\/li>\n<li>Carla Serles \u2013 EBP\/AMP<\/li>\n<li>Gabriel Caixeta \u2013 Bras\u00edlia\/DF<\/li>\n<li>Geanine Lucas Vieira \u2013 Bras\u00edlia\/DF<\/li>\n<li>Helenides Mendon\u00e7a \u2013 Goi\u00e2nia\/GO<\/li>\n<li>Let\u00edcia Ferreira Braga \u2013 Goi\u00e2nia\/GO<\/li>\n<li>Assessoria: Bruno Senna<\/li>\n<\/ul>\n<hr \/>\n<h3><span style=\"color: #003366;\"><strong>LIVRARIA:<\/strong><\/span><\/h3>\n<ul>\n<li>COORDENA\u00c7\u00c3O: Giovanna Quaglia \u2013 EBP\/ AMP e Giovana Bessa Borges Heinemann \u2013 Goi\u00e2nia\/GO<\/li>\n<li>Adriano Moreira \u2013 Vit\u00f3ria \/ES<\/li>\n<li>Daniel Rancan \u2013 Bras\u00edlia \/ DF<\/li>\n<li>Gize de Bessa Catarineli \u2013 Campo Grande \/ MS<\/li>\n<li>Randra Gondouin \u2013 Vit\u00f3ria\/ES<\/li>\n<li>Rozilene Martins \u2013 Bras\u00edlia \/GO<\/li>\n<\/ul>\n<hr \/>\n<h3><span style=\"color: #003366;\"><strong>INFRAESTRUTURA:<\/strong><\/span><\/h3>\n<ul>\n<li>COORDENA\u00c7\u00c3O: Luciana Silva Pedron \u2013 Bras\u00edlia\/DF<\/li>\n<li>Caroline Cabral Quixabeira \u2013 Goi\u00e2nia\/GO<\/li>\n<li>Daniel Rancan \u2013 Bras\u00edlia\/DF<\/li>\n<li>Is\u00e2ngela Lins Almeida \u2013 Campo Grande\/MS<\/li>\n<li>Juliana Melo Prado \u2013 An\u00e1polis\/GO<\/li>\n<li>Let\u00edcia Rosa \u2013 Campo Grande\/MS<\/li>\n<li>Melissa Fukuchi \u2013 Bras\u00edlia\/DF<\/li>\n<li>Gabriel Caixeta \u2013 Bras\u00edlia\/DF<\/li>\n<li>Rodrigo Oliveira \u2013 Goi\u00e2nia\/GO<\/li>\n<\/ul>\n<hr \/>\n<h3><span style=\"color: #003366;\"><strong>TRADU\u00c7\u00c3O:<\/strong><\/span><\/h3>\n<ul>\n<li>COORDENA\u00c7\u00c3O: Bartyra Ribeiro de Castro \u2013 EBP\/AMP<\/li>\n<li>Juliana Bressanelli \u2013 Vit\u00f3ria\/ES<\/li>\n<li>Ruskaya Maia \u2013 EBP\/AMP<\/li>\n<\/ul>\n","protected":false},"excerpt":{"rendered":"<p>COMISS\u00d5ES DAS III JORNADAS DA EBP-LO: CIENT\u00cdFICA: CARTEL Ary Farias \u2013 EBP\/AMP Bartyra Ribeiro de Castro \u2013 EBP\/AMP Cristiano Pimenta \u2013 EBP\/AMP Elisa Alvarenga \u2013 EBP\/AMP Ligia Gorini (Mais Um) \u2013 ECF \/ AMP R\u00f4mulo Ferreira da Silva \u2013 EBP\/AMP TESOURARIA: COORDENA\u00c7\u00c3O: Ord\u00e1lia Junqueira \u2013 EBP\/AMP Denizy\u00ea Zacharias \u2013 EBP\/AMP BOLETIM: COORDENA\u00c7\u00c3O: Renata Tavares Imperial&hellip;<\/p>\n","protected":false},"author":1,"featured_media":0,"parent":11933,"menu_order":0,"comment_status":"closed","ping_status":"closed","template":"","meta":{"footnotes":""},"class_list":["post-11942","page","type-page","status-publish","hentry","entry","no-media"],"_links":{"self":[{"href":"https:\/\/ebp.org.br\/slo\/wp-json\/wp\/v2\/pages\/11942","targetHints":{"allow":["GET"]}}],"collection":[{"href":"https:\/\/ebp.org.br\/slo\/wp-json\/wp\/v2\/pages"}],"about":[{"href":"https:\/\/ebp.org.br\/slo\/wp-json\/wp\/v2\/types\/page"}],"author":[{"embeddable":true,"href":"https:\/\/ebp.org.br\/slo\/wp-json\/wp\/v2\/users\/1"}],"replies":[{"embeddable":true,"href":"https:\/\/ebp.org.br\/slo\/wp-json\/wp\/v2\/comments?post=11942"}],"version-history":[{"count":0,"href":"https:\/\/ebp.org.br\/slo\/wp-json\/wp\/v2\/pages\/11942\/revisions"}],"up":[{"embeddable":true,"href":"https:\/\/ebp.org.br\/slo\/wp-json\/wp\/v2\/pages\/11933"}],"wp:attachment":[{"href":"https:\/\/ebp.org.br\/slo\/wp-json\/wp\/v2\/media?parent=11942"}],"curies":[{"name":"wp","href":"https:\/\/api.w.org\/{rel}","templated":true}]}}