{"id":11397,"date":"2021-04-14T07:04:32","date_gmt":"2021-04-14T10:04:32","guid":{"rendered":"https:\/\/www.ebp.org.br\/slo\/?page_id=11397"},"modified":"2021-04-14T07:04:32","modified_gmt":"2021-04-14T10:04:32","slug":"programa","status":"publish","type":"page","link":"https:\/\/ebp.org.br\/slo\/jornadas\/ii-jornadas-ebp-secao-lo-amor-no-tempo-das-coleras\/programa\/","title":{"rendered":"Programa"},"content":{"rendered":"<section class=\"wpb-content-wrapper\">[vc_row][vc_column][eikra-vc-text-title style=&#8221;style2&#8243; title=&#8221;Programa&#8221;][\/eikra-vc-text-title][vc_column_text]\n<h3><span style=\"color: #993300;\">II Jornadas \u2018O amor no tempo das c\u00f3leras\u2019<\/span><\/h3>\n<p><em><strong>Evento Online &#8211; Hor\u00e1rio de Bras\u00edlia<\/strong><\/em><\/p>\n<h4><span style=\"color: #993300;\">17\/09\/2021<\/span><\/h4>\n<p><span style=\"color: #993300;\"><strong>18h Abertura<\/strong><\/span><\/p>\n<ul>\n<li>R\u00f4mulo Ferreira da Silva \u2013 Diretor Geral da EBP\/SLO<\/li>\n<li>Ruskaya Maia \u2013 Coordenadora Geral das II Jornadas EBP\/SLO<\/li>\n<\/ul>\n<p><span style=\"color: #993300;\"><strong>18h30 Plen\u00e1ria 1 \u2013 O amor e os Uns sozinhos<\/strong><\/span><\/p>\n<p><em>Coordena: F\u00e1bio Paes Barreto EBP\/AMP<\/em><\/p>\n<ul>\n<li>A democracia como sol do amor \u2013 Carla Serles EBP\/AMP<\/li>\n<li>O amor e seus objetos graves e pontiagudos \u2013 Ary Farias EBP\/AMP<\/li>\n<li>Solid\u00e3o \u2013 Alberto Murta EBP\/AMP<\/li>\n<\/ul>\n<p><span style=\"color: #993300;\"><strong>20h Confer\u00eancia I \u2013 Os tempos do amor<\/strong><\/span><\/p>\n<p>Lizbeth Ahumada NEL\/AMP<\/p>\n<p><em>Coordena: R\u00f4mulo Ferreira da Silva EBP\/AMP<\/em><\/p>\n<p>Debate: Ord\u00e1lia Alves Junqueira EBP\/AMP<\/p>\n<h4><span style=\"color: #993300;\">18\/09\/2021<\/span><\/h4>\n<p><span style=\"color: #993300;\"><strong>9h Plen\u00e1ria 2 \u2013 Amor e \u00f3dio<\/strong><\/span><\/p>\n<p><em>Coordena: Luiz Francisco Camargo EBP\/AMP<\/em><\/p>\n<ul>\n<li>Por que tem que ser assim? \u2013 Cl\u00e1udia Murta EBP\/AMP<\/li>\n<li>O amor ao significante mestre e o amor enquanto encontro de sintomas \u2013 Rodrigo O. Santos<\/li>\n<li>Amor e gozo no feminino \u2013 Cristiano Alves Pimenta EBP\/AMP<\/li>\n<\/ul>\n<p><span style=\"color: #993300;\"><strong>10h30 Mesas simult\u00e2neas<\/strong><\/span><\/p>\n<ul>\n<li><span style=\"color: #993300;\"><strong>SALA A<\/strong><\/span><\/li>\n<li><strong><span style=\"color: #993300;\">Mesa 01 \u2013 Amor e Pandemia<\/span><br \/>\n<\/strong><em>Coordena: Paulo S\u00e9rgio da Silva<\/em><\/p>\n<ul>\n<li>Apontamentos sobre o trauma, o amor e a psican\u00e1lise &#8211; Ana Paula Rezende<\/li>\n<li>Desatinos. O que \u00e9 humanidade? &#8211; Regina Cheli Prati<\/li>\n<li>Sobre o amor de transfer\u00eancia na experi\u00eancia anal\u00edtica durante a pandemia &#8211; Fl\u00e1via M. Vital<\/li>\n<li>Me Manda o link &#8211; Luana Santos Silva<\/li>\n<\/ul>\n<\/li>\n<li><span style=\"color: #993300;\"><strong>Mesa 02 \u2013 Amor e Arte<\/strong><\/span><br \/>\n<em>Coordena: Wal\u00e9ria Paix\u00e3o<\/em><\/p>\n<ul>\n<li>Aquele que \u00e9 digno de ser amado \u2013 Henrique Alves Lopes<\/li>\n<li>Diadorim: Neblina e Clar\u00e3o \u2013 Helen da Costa Guerra<\/li>\n<li>Salom\u00e9, o horror no amor: uma investiga\u00e7\u00e3o do real no amor a partir da \u00f3pera Salom\u00e9 de R. Strauss \u2013 Anna Rog\u00e9ria de Oliveira<\/li>\n<li>O que eu fiz para merecer tanto amor \u2013 Suraia Oliveira V. Carneiro<\/li>\n<\/ul>\n<\/li>\n<li><span style=\"color: #993300;\"><strong>SALA B<\/strong><\/span><\/li>\n<li><span style=\"color: #993300;\"><strong>Mesa 01 \u2013 Amor Transfer\u00eancia<\/strong><\/span><br \/>\n<em>Coordena: Simone Vieira<\/em><\/p>\n<ul>\n<li>D\u00f3cil ao um por um \u2013 Jaqueline Coelho<\/li>\n<li>Atravessando o arco-\u00edris: a constru\u00e7\u00e3o da maternidade numa mulher transexual \u2013 Patr\u00edcia M. Gramacho<\/li>\n<li>Da menina ao trans, ao novo amor \u2013 Juliana Bressanelli L\u00f3ra<\/li>\n<li>Um parl\u00eatre e seu mal-entendido-&#8220;Uma doen\u00e7a do cora\u00e7\u00e3o&#8221; ou o gozo feminino? \u2013 Ceres L\u00eada F.F. Rubio<\/li>\n<\/ul>\n<\/li>\n<li><span style=\"color: #993300;\"><strong>Mesa 02 \u2013 Amor e Erotismo<\/strong><\/span><br \/>\n<em>Coordena: Giovanna Quaglia (EBP\/AMP)<\/em><\/p>\n<ul>\n<li>O que a imagem do amor esconde? \u2013 Virg\u00ednia L\u00facia Souto Maior<\/li>\n<li>Pode o amor destituir nossa humanidade? Notas sobre um amor anti-predicativo \u2013 Micael Correia<\/li>\n<li>Morte, Gozo e erotismo \u2013 Adriano Moreira<\/li>\n<li>A viol\u00eancia do amor (ou fetiche) em Lolita \u2013 Sandra Siqueira Souza e Renata W. G. Ferreira<\/li>\n<\/ul>\n<\/li>\n<li><span style=\"color: #993300;\"><strong>SALA C<\/strong><\/span><\/li>\n<li><span style=\"color: #993300;\"><strong>Mesa 01 \u2013 Amor e Ex\u00edlio na Psicose<\/strong><\/span><br \/>\n<em>Coordena: T\u00e2nia Prates<\/em><\/p>\n<ul>\n<li>O amor e sua manobra na psicose: o caso Walter \u2013 Rosangela Ribeiro<\/li>\n<li>AMORTEMOR \u2013 Fabr\u00edcio Martins Pinto<\/li>\n<li>UM novo amor na vida de uma adolescente: do amor ao pai ao amor de transfer\u00eancia \u2013 Renata Tavares Imperial<\/li>\n<li>A demiss\u00e3o do amor \u2013 Fabiana Engel Frattari<\/li>\n<\/ul>\n<\/li>\n<li><span style=\"color: #993300;\"><strong>Mesa 02 \u2013 Amor sintoma<\/strong><\/span><br \/>\n<em>Coordena: Denizye Zacharias EBP\/AMP<\/em><\/p>\n<ul>\n<li>Pode o amor de transfer\u00eancia servir de conector para uma mulher? \u2013 Gabriel Caixeta<\/li>\n<li>A psican\u00e1lise e o princ\u00edpio de Bernoulli \u2013 Fernanda Fernandes<\/li>\n<li>a\u2019mur \u2013 Renato Carlos Vieira EBP\/AMP<\/li>\n<li>Um olhar para os relacionamentos na contemporaneidade \u2013 Gean Carlos Candido da Silva<\/li>\n<\/ul>\n<\/li>\n<\/ul>\n<p><span style=\"color: #993300;\"><strong>13h30 Intervalo<\/strong><\/span><\/p>\n<p><span style=\"color: #993300;\"><strong>14h30 Confer\u00eancia II A autoridade do amor<\/strong><\/span><br \/>\nLizbeth Ahumada NEL\/AMP<br \/>\n<em>Coordena: Elisa Alvarenga \u2013 Presidente do Conselho EBP\/SLO<\/em><br \/>\nDebate: T\u00e2nia Regina Anchite Martins EPB\/AMP<\/p>\n<p><span style=\"color: #993300;\"><strong>16h Mesa do Passe \u2013 Dos amores sintom\u00e1ticos correlatos ao fantasma \u00e0 solid\u00e3o do ato anal\u00edtico<\/strong><\/span><br \/>\nConvidada: Marie Claude Sureau AE ECF\/AMP<br \/>\n<em>Coordena: R\u00f4mulo Ferreira da Silva EBP\/AMP<\/em><br \/>\nDebate: Elisa Alvarenga EBP\/AMP<\/p>\n<p><span style=\"color: #993300;\"><strong>17h \u2013 Encerramento<br \/>\n<\/strong><\/span>Ruskaya Maia (Coordenadora Geral das II Jornadas da EBP-LO)<br \/>\nElisa Alvarenga (Presidente do Conselho da EBP-LO)[\/vc_column_text][\/vc_column][\/vc_row]\n<\/section>","protected":false},"excerpt":{"rendered":"<p>[vc_row][vc_column][eikra-vc-text-title style=&#8221;style2&#8243; title=&#8221;Programa&#8221;][\/eikra-vc-text-title][vc_column_text] II Jornadas \u2018O amor no tempo das c\u00f3leras\u2019 Evento Online &#8211; Hor\u00e1rio de Bras\u00edlia 17\/09\/2021 18h Abertura R\u00f4mulo Ferreira da Silva \u2013 Diretor Geral da EBP\/SLO Ruskaya Maia \u2013 Coordenadora Geral das II Jornadas EBP\/SLO 18h30 Plen\u00e1ria 1 \u2013 O amor e os Uns sozinhos Coordena: F\u00e1bio Paes Barreto EBP\/AMP A democracia&hellip;<\/p>\n","protected":false},"author":1,"featured_media":0,"parent":11373,"menu_order":0,"comment_status":"closed","ping_status":"closed","template":"","meta":{"footnotes":""},"class_list":["post-11397","page","type-page","status-publish","hentry","entry","no-media"],"_links":{"self":[{"href":"https:\/\/ebp.org.br\/slo\/wp-json\/wp\/v2\/pages\/11397","targetHints":{"allow":["GET"]}}],"collection":[{"href":"https:\/\/ebp.org.br\/slo\/wp-json\/wp\/v2\/pages"}],"about":[{"href":"https:\/\/ebp.org.br\/slo\/wp-json\/wp\/v2\/types\/page"}],"author":[{"embeddable":true,"href":"https:\/\/ebp.org.br\/slo\/wp-json\/wp\/v2\/users\/1"}],"replies":[{"embeddable":true,"href":"https:\/\/ebp.org.br\/slo\/wp-json\/wp\/v2\/comments?post=11397"}],"version-history":[{"count":0,"href":"https:\/\/ebp.org.br\/slo\/wp-json\/wp\/v2\/pages\/11397\/revisions"}],"up":[{"embeddable":true,"href":"https:\/\/ebp.org.br\/slo\/wp-json\/wp\/v2\/pages\/11373"}],"wp:attachment":[{"href":"https:\/\/ebp.org.br\/slo\/wp-json\/wp\/v2\/media?parent=11397"}],"curies":[{"name":"wp","href":"https:\/\/api.w.org\/{rel}","templated":true}]}}