{"id":6018,"date":"2021-04-19T08:57:26","date_gmt":"2021-04-19T11:57:26","guid":{"rendered":"https:\/\/ebp.org.br\/rj\/?page_id=3769"},"modified":"2023-09-22T08:04:54","modified_gmt":"2023-09-22T11:04:54","slug":"seminario-de-orientacao-lcananiana-bienio-2021-2023","status":"publish","type":"page","link":"https:\/\/ebp.org.br\/rj\/ensino\/seminarios-4\/seminario-de-orientacao-lcananiana-bienio-2021-2023\/","title":{"rendered":"Semin\u00e1rio de Orienta\u00e7\u00e3o Lacaniana &#8211; Bi\u00eanio 2021-2023"},"content":{"rendered":"<section class=\"wpb-content-wrapper\">[vc_row][vc_column width=&#8221;2\/3&#8243;][vc_column_text]\n<h2><span style=\"color: #993300;\">2023<\/span><\/h2>\n<p>\u201cTodo mundo, \u00e9 louco, ou seja, delirante\u201d<sup>1<\/sup><\/p>\n<h6>Coordena\u00e7\u00e3o: Conselho da se\u00e7\u00e3o Rio de JANEIRO<\/h6>\n<p>&nbsp;<\/p>\n<p>A frase de Lacan que inspira o t\u00edtulo do XIV Congresso da AMP orientar\u00e1 o trabalho de investiga\u00e7\u00e3o do Semin\u00e1rio de Orienta\u00e7\u00e3o Lacaniana da Se\u00e7\u00e3o Rio em 2023. Trabalharemos em torno da pergunta \u201cComo interpretamos?\u201d, e suas m\u00faltiplas resson\u00e2ncias: o que define uma interpreta\u00e7\u00e3o, o que ela visa, a quem se dirige e quem se responsabiliza por ela?<\/p>\n<p>A psican\u00e1lise \u00e9 uma pr\u00e1tica de fala onde o mal-entendido se imiscui. A interpreta\u00e7\u00e3o conta com isso e as resson\u00e2ncias da palavra s\u00e3o um material privilegiado para que ela atinja seu alvo.<\/p>\n<p>Ao longo desse ano, dedicaremos nossos encontros \u00e0s oito \u00faltimas li\u00e7\u00f5es do curso de Miller, <em>Todo el mundo es loco<\/em><sup>2<\/sup>. Desejamos que, a cada encontro, algo do ensino da psican\u00e1lise, em sua dimens\u00e3o pr\u00e1tica e te\u00f3rica, possa se renovar.<\/p>\n<p>Nos encontros do Semin\u00e1rio de Orienta\u00e7\u00e3o Lacaniana \u2013 em formato h\u00edbrido, sempre em uma segunda-feira, \u00e0s 20:00 h &#8211; os membros do Conselho convidar\u00e3o, para conversar sobre o tema, outros colegas da Se\u00e7\u00e3o Rio.<\/p>\n<p>Contamos com a presen\u00e7a de todos e com as contribui\u00e7\u00f5es que cada um possa extrair do curso de Miller, para juntos nos deixarmos surpreender pelo que, a cada leitura, o texto nos ensina.<\/p>\n<hr \/>\n<h6>1 Lacan, J. \u201cLacan a favor de Vincennes!\u201d in: Correio 65, p.31<br \/>\n2 Miller, J. A. \u201cTodo el mundo es loco\u201d, Buenos Aires, Paid\u00f3s, 2015.<\/h6>\n[\/vc_column_text][vc_separator color=&#8221;juicy_pink&#8221; border_width=&#8221;3&#8243;][vc_column_text]\n<h2><span style=\"color: #993300;\">2022<\/span><\/h2>\n<p>O Semin\u00e1rio de Orienta\u00e7\u00e3o Lacaniana (SOL) \u00e9 conduzido pelo Conselho da Se\u00e7\u00e3o Rio de Janeiro e se prop\u00f5e a estudar os Cursos de Jacques-Alain Miller. Como o Conselho se renovar\u00e1 em nossa pr\u00f3xima Assembleia, o Curso a ser trabalhado ser\u00e1 definido e divulgado em abril.<\/p>\n<p>Inscri\u00e7\u00f5es: <a href=\"https:\/\/mailchi.mp\/ebp\/seminrio-de-orientao-lacaniana\">https:\/\/mailchi.mp\/ebp\/seminrio-de-orientao-lacaniana<\/a>[\/vc_column_text][vc_separator color=&#8221;juicy_pink&#8221; border_width=&#8221;3&#8243;][vc_column_text]\n<h2><span style=\"color: #993300;\">2021<\/span><\/h2>\n<h3><span style=\"color: #993300;\"><strong>SEMIN\u00c1RIO DE ORIENTA\u00c7\u00c3O LACANIANA<\/strong><\/span><\/h3>\n<h6><strong>Coordena\u00e7\u00e3o: <\/strong><em>Conselho da Se\u00e7\u00e3o Rio<\/em><\/h6>\n<h3>Curso\u00a0<em>Causa y consentimento<\/em>\u00a0de Jacques-Alain Miller (1987\/1988)<\/h3>\n<figure id=\"attachment_3702\" aria-describedby=\"caption-attachment-3702\" style=\"width: 300px\" class=\"wp-caption alignright\"><img loading=\"lazy\" decoding=\"async\" class=\"wp-image-3702 size-medium\" src=\"https:\/\/ebp.org.br\/rj\/wp-content\/uploads\/2021\/04\/Lizuan.-Colmena-0101-_Fakes-cities_-Madrid-2018-300x240.jpg\" alt=\"Imagem: Lizuan. Colmena 0101, &quot;Fakes cities&quot;, Madrid, 2018\" width=\"300\" height=\"240\" \/><figcaption id=\"caption-attachment-3702\" class=\"wp-caption-text\">Imagem: Lizuan. Colmena 0101, &#8220;Fakes cities&#8221;, Madrid, 2018<\/figcaption><\/figure>\n<p>A proposta desse curso de Jacques-Alain Miller \u00e9 colocar lado a lado causa e consentimento tendo em vista que para Lacan \u201ctoda causalidade em psican\u00e1lise d\u00e1 testemunho da implica\u00e7\u00e3o do sujeito\u201d. Nessa via poderemos examinar uma concep\u00e7\u00e3o de causalidade cuja l\u00f3gica n\u00e3o segue a coer\u00eancia racional; ela trilha caminhos libidinais fazendo com que o desejo apare\u00e7a como o descont\u00ednuo. Pensaremos tamb\u00e9m sua liga\u00e7\u00e3o com o consentimento, entendido como o mais \u00edntimo e, ao mesmo tempo, aquele que sup\u00f5e o Outro. O tema \u00e9 amplo e nos possibilitar\u00e1 tratar da transfer\u00eancia, da interpreta\u00e7\u00e3o, da entrada em an\u00e1lise, da pr\u00f3pria experi\u00eancia e seu final. Vamos poder tamb\u00e9m investigar o alcance pol\u00edtico desses conceitos na atualidade, pois s\u00f3 a responsabilidade sem a considera\u00e7\u00e3o da causalidade pode ser usada como argumento para a servid\u00e3o \u00e0 tirania.<\/p>\n<ul>\n<li><strong>Datas:<\/strong> 26\/04; 10\/05; 14\/06<\/li>\n<li><strong>Hora:<\/strong> 20h<\/li>\n<\/ul>\n[\/vc_column_text][\/vc_column][vc_column width=&#8221;1\/3&#8243;][vc_single_image image=&#8221;4621&#8243;][\/vc_column][\/vc_row]\n<\/section>","protected":false},"excerpt":{"rendered":"<p>[vc_row][vc_column width=&#8221;2\/3&#8243;][vc_column_text] 2023 \u201cTodo mundo, \u00e9 louco, ou seja, delirante\u201d1 Coordena\u00e7\u00e3o: Conselho da se\u00e7\u00e3o Rio de JANEIRO &nbsp; A frase de Lacan que inspira o t\u00edtulo do XIV Congresso da AMP orientar\u00e1 o trabalho de investiga\u00e7\u00e3o do Semin\u00e1rio de Orienta\u00e7\u00e3o Lacaniana da Se\u00e7\u00e3o Rio em 2023. Trabalharemos em torno da pergunta \u201cComo interpretamos?\u201d, e suas&hellip;<\/p>\n","protected":false},"author":1,"featured_media":0,"parent":1585,"menu_order":0,"comment_status":"closed","ping_status":"closed","template":"","meta":{"footnotes":""},"class_list":["post-6018","page","type-page","status-publish","hentry","entry","no-media"],"_links":{"self":[{"href":"https:\/\/ebp.org.br\/rj\/wp-json\/wp\/v2\/pages\/6018","targetHints":{"allow":["GET"]}}],"collection":[{"href":"https:\/\/ebp.org.br\/rj\/wp-json\/wp\/v2\/pages"}],"about":[{"href":"https:\/\/ebp.org.br\/rj\/wp-json\/wp\/v2\/types\/page"}],"author":[{"embeddable":true,"href":"https:\/\/ebp.org.br\/rj\/wp-json\/wp\/v2\/users\/1"}],"replies":[{"embeddable":true,"href":"https:\/\/ebp.org.br\/rj\/wp-json\/wp\/v2\/comments?post=6018"}],"version-history":[{"count":1,"href":"https:\/\/ebp.org.br\/rj\/wp-json\/wp\/v2\/pages\/6018\/revisions"}],"predecessor-version":[{"id":6374,"href":"https:\/\/ebp.org.br\/rj\/wp-json\/wp\/v2\/pages\/6018\/revisions\/6374"}],"up":[{"embeddable":true,"href":"https:\/\/ebp.org.br\/rj\/wp-json\/wp\/v2\/pages\/1585"}],"wp:attachment":[{"href":"https:\/\/ebp.org.br\/rj\/wp-json\/wp\/v2\/media?parent=6018"}],"curies":[{"name":"wp","href":"https:\/\/api.w.org\/{rel}","templated":true}]}}