{"id":2357,"date":"2021-06-01T09:21:45","date_gmt":"2021-06-01T12:21:45","guid":{"rendered":"https:\/\/ebp.org.br\/nordeste\/?page_id=2357"},"modified":"2021-06-01T09:21:45","modified_gmt":"2021-06-01T12:21:45","slug":"licoes-do-passe","status":"publish","type":"page","link":"https:\/\/ebp.org.br\/nordeste\/ensino\/seminarios\/licoes-do-passe\/","title":{"rendered":"Li\u00e7\u00f5es do Passe"},"content":{"rendered":"<h6>Coordena\u00e7\u00e3o: Cleyton Andrade<\/h6>\n<p><img loading=\"lazy\" decoding=\"async\" class=\"alignright wp-image-2711\" src=\"https:\/\/ebp.org.br\/nordeste\/wp-content\/uploads\/2021\/12\/11-NOVEMBRO-Licoes-do-Passe_Mesa-de-trabajo-1.jpg\" alt=\"\" width=\"500\" height=\"500\" \/><\/p>\n<p>O in\u00edcio das atividades das <em>Li\u00e7\u00f5es do Passe<\/em>, na Se\u00e7\u00e3o Nordeste, ser\u00e1 no dia 22 de Junho. Um in\u00edcio que procura contar com o percurso tra\u00e7ado anteriormente nestas atividades. Nelas foram trabalhadas algumas quest\u00f5es fundamentais sobre o <em>passe <\/em>e o final de an\u00e1lise. Dando sequ\u00eancia \u00e0s investiga\u00e7\u00f5es, iremos, agora, fazer um percurso a respeito da doutrina do passe, primeiramente centrando a pergunta em torno da no\u00e7\u00e3o de <em>testemunho<\/em>.<\/p>\n<p>Come\u00e7aremos com uma reflex\u00e3o sobre o que \u00e9 o <em>testemunho<\/em>, antes mesmo de compor uma doutrina do passe. Pensar a partir da literatura do testemunho, seu lugar num certo encontro entre linguagem e trauma, entre linguagem e real.<\/p>\n<p>Depois deste primeiro momento, entraremos no pr\u00f3prio dispositivo do passe na Escola. Para isso, recolheremos enunciados, tanto de Lacan quanto de Miller, a respeito da doutrina do passe e da no\u00e7\u00e3o de testemunho.<\/p>\n<p>A proposta \u00e9 de destacarmos enunciados de Lacan e de Miller que servir\u00e3o como ponto de partida para os coment\u00e1rios.<\/p>\n<p>Na abertura contaremos com a presen\u00e7a e contribui\u00e7\u00e3o de Luc\u00edola Macedo, que trar\u00e1 considera\u00e7\u00f5es sobre o testemunho de Primo Levi, um sobrevivente dos campos de exterm\u00ednio nazista, com o t\u00edtulo <em>Testemunho, entre o po\u00e9tico e o pol\u00edtico.<\/em><\/p>\n<p>Como sugest\u00e3o bibliogr\u00e1fica para este encontro, apresentamos algumas possibilidades:<\/p>\n<ul>\n<li>LACAN, J. (1967\/2003) Proposi\u00e7\u00e3o de 9 de outubro de 1967, Outros Escritos. Rio de<\/li>\n<li>Janeiro: Jorge Zahar, p.248-264.<\/li>\n<li>LEVI, P. (1947\/1988). \u00c9 isto um homem? Rio de Janeiro: Rocco.<\/li>\n<li>LEVI, P. (1986\/2004). Os afogados e os sobreviventes. S\u00e3o Paulo: Paz e Terra.<\/li>\n<li>LEVI, P. (2019). Mil s\u00f3is: poemas escolhidos. S\u00e3o Paulo: Todavia.<\/li>\n<li>MAC\u00caDO, L. (2014). Primo Levi, a escrita do trauma. Rio de Janeiro: Subversos.<\/li>\n<li>MAC\u00caDO, L. (2018). Sobre trauma, poesia e pol\u00edticas da mem\u00f3ria. Op\u00e7\u00e3o Lacaniana<\/li>\n<li>online nova s\u00e9rie, ano 9, n25-26, mar\u00e7o\/junho. Dispon\u00edvel em: <a href=\"http:\/\/www.opcaolacaniana.com.br\/pdf\/numero_25\/Sobre_trauma_poesia_e_politicas_da_memoria.pdf\">http:\/\/www.opcaolacaniana.com.br\/pdf\/numero_25\/Sobre_trauma_poesia_e_politicas_da_memoria.pdf<\/a><\/li>\n<li>MAC\u00caDO, L. (2020). R\u00eave, po\u00e9sie et politique. Lacan Quotidien, n.883, 23\/04\/2020. Dispon\u00edvel em: <a href=\"https:\/\/lacanquotidien.fr\/blog\/wp-content\/uploads\/2020\/04\/LQ-883.pdf\">https:\/\/lacanquotidien.fr\/blog\/wp-content\/uploads\/2020\/04\/LQ-883.pdf<\/a><\/li>\n<\/ul>\n<hr \/>\n<h3><span style=\"color: #993300;\">23 de novembro de 2021<\/span><\/h3>\n<ul>\n<li>Hor\u00e1rio: 20h<\/li>\n<li>Coordena\u00e7\u00e3o: Cleyton Andrade<\/li>\n<li>Convidada: Maria Josefina Sota Fuentes &#8211; Presidente do Conselho da EBP<\/li>\n<\/ul>\n","protected":false},"excerpt":{"rendered":"<p>Coordena\u00e7\u00e3o: Cleyton Andrade O in\u00edcio das atividades das Li\u00e7\u00f5es do Passe, na Se\u00e7\u00e3o Nordeste, ser\u00e1 no dia 22 de Junho. Um in\u00edcio que procura contar com o percurso tra\u00e7ado anteriormente nestas atividades. Nelas foram trabalhadas algumas quest\u00f5es fundamentais sobre o passe e o final de an\u00e1lise. Dando sequ\u00eancia \u00e0s investiga\u00e7\u00f5es, iremos, agora, fazer um percurso&hellip;<\/p>\n","protected":false},"author":1,"featured_media":0,"parent":1531,"menu_order":0,"comment_status":"closed","ping_status":"closed","template":"","meta":{"footnotes":""},"class_list":["post-2357","page","type-page","status-publish","hentry","entry","no-media"],"_links":{"self":[{"href":"https:\/\/ebp.org.br\/nordeste\/wp-json\/wp\/v2\/pages\/2357","targetHints":{"allow":["GET"]}}],"collection":[{"href":"https:\/\/ebp.org.br\/nordeste\/wp-json\/wp\/v2\/pages"}],"about":[{"href":"https:\/\/ebp.org.br\/nordeste\/wp-json\/wp\/v2\/types\/page"}],"author":[{"embeddable":true,"href":"https:\/\/ebp.org.br\/nordeste\/wp-json\/wp\/v2\/users\/1"}],"replies":[{"embeddable":true,"href":"https:\/\/ebp.org.br\/nordeste\/wp-json\/wp\/v2\/comments?post=2357"}],"version-history":[{"count":0,"href":"https:\/\/ebp.org.br\/nordeste\/wp-json\/wp\/v2\/pages\/2357\/revisions"}],"up":[{"embeddable":true,"href":"https:\/\/ebp.org.br\/nordeste\/wp-json\/wp\/v2\/pages\/1531"}],"wp:attachment":[{"href":"https:\/\/ebp.org.br\/nordeste\/wp-json\/wp\/v2\/media?parent=2357"}],"curies":[{"name":"wp","href":"https:\/\/api.w.org\/{rel}","templated":true}]}}