{"id":176,"date":"2026-04-07T11:29:05","date_gmt":"2026-04-07T14:29:05","guid":{"rendered":"https:\/\/ebp.org.br\/nordeste\/jornadas\/2026\/?page_id=176"},"modified":"2026-04-27T18:30:37","modified_gmt":"2026-04-27T21:30:37","slug":"organizacao","status":"publish","type":"page","link":"https:\/\/ebp.org.br\/nordeste\/jornadas\/2026\/organizacao\/","title":{"rendered":"ORGANIZA\u00c7\u00c3O"},"content":{"rendered":"<p><img loading=\"lazy\" decoding=\"async\" class=\"alignleft wp-image-177\" src=\"https:\/\/ebp.org.br\/nordeste\/jornadas\/2026\/wp-content\/uploads\/2026\/04\/ORGANIZACA-300x20.png\" alt=\"\" width=\"514\" height=\"35\" srcset=\"https:\/\/ebp.org.br\/nordeste\/jornadas\/2026\/wp-content\/uploads\/2026\/04\/ORGANIZACA-300x20.png 300w, https:\/\/ebp.org.br\/nordeste\/jornadas\/2026\/wp-content\/uploads\/2026\/04\/ORGANIZACA-1024x70.png 1024w, https:\/\/ebp.org.br\/nordeste\/jornadas\/2026\/wp-content\/uploads\/2026\/04\/ORGANIZACA-768x52.png 768w, https:\/\/ebp.org.br\/nordeste\/jornadas\/2026\/wp-content\/uploads\/2026\/04\/ORGANIZACA-1536x105.png 1536w, https:\/\/ebp.org.br\/nordeste\/jornadas\/2026\/wp-content\/uploads\/2026\/04\/ORGANIZACA.png 1778w\" sizes=\"auto, (max-width: 514px) 100vw, 514px\" \/><\/p>\n<p>&nbsp;<\/p>\n<p>&nbsp;<\/p>\n<h3><strong>Coordena\u00e7\u00e3o Geral<\/strong><\/h3>\n<p>Cl\u00e1udia Formiga<\/p>\n<hr \/>\n<h3><strong>Comiss\u00e3o Cient\u00edfica<\/strong><\/h3>\n<p>Li\u00e8ge Uch\u00f4a (coordenadora)<\/p>\n<p>V\u00e2nia Ferreira (coordenadora)<\/p>\n<p dir=\"ltr\"><strong>Cart\u00e9is constitu\u00eddos por eixo tem\u00e1tico:<\/strong><\/p>\n<p dir=\"ltr\"><strong>Eixo 1 \u2013 A interpreta\u00e7\u00e3o na cl\u00ednica lacaniana<\/strong><br \/>\nCartelizantes: Bibiana Poggi, Elizabete Siqueira, Juliana Ribeiro e Marina Cursino. Mais-um: Graciela Bessa (EBP-MG)<\/p>\n<p dir=\"ltr\"><strong>Eixo 2 \u2013 A pr\u00e1tica da interpreta\u00e7\u00e3o nas institui\u00e7\u00f5es<\/strong><br \/>\nCartelizantes: Susane Zanotti, Karynna N\u00f3brega, Jos\u00e9 Augusto Rocha e Tatiana Schefer.<br \/>\nMais-um: Niraldo de Oliveira Santos (EBP-SP)<\/p>\n<p dir=\"ltr\"><strong>Eixo 3 \u2013 As incid\u00eancias da Psican\u00e1lise na civiliza\u00e7\u00e3o do imperativo de gozo<\/strong><br \/>\nCartelizantes: Cleide Monteiro, Glacy Gorski, Paulo Carvalho e Suele Conde.<br \/>\nMais-um: Marcelo Veras (EBP-BA)<\/p>\n<hr \/>\n<h3><strong>Comiss\u00e3o de Refer\u00eancias Bibliogr\u00e1ficas<\/strong><\/h3>\n<p>Cassandra Dias (coordenadora)<\/p>\n<p>Ana Carolina Paz<\/p>\n<p>Liana Feldman<\/p>\n<p>Marcella Ribeiro<\/p>\n<p>Eliene Rodrigues<\/p>\n<p>J\u00falio Garcia<\/p>\n<p>Rosemarie Mooneyhan<\/p>\n<p>Socorro Soares<\/p>\n<hr \/>\n<h3><strong>Comiss\u00e3o de Divulga\u00e7\u00e3o<\/strong><\/h3>\n<p>K\u00e9sia Ramos (coordenadora)<\/p>\n<p>Anderson Barbosa<\/p>\n<p>Erick Leonardo Pereira<\/p>\n<p>Kevin do \u00d3<\/p>\n<p>Priscila Carvalho<\/p>\n<p>Ra\u00edssa da N\u00f3brega Pessoa<\/p>\n<hr \/>\n<h3><strong>Comiss\u00e3o de Livraria<\/strong><\/h3>\n<p>Marina Fragoso (coordenadora)<\/p>\n<p>Anna Luzia de Oliveira<\/p>\n<p>\u2060Islane Messias<\/p>\n<p>Jo\u00e3o Cabral<\/p>\n<p>Laura de Freitas<\/p>\n<p>L\u00edvia Rodrigues<\/p>\n<p>Nelson Matheus Silva<\/p>\n<p>Paulo Medeiros<\/p>\n<hr \/>\n<h3><strong>Comiss\u00e3o de Infraestrutura<\/strong><\/h3>\n<p>Ana Elo\u00e1 Cerqueira (coordenadora)<\/p>\n<p>Ana Aparecida Rocha<\/p>\n<p>Glauber Dantas<\/p>\n<p>Juliana Castro<\/p>\n<p>Julio Garcia<\/p>\n<p>Tatiana Schefer<\/p>\n<hr \/>\n<h3><strong>Comiss\u00e3o de Finan\u00e7as<\/strong><\/h3>\n<p>L\u00eddia Pessoa (coordenadora)<\/p>\n<p>Larissa Gomes<\/p>\n<p>Maria Ver\u00f4nica da Silva<\/p>\n<p>Marina Cursino<\/p>\n","protected":false},"excerpt":{"rendered":"<p>&nbsp; &nbsp; Coordena\u00e7\u00e3o Geral Cl\u00e1udia Formiga Comiss\u00e3o Cient\u00edfica Li\u00e8ge Uch\u00f4a (coordenadora) V\u00e2nia Ferreira (coordenadora) Cart\u00e9is constitu\u00eddos por eixo tem\u00e1tico: Eixo 1 \u2013 A interpreta\u00e7\u00e3o na cl\u00ednica lacaniana Cartelizantes: Bibiana Poggi, Elizabete Siqueira, Juliana Ribeiro e Marina Cursino. Mais-um: Graciela Bessa (EBP-MG) Eixo 2 \u2013 A pr\u00e1tica da interpreta\u00e7\u00e3o nas institui\u00e7\u00f5es Cartelizantes: Susane Zanotti, Karynna N\u00f3brega,&hellip;<\/p>\n","protected":false},"author":1,"featured_media":0,"parent":0,"menu_order":0,"comment_status":"closed","ping_status":"closed","template":"","meta":{"footnotes":""},"class_list":["post-176","page","type-page","status-publish","hentry","entry","no-media"],"_links":{"self":[{"href":"https:\/\/ebp.org.br\/nordeste\/jornadas\/2026\/wp-json\/wp\/v2\/pages\/176","targetHints":{"allow":["GET"]}}],"collection":[{"href":"https:\/\/ebp.org.br\/nordeste\/jornadas\/2026\/wp-json\/wp\/v2\/pages"}],"about":[{"href":"https:\/\/ebp.org.br\/nordeste\/jornadas\/2026\/wp-json\/wp\/v2\/types\/page"}],"author":[{"embeddable":true,"href":"https:\/\/ebp.org.br\/nordeste\/jornadas\/2026\/wp-json\/wp\/v2\/users\/1"}],"replies":[{"embeddable":true,"href":"https:\/\/ebp.org.br\/nordeste\/jornadas\/2026\/wp-json\/wp\/v2\/comments?post=176"}],"version-history":[{"count":9,"href":"https:\/\/ebp.org.br\/nordeste\/jornadas\/2026\/wp-json\/wp\/v2\/pages\/176\/revisions"}],"predecessor-version":[{"id":244,"href":"https:\/\/ebp.org.br\/nordeste\/jornadas\/2026\/wp-json\/wp\/v2\/pages\/176\/revisions\/244"}],"wp:attachment":[{"href":"https:\/\/ebp.org.br\/nordeste\/jornadas\/2026\/wp-json\/wp\/v2\/media?parent=176"}],"curies":[{"name":"wp","href":"https:\/\/api.w.org\/{rel}","templated":true}]}}