{"id":57839,"date":"2023-11-16T03:41:45","date_gmt":"2023-11-16T06:41:45","guid":{"rendered":"https:\/\/ebp.org.br\/nordeste\/jornadas\/2023\/?page_id=57839"},"modified":"2023-11-23T08:43:31","modified_gmt":"2023-11-23T11:43:31","slug":"passeios","status":"publish","type":"page","link":"https:\/\/ebp.org.br\/nordeste\/jornadas\/2023\/acolhimento\/passeios\/","title":{"rendered":"Passeios"},"content":{"rendered":"<div class=\"wpb-content-wrapper\"><p>[vc_row][vc_column]<div id=\"ultimate-heading-516969f5b5032e576\" class=\"uvc-heading ult-adjust-bottom-margin ultimate-heading-516969f5b5032e576 uvc-8676  uvc-heading-default-font-sizes\" data-hspacer=\"line_only\"  data-halign=\"left\" style=\"text-align:left\"><div class=\"uvc-main-heading ult-responsive\"  data-ultimate-target='.uvc-heading.ultimate-heading-516969f5b5032e576 h2'  data-responsive-json-new='{\"font-size\":\"\",\"line-height\":\"\"}' ><h2 style=\"--font-weight:theme;\">Acolhimento - Passeios<\/h2><\/div><div class=\"uvc-heading-spacer line_only\" style=\"topheight:1px;\"><span class=\"uvc-headings-line\" style=\"border-style:solid;border-bottom-width:1px;border-color:#8e0c0f;width:50px;\"><\/span><\/div><\/div>[\/vc_column][\/vc_row][vc_row][vc_column][vc_empty_space height=&#8221;50px&#8221;][\/vc_column][\/vc_row][vc_row][vc_column][vc_column_text]<\/p>\n<h2><span style=\"color: #993300;\">VIVA A POESIA EM POESIA VIVA<\/span><\/h2>\n<h3><strong>Circuito da poesia do Recife<\/strong><\/h3>\n<p>Voc\u00ea tem a op\u00e7\u00e3o do passeio guiado oferecido pela Prefeitura da Cidade do Recife: Olha! Recife: <a href=\"http:\/\/www.olharecife.com.br\">www.olharecife.com.br<\/a><\/p>\n<ul>\n<li><a href=\"https:\/\/circuitodapoesia.recife.pe.gov.br\/alberto-da-cunha-melo\/\"><strong>Alberto da Cunha Melo<\/strong><\/a>(Parque 13 de Maio)<\/li>\n<li><a href=\"https:\/\/circuitodapoesia.recife.pe.gov.br\/antonio-maria\/\"><strong>Ant\u00f4nio Maria<\/strong><\/a>(Rua do Bom Jesus)<\/li>\n<li><a href=\"https:\/\/circuitodapoesia.recife.pe.gov.br\/ariano-suassuna\/\"><strong>Ariano Suassuna<\/strong><\/a>(Rua da Aurora)<\/li>\n<li><a href=\"https:\/\/circuitodapoesia.recife.pe.gov.br\/ascenso-ferreira\/\"><strong>Ascenso Ferreira<\/strong><\/a>(Cais da Alf\u00e2ndega)<\/li>\n<li><a href=\"https:\/\/circuitodapoesia.recife.pe.gov.br\/capiba\/\"><strong>Capiba<\/strong><\/a>(Rua do Sol)<\/li>\n<li><a href=\"https:\/\/circuitodapoesia.recife.pe.gov.br\/carlos-pena-filho\/\"><strong>Carlos Pena Filho<\/strong><\/a>(Pra\u00e7a do Di\u00e1rio)<\/li>\n<li><a href=\"https:\/\/circuitodapoesia.recife.pe.gov.br\/celina-holanda\/\"><strong>Celina de Holanda<\/strong><\/a>(Avenida Beira Rio)<\/li>\n<li><a href=\"https:\/\/circuitodapoesia.recife.pe.gov.br\/chico-science\/\"><strong>Chico Science<\/strong><\/a>(Rua da Moeda)<\/li>\n<li><a href=\"https:\/\/circuitodapoesia.recife.pe.gov.br\/clarice-lispector\/\"><strong>Clarice Lispector<\/strong><\/a>(Pra\u00e7a Maciel Pinheiro)<\/li>\n<li><a href=\"https:\/\/circuitodapoesia.recife.pe.gov.br\/janice-japiassu\/\"><strong>Janice Japiassu<\/strong><\/a>(Rua do Pr\u00edncipe)<\/li>\n<li><a href=\"https:\/\/circuitodapoesia.recife.pe.gov.br\/joao-cabral-melo-neto\/\"><strong>Jo\u00e3o Cabral de Melo Neto<\/strong><\/a>(Rua da Aurora)<\/li>\n<li><a href=\"https:\/\/circuitodapoesia.recife.pe.gov.br\/joaquim-cardozo\/\"><strong>Joaquim Cardozo<\/strong><\/a>(Ponte Maur\u00edcio de Nassau)<\/li>\n<li><a href=\"https:\/\/circuitodapoesia.recife.pe.gov.br\/liedo-maranhao\/\"><strong>Li\u00eado Maranh\u00e3o<\/strong><\/a>(Pra\u00e7a Dom Vital)<\/li>\n<li><a href=\"https:\/\/circuitodapoesia.recife.pe.gov.br\/luiz-gonzaga\/\"><strong>Luiz Gonzaga<\/strong><\/a>(Pra\u00e7a Mau\u00e1)<\/li>\n<li><a href=\"https:\/\/circuitodapoesia.recife.pe.gov.br\/manuel-bandeira\/\"><strong>Manuel Bandeira<\/strong><\/a>(Rua da Aurora)<\/li>\n<li><a href=\"https:\/\/circuitodapoesia.recife.pe.gov.br\/mauro-mota\/\"><strong>Mauro Mota<\/strong><\/a>(P\u00e1tio do Sebo)<\/li>\n<li><a href=\"https:\/\/circuitodapoesia.recife.pe.gov.br\/nana-vasconcelos\/\"><strong>Nan\u00e1 Vasconcelos<\/strong><\/a>(Marco Zero)<\/li>\n<li><a href=\"https:\/\/circuitodapoesia.recife.pe.gov.br\/reginaldo-rossi\/\"><strong>Reginaldo Rossi<\/strong><\/a>(P\u00e1tio de Santa Cruz)<\/li>\n<li><a href=\"https:\/\/circuitodapoesia.recife.pe.gov.br\/solano-trindade\/\"><strong>Solano Trindade<\/strong><\/a>(P\u00e1tio de S\u00e3o Pedro)<\/li>\n<li><a href=\"https:\/\/circuitodapoesia.recife.pe.gov.br\/tarcisio-pereira\/\"><strong>Tarc\u00edsio Pereira<\/strong><\/a>(Rua Sete de Setembro)<\/li>\n<\/ul>\n<h6>*As obras assinadas pelo artista Dem\u00e9trio Albuquerque.<\/h6>\n<p>[\/vc_column_text][\/vc_column][\/vc_row][vc_row][vc_column][vc_media_grid grid_id=&#8221;vc_gid:1700738902133-38d667df-e36b-5&#8243; include=&#8221;57841,57842,57843,57844,57845,57846,57847,57848,57849&#8243;][\/vc_column][\/vc_row][vc_row][vc_column][vc_empty_space][vc_separator color=&#8221;pink&#8221;][vc_empty_space][\/vc_column][\/vc_row][vc_row][vc_column][vc_column_text]<\/p>\n<h2><span style=\"color: #993300;\"><strong>DESCUBRA O RECIFE E SEUS ENCANTOS<\/strong><\/span><\/h2>\n<p>[\/vc_column_text][vc_column_text]INICIE PELO BAIRRO ONDE OCORRER\u00c1 O EVENTO, BOA VIAGEM,\u00a0 COM SUA BELA ORLA MAR\u00cdTIMA E SEUS JARDINS A OFERTAR-LHE PASSEIO PELO CAL\u00c7AD\u00c3O E A TRADICONAL \u00c1GUA DE C\u00d4CO. APROVEITE PARA CONHECER:<\/p>\n<p><strong>PARQUE DONA LINDU e GALERIA JANETE COSTA<\/strong> -insta: parquedonalindu e galeriajanetecosta<\/p>\n<ul>\n<li>Av Boa Viagem s\/n &#8211; Boa Viagem<\/li>\n<\/ul>\n<p>AINDA, BEM PERTO\u00a0 DO LOCAL DO EVENTO H\u00c1 O BAIRRO VIZINHO, <strong>BRAS\u00cdLIA TEIMOSA<\/strong> , COM BARES E RESTAURANTES\u00a0 BACANAS , AL\u00c9M DE TER VIA DE ACESSO \u00c0 FAMOSA <strong>CASA DE BANHO<\/strong> E AO <strong>PARQUE DAS ESCULTURAS DE FRANCISCO BRENNAND<\/strong>[\/vc_column_text][vc_media_grid grid_id=&#8221;vc_gid:1700738857026-84fb123e-1056-4&#8243; include=&#8221;57882,57883,57884,57885,57886&#8243;][\/vc_column][\/vc_row][vc_row][vc_column][vc_empty_space][vc_separator color=&#8221;pink&#8221;][vc_empty_space][\/vc_column][\/vc_row][vc_row][vc_column][vc_column_text]DEPOIS PELO<strong> <em>BAIRRO DO RECIFE<\/em><\/strong><\/p>\n<ul>\n<li><strong>PRA\u00c7A DO MARCO ZERO &#8211; <\/strong> Alfredo Lisboa , Bairro do Recife<\/li>\n<li><strong>PARQUE DAS ESCULTURAS DE FRANCISCO BRENNAND &#8211; <\/strong>Arrecifes do Porto, s\/n, Bairro do Recife (op\u00e7\u00e3o de acesso por barco desde o Marco Zero)<em> S\/N, BAIRR<strong>O DO <\/strong><\/em><\/li>\n<li><strong>ARTESANATO DE PERNAMBUCO &#8211; insta: centrodeartesanatodepe e MAPE- MODA AUTORAL DE PE &#8211; insta:modaautoralpe. <\/strong> Alfredo Lisboa , s\/n, Armaz\u00e9m 11 , Bairro do Recife<\/li>\n<li><strong>CENTRO CULTURAL &#8211; CAIXA CULTURAL RECIFE &#8211; insta: caixaculturalrecife <\/strong> Alfredo Lisboa, 505, Bairro do Recife<\/li>\n<li><strong>MUSEU CAIS DO SERT\u00c3O &#8211; insta: museucaisdosertao. <\/strong> Alfredo Lisboa, s\/n &#8211; Armazem 10, Bairro do Recife<\/li>\n<li><strong>MUSEU PA\u00c7O DO FREVO- insta: pacodofrevo. <\/strong>Pra\u00e7a do Arsenal, s\/n, Bairro do Recife<\/li>\n<li><strong>CENTRO CULTURAL OBSERVAT\u00d3RIO &#8211; TORRE MALAKOFF insta:torremalakoff. <\/strong>Pra\u00e7a do Arsenal, s\/n, Bairro do Recife<\/li>\n<li><strong>MUSEU EMBAIXADA DE PERNAMBUCO &#8211; BONECOS GIGANTES DE OLINDA &#8211; insta: bonecosgigantesdeolinda. <\/strong>Rua do Bom Jesus, 183 e Pra\u00e7a do Arsenal, s\/n, Bairro do Recife<\/li>\n<li><strong>MUSEU A C\u00c9U ABERTO &#8211; <\/strong>Rua Bar\u00e3o Rodrigues Mendes, prox. pra\u00e7a do Arsenal, Bairro do Recife<\/li>\n<li><strong>SINAGOGA KAHAL ZUR ISRAEL &#8211; insta: sinagogakahalzurisrael. <\/strong>Rua do Bom Jesus, 197, Bairro do Recife<\/li>\n<li><strong>IGREJA MADRE DE DEUS &#8211; <\/strong>Rua Madre de Deus, s\/n, Bairro do Recife<\/li>\n<li><strong>PA\u00c7O ALF\u00c2NDEGA<\/strong>, antigo\u00a0<strong>Convento dos Padres Oratorianos de S\u00e3o Filipe N\u00e9ri<\/strong>(1732) e antiga\u00a0<strong>Alf\u00e2ndega de Pernambuco<\/strong>\u00a0(1826) <strong>\u00a0<\/strong> Alf\u00e2ndega, 35, Bairro do Recife<\/li>\n<\/ul>\n<p>[\/vc_column_text][vc_media_grid grid_id=&#8221;vc_gid:1700739076747-3e119643-8e71-4&#8243; include=&#8221;57887,57888,57889,57890,57891,57892,57893&#8243;][\/vc_column][\/vc_row][vc_row][vc_column][vc_empty_space][vc_separator color=&#8221;pink&#8221;][vc_empty_space][\/vc_column][\/vc_row][vc_row][vc_column][vc_column_text]<strong>ALI BEM PR\u00d3XIMO ATRAVESSE A PONTE BUARQUE DE MACEDO APRECIANDO A PAISAGEM DA CIDADE CORTADA PELO RIO CAPIBARIBE E CHEGAR\u00c1 \u00c0 PRA\u00c7A DA REP\u00daBLICA <\/strong><strong>(*MOSTRAR FOTOS)<\/strong><\/p>\n<ul>\n<li><strong>TEATRO DE SANTA ISABEL &#8211; insta: teatrosantaisabel.<\/strong>Pra\u00e7a da Rep\u00fablica &#8211; Santo Ant\u00f4nio, Recife<\/li>\n<li><strong>PAL\u00c1CIO DA JUSTI\u00c7A &#8211;<\/strong> Pra\u00e7a da Rep\u00fablica, s\/n, Santo Antonio<\/li>\n<li><strong>PALACIO DO CAMPO DAS PRINCESAS &#8211; <\/strong>Pra\u00e7a da Rep\u00fablica, s\/n, Santo Antonio<\/li>\n<li><strong>CAPELA DOURADA E CONVENTO DE SANTO ANTONIO- <\/strong>Rua do Imperador D. Pedro II , s\/n, Santo Antonio<\/li>\n<li><strong>GABINETE PORTUGU\u00caS DE LEITURA &#8211; <\/strong>Rua do Imperador D. Pedro II, 290, Santo Antonio<\/li>\n<li><strong>O MONUMENTO A ZUMBI DOS PALMARES<\/strong><strong> &#8211; <\/strong>P\u00e1tio do Carmo, Santo Ant\u00f4nio<\/li>\n<li><strong>BAS\u00cdLICA NOSSA SENHORA DO CARMO &#8211; <\/strong>P\u00e1tio do Carmo, Av. Dantas Barreto s\/n, Santo Antonio<\/li>\n<\/ul>\n<p>[\/vc_column_text][vc_media_grid grid_id=&#8221;vc_gid:1700739338957-04c4937c-8dbf-10&#8243; include=&#8221;57894,57895,57896,57897&#8243;][\/vc_column][\/vc_row][vc_row][vc_column][vc_empty_space][vc_separator color=&#8221;pink&#8221;][vc_empty_space][\/vc_column][\/vc_row][vc_row][vc_column][vc_column_text]<strong>CONTINUE, POR TR\u00c1S DO TEATRO DE SANTA ISABEL, \u00a0E ATRAVESSE A PONTE SANTA ISABEL E CONTEMPLE DIVERSOS PONTOS E ARTES \u00c0 RUA DA AURORA <\/strong><\/p>\n<ul>\n<li><strong>CINEMA S\u00c3O LUIZ <\/strong>&#8211; Rua Da Aurora, 175, Boa Vista<\/li>\n<li><strong>MUSEU DA ARTE MODERNA ALOISIO MAGALH\u00c3ES &#8211; MAMAM &#8211; <\/strong>Rua da Aurora, 265, Boa Vista<\/li>\n<li><strong>TEATRO ARRAIAL ARIANO SUASSUNA &#8211; <\/strong>Rua da Aurora, 457, Boa Vista ( DUAS ESCULTURAS DO CIRCUITO DA POESIA DIANTE DO TEATRO &#8211; VIDE LINK DESTE CIRCUITO)<\/li>\n<li><strong>PAL\u00c1CIO JOAQUIM NABUCO &#8211; ASSEMBL\u00c9IA LEGISLATIVA &#8211; <\/strong>Rua da Aurora, 631, Boa Vista<\/li>\n<li><strong>MUSEU DA HIST\u00d3RIA NATURAL LOUIS JACQUES BRUNET &#8211; <\/strong>Rua da Aurora 703, Boa Vista<\/li>\n<\/ul>\n<p><strong>VER\u00c1 MONUMENTOS<\/strong><\/p>\n<p>MONUMENTO AO MANGUEBEAT<\/p>\n<p>MONUMENTO TORTURA NUNCA MAIS &#8211;<\/p>\n<p>MONUMENTO DO FREVO- DE ABELARDO DA HORA<\/p>\n<p>GALO DA MADRUGADA<\/p>\n<p><strong>PR\u00d3XIMO \u00c0 RUA DA AURORA:<\/strong><\/p>\n<ul>\n<li><strong>ESPA\u00c7O PAS\u00c1RGADA &#8211; CASA DO POETA MANUEL BANDEIRA &#8211; <\/strong>Rua da Uni\u00e3o, 263, Boa Vista<\/li>\n<li><strong>OS CANTADORES, monumento de Abelardo da Hora- Parque 13 de Maio, Boa Vista<\/strong><\/li>\n<\/ul>\n<p>[\/vc_column_text][vc_media_grid grid_id=&#8221;vc_gid:1700739498714-5fc8f1bc-9d95-5&#8243; include=&#8221;57898,57899,57900,57901,57902,57903,57904,57905,57906&#8243;][\/vc_column][\/vc_row][vc_row][vc_column][vc_empty_space][vc_separator color=&#8221;pink&#8221;][vc_empty_space][\/vc_column][\/vc_row][vc_row][vc_column][vc_column_text]<strong>\u00c9 IMPERD\u00cdVEL O P\u00c1TIO DE S\u00c3O PEDRO <\/strong><\/p>\n<p>Rua S\u00e3o Pedro, s\/n, Bairro de S\u00e3o Jos\u00e9<\/p>\n<p><strong>IGREJA DE S\u00c3O PEDRO DOS CL\u00c9RIGOS <\/strong>Rua S\u00e3o Pedro, s\/n, Bairro de S\u00e3o Jos\u00e9<\/p>\n<p><strong>MEMORIAL CHICO SCIENCE<\/strong> &#8211; P\u00e1tio de S\u00e3o Pedro, Casa 21, Bairro de S\u00e3o Jos\u00e9<\/p>\n<p><strong>CASA DO CARNAVAL &#8211; <\/strong>P\u00e1tio de S\u00e3o Pedro, Casa 38 , Bairro de S\u00e3o Jos\u00e9<\/p>\n<p><strong>MEMORIAL LUIZ GONZAGA &#8211; <\/strong>P\u00e1tio de S\u00e3o Pedro, Casa 35 , Bairro de S\u00e3o Jos\u00e9<\/p>\n<p><strong>NO P\u00c1TIO ENCONTRA-SE O FAMOSO RESTAURANTE DOM PEDRO <\/strong>[\/vc_column_text][vc_media_grid grid_id=&#8221;vc_gid:1700739615728-fcc23fac-ed86-10&#8243; include=&#8221;57907,57908,57909,57910,57911&#8243;][\/vc_column][\/vc_row][vc_row][vc_column][vc_empty_space][vc_separator color=&#8221;pink&#8221;][vc_empty_space][\/vc_column][\/vc_row][vc_row][vc_column][vc_column_text]<strong>E O BAIRRO DE S\u00c3O JOS\u00c9, CENTRO DA CIDADE<\/strong><\/p>\n<p><strong>MUSEU DA CIDADE DO RECIFE FORTE DAS CINCO PONTAS &#8211; https:\/\/www2.recife.pe.gov.br\/servico\/museu-da-cidade-do-recife \u00a0<\/strong>Pra\u00e7a das Cinco Pontas, s\/n &#8211; Bairro de S\u00e3o Jos\u00e9<\/p>\n<p><strong>CAIS JOS\u00c9 ESTELITA &#8211; BANHADO PELA BACIA DO PINA<\/strong>. Ilha Antonio Vaz\/pr\u00f3ximo do Bairro S\u00e3o Jos\u00e9.<\/p>\n<p><strong>MERCADO DE S\u00c3O JOS\u00c9 https:\/\/www2.recife.pe.gov.br\/servico\/mercado-de-sao-jose \u00a0<\/strong>Pra\u00e7a Dom Vital &#8211; \u00a0Bairro de S\u00e3o Jos\u00e9<\/p>\n<p><strong>MONUMENTO AO MARACATU, de Abelardo da Hora &#8211;\u00a0 <\/strong>R. Vidal de Negreiros, s\/n &#8211; S\u00e3o Jos\u00e9,<\/p>\n<p><strong>EN\u00c9AS FREIRE E O GALO DA MADRUGADA, <\/strong><strong>de Abelardo da Hora &#8211; Pra\u00e7a S\u00e9rgio Loreto, S\u00e3o Jos\u00e9<\/strong><\/p>\n<p><strong>ESTA\u00c7\u00c3O CENTRAL CAPIBA e MUSEU DO TREM DO RECIFE &#8211; <\/strong>Rua Floriano Peixoto, s\/n, Bairro de S\u00e3o Jos\u00e9<\/p>\n<p><strong>CASA DA CULTURA DE PERNAMBUCO &#8211; <\/strong>R. Padre Floriano, S\/N, Bairro de S\u00e3o Jos\u00e9[\/vc_column_text][vc_media_grid grid_id=&#8221;vc_gid:1700739658010-3c3952c1-f70a-10&#8243; include=&#8221;57912,57913,57914,57915,57916,57917,57918,57919,57920,57921,57922&#8243;][\/vc_column][\/vc_row][vc_row][vc_column][vc_empty_space][vc_separator color=&#8221;pink&#8221;][vc_empty_space][\/vc_column][\/vc_row][vc_row][vc_column][vc_column_text]<strong>E AINDA, OS EXPL\u00caNDIDOS CENTROS CULTURAIS <\/strong><strong>(* MOSTRAR FOTOS)<\/strong><\/p>\n<p><strong>OFICINA FRANCISCO BRENNAND <\/strong>&#8211; <strong>insta: oficinafranciscobrennand<\/strong>. Rua Diogo Vasconcelos, s\/n, V\u00e1rzea<\/p>\n<p><strong>CENTRO CULTURAL INSTITUTO RICARDO BRENNAND<\/strong> &#8211; <strong>insta: insttutorb<\/strong> Rua Mario Campelo, 700 &#8211; Alameda Antonio Brennand, s\/n V\u00e1rzea, Recife[\/vc_column_text][vc_media_grid grid_id=&#8221;vc_gid:1700739762881-84291d8a-cd33-0&#8243; include=&#8221;57923,57924,57925&#8243;][\/vc_column][\/vc_row]<\/p>\n<\/div>","protected":false},"excerpt":{"rendered":"<p>[vc_row][vc_column][\/vc_column][\/vc_row][vc_row][vc_column][vc_empty_space height=&#8221;50px&#8221;][\/vc_column][\/vc_row][vc_row][vc_column][vc_column_text] VIVA A POESIA EM POESIA VIVA Circuito da poesia do Recife Voc\u00ea tem a op\u00e7\u00e3o do passeio guiado oferecido pela Prefeitura da Cidade do Recife: Olha! Recife: www.olharecife.com.br Alberto da Cunha Melo(Parque 13 de Maio) Ant\u00f4nio Maria(Rua do Bom Jesus) Ariano Suassuna(Rua da Aurora) Ascenso Ferreira(Cais da Alf\u00e2ndega) Capiba(Rua do Sol) Carlos Pena&hellip;<\/p>\n","protected":false},"author":1,"featured_media":0,"parent":57676,"menu_order":0,"comment_status":"closed","ping_status":"closed","template":"","meta":{"footnotes":""},"class_list":["post-57839","page","type-page","status-publish","hentry","description-off"],"_links":{"self":[{"href":"https:\/\/ebp.org.br\/nordeste\/jornadas\/2023\/wp-json\/wp\/v2\/pages\/57839","targetHints":{"allow":["GET"]}}],"collection":[{"href":"https:\/\/ebp.org.br\/nordeste\/jornadas\/2023\/wp-json\/wp\/v2\/pages"}],"about":[{"href":"https:\/\/ebp.org.br\/nordeste\/jornadas\/2023\/wp-json\/wp\/v2\/types\/page"}],"author":[{"embeddable":true,"href":"https:\/\/ebp.org.br\/nordeste\/jornadas\/2023\/wp-json\/wp\/v2\/users\/1"}],"replies":[{"embeddable":true,"href":"https:\/\/ebp.org.br\/nordeste\/jornadas\/2023\/wp-json\/wp\/v2\/comments?post=57839"}],"version-history":[{"count":4,"href":"https:\/\/ebp.org.br\/nordeste\/jornadas\/2023\/wp-json\/wp\/v2\/pages\/57839\/revisions"}],"predecessor-version":[{"id":57926,"href":"https:\/\/ebp.org.br\/nordeste\/jornadas\/2023\/wp-json\/wp\/v2\/pages\/57839\/revisions\/57926"}],"up":[{"embeddable":true,"href":"https:\/\/ebp.org.br\/nordeste\/jornadas\/2023\/wp-json\/wp\/v2\/pages\/57676"}],"wp:attachment":[{"href":"https:\/\/ebp.org.br\/nordeste\/jornadas\/2023\/wp-json\/wp\/v2\/media?parent=57839"}],"curies":[{"name":"wp","href":"https:\/\/api.w.org\/{rel}","templated":true}]}}