{"id":5990,"date":"2026-02-20T10:02:10","date_gmt":"2026-02-20T13:02:10","guid":{"rendered":"https:\/\/ebp.org.br\/mg\/?page_id=5990"},"modified":"2026-02-27T16:00:51","modified_gmt":"2026-02-27T19:00:51","slug":"acoes-com-o-acervo-da-biblioteca","status":"publish","type":"page","link":"https:\/\/ebp.org.br\/mg\/biblioteca\/acoes-com-o-acervo-da-biblioteca\/","title":{"rendered":"A\u00e7\u00f5es com o acervo da biblioteca"},"content":{"rendered":"<section class=\"wpb-content-wrapper\">[vc_row][vc_column][vc_column_text]\n<h3><strong><span style=\"color: #993300;\">A\u00c7\u00d5ES COM O ACERVO DA BIBLIOTECA: LER COM LACAN<\/span><\/strong><\/h3>\n<p><strong>Diretora:\u00a0<\/strong>Fernanda Costa (EBP\/AMP)<strong>\u00a0<\/strong><\/p>\n<p><strong>Equipe:<\/strong><\/p>\n<ul>\n<li>Cristina Vidigal (EBP\/AMP)<\/li>\n<li>Marina Ladeira<\/li>\n<li>Francisco Matheus Barros<\/li>\n<li>M\u00f4nica Campos (EBP\/AMP)<\/li>\n<li>Renata Dinardi<\/li>\n<\/ul>\n<p><strong>Colaboradores do Acervo da Biblioteca:<\/strong><\/p>\n<ul>\n<li>Ana Sanders<\/li>\n<li>Daniela Viola (EBP\/AMP)<\/li>\n<li>Fernanda Santiago<\/li>\n<li>Isabela Silveira<\/li>\n<li>Let\u00edcia Mello<\/li>\n<li>Marcela Aguilar<\/li>\n<\/ul>\n<figure id=\"attachment_6008\" aria-describedby=\"caption-attachment-6008\" style=\"width: 500px\" class=\"wp-caption aligncenter\"><img loading=\"lazy\" decoding=\"async\" class=\"wp-image-6008\" src=\"https:\/\/ebp.org.br\/mg\/wp-content\/uploads\/2026\/02\/01fb7102-9ed1-43f8-a792-6d8c3523f82d-821x1024.jpg\" alt=\"\" width=\"500\" height=\"624\" srcset=\"https:\/\/ebp.org.br\/mg\/wp-content\/uploads\/2026\/02\/01fb7102-9ed1-43f8-a792-6d8c3523f82d-821x1024.jpg 821w, https:\/\/ebp.org.br\/mg\/wp-content\/uploads\/2026\/02\/01fb7102-9ed1-43f8-a792-6d8c3523f82d-240x300.jpg 240w, https:\/\/ebp.org.br\/mg\/wp-content\/uploads\/2026\/02\/01fb7102-9ed1-43f8-a792-6d8c3523f82d-768x958.jpg 768w, https:\/\/ebp.org.br\/mg\/wp-content\/uploads\/2026\/02\/01fb7102-9ed1-43f8-a792-6d8c3523f82d.jpg 912w\" sizes=\"auto, (max-width: 500px) 100vw, 500px\" \/><figcaption id=\"caption-attachment-6008\" class=\"wp-caption-text\">Imagem: Conrado Almada<\/figcaption><\/figure>\n<p>Aten\u00e7\u00e3o! No ano de 2026, ser\u00e3o realizadas as a\u00e7\u00f5es virtuais que visam contribuir para a vivacidade e a circula\u00e7\u00e3o do acervo da biblioteca da EBP-MG, assim como difundir a Biblioteca Una da EBP.<\/p>\n<p>Para tanto, al\u00e9m da equipe da Diretoria de Biblioteca, contaremos com os colaboradores do acervo da Biblioteca e com a equipe de m\u00eddias da EBP-MG. Acesse a aba do site \u201cAcervo da Biblioteca\u201d e fiquem atentos aos meios de comunica\u00e7\u00e3o e \u00e0s redes da EBP-MG para acompanhar a programa\u00e7\u00e3o.<strong>\u00a0<\/strong><\/p>\n<h3><span style=\"color: #993300;\"><strong>PROGRAMA\u00c7\u00c3O \u2013 01\/2026<\/strong><\/span><\/h3>\n<p><strong>\u00a0A\u00e7\u00f5es com o acervo da biblioteca: ler com Lacan<\/strong><\/p>\n<ul>\n<li><strong>Coordena\u00e7\u00e3o<\/strong>: Fernanda Costa (EBP\/AMP)<\/li>\n<li><strong>Convidados<\/strong>: Equipe da Biblioteca, colaboradores do acervo da biblioteca<\/li>\n<li><strong>Parceria<\/strong>: Equipe de M\u00eddias \u2013 Coordena\u00e7\u00e3o: Mariana Vidigal (EBP\/AMP)<\/li>\n<li><strong>Data<\/strong>: ao longo do ano.<\/li>\n<li><strong>Local<\/strong>: redes sociais e outros meios de comunica\u00e7\u00e3o da EBP-MG<\/li>\n<li><strong>Modalidade<\/strong>: virtual<\/li>\n<\/ul>\n[\/vc_column_text][\/vc_column][\/vc_row]\n<\/section>","protected":false},"excerpt":{"rendered":"<p>[vc_row][vc_column][vc_column_text] A\u00c7\u00d5ES COM O ACERVO DA BIBLIOTECA: LER COM LACAN Diretora:\u00a0Fernanda Costa (EBP\/AMP)\u00a0 Equipe: Cristina Vidigal (EBP\/AMP) Marina Ladeira Francisco Matheus Barros M\u00f4nica Campos (EBP\/AMP) Renata Dinardi Colaboradores do Acervo da Biblioteca: Ana Sanders Daniela Viola (EBP\/AMP) Fernanda Santiago Isabela Silveira Let\u00edcia Mello Marcela Aguilar Aten\u00e7\u00e3o! No ano de 2026, ser\u00e3o realizadas as a\u00e7\u00f5es virtuais&hellip;<\/p>\n","protected":false},"author":1,"featured_media":0,"parent":1308,"menu_order":0,"comment_status":"closed","ping_status":"closed","template":"","meta":{"footnotes":""},"class_list":["post-5990","page","type-page","status-publish","hentry","entry","no-media"],"aioseo_notices":[],"_links":{"self":[{"href":"https:\/\/ebp.org.br\/mg\/wp-json\/wp\/v2\/pages\/5990","targetHints":{"allow":["GET"]}}],"collection":[{"href":"https:\/\/ebp.org.br\/mg\/wp-json\/wp\/v2\/pages"}],"about":[{"href":"https:\/\/ebp.org.br\/mg\/wp-json\/wp\/v2\/types\/page"}],"author":[{"embeddable":true,"href":"https:\/\/ebp.org.br\/mg\/wp-json\/wp\/v2\/users\/1"}],"replies":[{"embeddable":true,"href":"https:\/\/ebp.org.br\/mg\/wp-json\/wp\/v2\/comments?post=5990"}],"version-history":[{"count":12,"href":"https:\/\/ebp.org.br\/mg\/wp-json\/wp\/v2\/pages\/5990\/revisions"}],"predecessor-version":[{"id":6051,"href":"https:\/\/ebp.org.br\/mg\/wp-json\/wp\/v2\/pages\/5990\/revisions\/6051"}],"up":[{"embeddable":true,"href":"https:\/\/ebp.org.br\/mg\/wp-json\/wp\/v2\/pages\/1308"}],"wp:attachment":[{"href":"https:\/\/ebp.org.br\/mg\/wp-json\/wp\/v2\/media?parent=5990"}],"curies":[{"name":"wp","href":"https:\/\/api.w.org\/{rel}","templated":true}]}}