{"id":1178,"date":"2017-07-20T17:45:51","date_gmt":"2017-07-20T20:45:51","guid":{"rendered":"http:\/\/www.ebp.org.br\/ba\/?page_id=1178"},"modified":"2024-09-26T10:57:13","modified_gmt":"2024-09-26T13:57:13","slug":"sobre","status":"publish","type":"page","link":"https:\/\/ebp.org.br\/mg\/sobre\/","title":{"rendered":"Sobre a EBP Minas"},"content":{"rendered":"<section class=\"wpb-content-wrapper\">[vc_row][vc_column][vc_column_text]A Escola Brasileira de Psican\u00e1lise \u2013 Se\u00e7\u00e3o Minas Gerais (EBP),\u00a0 considerada como Institui\u00e7\u00e3o de Utilidade P\u00fablica, comp\u00f5e, juntamente com as demais Se\u00e7\u00f5es, a\u00a0<a href=\"http:\/\/www.ebp.org.br\">Escola Brasileira de Psican\u00e1lise<\/a> (EBP), fundada em 1995, filiada \u00e0\u00a0<a href=\"http:\/\/www.wapol.com\">Associa\u00e7\u00e3o Mundial de Psican\u00e1lise<\/a>\u00a0(AMP) e participante da rede da Funda\u00e7\u00e3o do Campo Freudiano. A Escola tem por objetivo manter vivos o ensino e a pr\u00e1tica da psican\u00e1lise, enfatizando a forma\u00e7\u00e3o permanente de seus membros. Ela busca favorecer o discurso anal\u00edtico e o avan\u00e7o da psican\u00e1lise freudiana segundo a orienta\u00e7\u00e3o de Jacques Lacan, abrindo-se ao debate sobre os impasses de nossa contemporaneidade.<\/p>\n<p>Dentre as atividades da EBP-MG abertas ao p\u00fablico, est\u00e3o o<em> Semin\u00e1rio Preparat\u00f3rio<\/em> para suas Jornadas anuais, o <em>Semin\u00e1rio de Orienta\u00e7\u00e3o Lacaniana<\/em>, o <em>Semin\u00e1rio Supervis\u00e3o e An\u00e1lise de Controle<\/em>, os <em>Semin\u00e1rios por Conta e Risco<\/em>, bem como as <em>Noites da Biblioteca<\/em> e aquelas dos <em>Cart\u00e9is e Interc\u00e2mbios<\/em>. \u00a0Desde 2017, \u00a0foi iniciada uma parceria com a Funda\u00e7\u00e3o Cl\u00f3vis Salgado \u2013 Pal\u00e1cio das Artes para a realiza\u00e7\u00e3o mensal do <em>Cinema &amp; Psican\u00e1lise, <\/em>na Sala Humberto Mauro, em Belo Horizonte, com a exibi\u00e7\u00e3o de um filme seguida de uma conversa entre um psicanalista Membro da EBP e o p\u00fablico presente. Desde 2018, uma parceria da EBP-MG com a Academia Mineira de Letras (AML) promove <em>Lacan na Academia<\/em>, atividade dedicada \u00e0s conex\u00f5es entre psican\u00e1lise e literatura, sempre com a presen\u00e7a de um escritor e de psicanalistas, visando a sustentar uma conversa\u00e7\u00e3o aberta a todos os interessados.<\/p>\n<p>Anualmente, a EBP-MG promove uma Jornada de Cart\u00e9is para que o produto do trabalho de cada um, nesses grupos criados por Lacan e decisivos para a vida da Escola, seja apresentado e discutido. Tamb\u00e9m uma vez por ano, outra marca do entusiasmo e da transfer\u00eancia de trabalho para com a causa anal\u00edtica \u00e9 Jornada da EBP-MG, evento que a insere de modo marcante na cidade de Belo Horizonte, pois agrega o encontro vivo da comunidade anal\u00edtica que permeia a vasta geografia de Minas Gerais e de outros estados brasileiros. Em cada uma as Jornadas da EBP-MG, s\u00e3o abordados e investigados temas conectados \u00e0 atualidade do sintoma em nossa \u00e9poca e que interessam ao cotidiano tanto da experi\u00eancia anal\u00edtica nos consult\u00f3rios de psican\u00e1lise quanto do campo das pr\u00e1ticas e pol\u00edticas p\u00fablicas dirigidas \u00e0 sa\u00fade mental, \u00e0 inf\u00e2ncia, \u00e0 diversidade sexual, \u00e0s universidades, ao sistema jur\u00eddico, etc.<\/p>\n<p>A difus\u00e3o das atividades programadas pela EBP-MG \u00e9 feita atrav\u00e9s do aplicativo \u201cEBP-MG na palma da m\u00e3o\u201d, de sua <a href=\"https:\/\/ebp.org.br\/mg\/\">p\u00e1gina <em>web<\/em><\/a> e em \u201cO Seman\u00e1rio\u201d, difundido no Facebook, no Instagram, assim como na lista eletr\u00f4nica EBP-VEREDAS,<\/p>\n<p>O trabalho da EBP-MG, por se integrar \u00e0 orienta\u00e7\u00e3o lacaniana do Campo Freudiano, articula-se tamb\u00e9m aos Encontros Brasileiros do Campo Freudiano, aos eventos da <a href=\"https:\/\/fapol.org\/pt\/\">Federa\u00e7\u00e3o Americana de Psican\u00e1lise de Orienta\u00e7\u00e3o Lacaniana (FAPOL)<\/a> e aos Congressos da AMP, dentre outros. No \u00e2mbito mineiro, destaca-se, ainda, a parceria da EBP-MG com o <a href=\"https:\/\/www.institutopsicanalise-mg.com.br\/\">Instituto de Psican\u00e1lise e Sa\u00fade Mental de Minas Gerais (IPSM-MG)<\/a>, institui\u00e7\u00e3o com a qual essa Se\u00e7\u00e3o compartilha a sede e a dedica\u00e7\u00e3o \u00e0 psican\u00e1lise de orienta\u00e7\u00e3o lacaniana.<\/p>\n<p>A EBP-MG edita, semestralmente, a revista impressa <em>Curinga<\/em> e a revista digital <em>Derivas Anal\u00edticas<\/em>.\u00a0 Seus membros e participantes tamb\u00e9m colaboram, atrav\u00e9s de reda\u00e7\u00e3o e tradu\u00e7\u00e3o de textos, com as publica\u00e7\u00f5es da EBP em \u00e2mbito nacional: \u00a0<em>Correio Express online<\/em> e as revistas impressas <em>Correio<\/em> e <em>Op\u00e7\u00e3o Lacaniana<\/em>.<\/p>\n<p>Aberto tamb\u00e9m a todos os interessados, a EBP-MG conta ainda com um espa\u00e7o para consulta, leitura e pesquisa em livros e peri\u00f3dicos de psican\u00e1lise: a Biblioteca A\u00edlson Braz Sena.[\/vc_column_text][\/vc_column][\/vc_row]\n<\/section>","protected":false},"excerpt":{"rendered":"<p>[vc_row][vc_column][vc_column_text]A Escola Brasileira de Psican\u00e1lise \u2013 Se\u00e7\u00e3o Minas Gerais (EBP),\u00a0 considerada como Institui\u00e7\u00e3o de Utilidade P\u00fablica, comp\u00f5e, juntamente com as demais Se\u00e7\u00f5es, a\u00a0Escola Brasileira de Psican\u00e1lise (EBP), fundada em 1995, filiada \u00e0\u00a0Associa\u00e7\u00e3o Mundial de Psican\u00e1lise\u00a0(AMP) e participante da rede da Funda\u00e7\u00e3o do Campo Freudiano. A Escola tem por objetivo manter vivos o ensino e a&hellip;<\/p>\n","protected":false},"author":1,"featured_media":0,"parent":0,"menu_order":0,"comment_status":"closed","ping_status":"closed","template":"","meta":{"footnotes":""},"class_list":["post-1178","page","type-page","status-publish","hentry","entry","no-media"],"aioseo_notices":[],"_links":{"self":[{"href":"https:\/\/ebp.org.br\/mg\/wp-json\/wp\/v2\/pages\/1178","targetHints":{"allow":["GET"]}}],"collection":[{"href":"https:\/\/ebp.org.br\/mg\/wp-json\/wp\/v2\/pages"}],"about":[{"href":"https:\/\/ebp.org.br\/mg\/wp-json\/wp\/v2\/types\/page"}],"author":[{"embeddable":true,"href":"https:\/\/ebp.org.br\/mg\/wp-json\/wp\/v2\/users\/1"}],"replies":[{"embeddable":true,"href":"https:\/\/ebp.org.br\/mg\/wp-json\/wp\/v2\/comments?post=1178"}],"version-history":[{"count":1,"href":"https:\/\/ebp.org.br\/mg\/wp-json\/wp\/v2\/pages\/1178\/revisions"}],"predecessor-version":[{"id":5439,"href":"https:\/\/ebp.org.br\/mg\/wp-json\/wp\/v2\/pages\/1178\/revisions\/5439"}],"wp:attachment":[{"href":"https:\/\/ebp.org.br\/mg\/wp-json\/wp\/v2\/media?parent=1178"}],"curies":[{"name":"wp","href":"https:\/\/api.w.org\/{rel}","templated":true}]}}